{"id":3702,"date":"2023-10-26T14:31:58","date_gmt":"2023-10-26T12:31:58","guid":{"rendered":"https:\/\/nti-feuerwehrbekleidung.de\/nti-multiflex\/"},"modified":"2025-07-09T13:03:36","modified_gmt":"2025-07-09T11:03:36","slug":"nti-multiflex","status":"publish","type":"page","link":"https:\/\/nti-feuerwehrbekleidung.de\/hu\/nti-multiflex\/","title":{"rendered":"NTi Multiflex"},"content":{"rendered":"\t\t<div data-elementor-type=\"wp-page\" data-elementor-id=\"3702\" class=\"elementor elementor-3702 elementor-840\" data-elementor-post-type=\"page\">\n\t\t\t\t\t\t<section class=\"elementor-section elementor-top-section elementor-element elementor-element-f94ef3f elementor-section-full_width elementor-reverse-mobile elementor-section-height-default elementor-section-height-default\" data-id=\"f94ef3f\" data-element_type=\"section\" data-e-type=\"section\" data-settings=\"{&quot;jet_parallax_layout_list&quot;:[]}\">\n\t\t\t\t\t\t<div class=\"elementor-container elementor-column-gap-default\">\n\t\t\t\t\t<div class=\"elementor-column elementor-col-50 elementor-top-column elementor-element elementor-element-dfed8ca\" data-id=\"dfed8ca\" data-element_type=\"column\" data-e-type=\"column\">\n\t\t\t<div class=\"elementor-widget-wrap elementor-element-populated\">\n\t\t\t\t\t\t<div class=\"elementor-element elementor-element-d463072 elementor-widget elementor-widget-jet-headline\" data-id=\"d463072\" data-element_type=\"widget\" data-e-type=\"widget\" data-widget_type=\"jet-headline.default\">\n\t\t\t\t<div class=\"elementor-widget-container\">\n\t\t\t\t\t<h1 class=\"jet-headline jet-headline--direction-horizontal\"><span class=\"jet-headline__part jet-headline__first\"><span class=\"jet-headline__label\">NTi MULTIFLEX<\/span><\/span><span class=\"jet-headline__part jet-headline__second\"><span class=\"jet-headline__label\">a t\u00f6k\u00e9letes v\u00e9d\u0151ruh\u00e1zat a m\u0171szaki ment\u00e9s (THL) \u00e9s erd\u0151t\u0171z olt\u00e1si m\u0171veletekhez\n<\/span><\/span><\/h1>\t\t\t\t<\/div>\n\t\t\t\t<\/div>\n\t\t\t\t<div class=\"elementor-element elementor-element-745a63c elementor-icon-list--layout-traditional elementor-list-item-link-full_width elementor-widget elementor-widget-icon-list\" data-id=\"745a63c\" data-element_type=\"widget\" data-e-type=\"widget\" data-widget_type=\"icon-list.default\">\n\t\t\t\t<div class=\"elementor-widget-container\">\n\t\t\t\t\t\t\t<ul class=\"elementor-icon-list-items\">\n\t\t\t\t\t\t\t<li class=\"elementor-icon-list-item\">\n\t\t\t\t\t\t\t\t\t\t\t<span class=\"elementor-icon-list-icon\">\n\t\t\t\t\t\t\t<i aria-hidden=\"true\" class=\"fas fa-arrow-alt-circle-right\"><\/i>\t\t\t\t\t\t<\/span>\n\t\t\t\t\t\t\t\t\t\t<span class=\"elementor-icon-list-text\">Az EN ISO 11612 \u00e9s az EN ISO 15384 szabv\u00e1nyok szerint tan\u00fas\u00edtva<\/span>\n\t\t\t\t\t\t\t\t\t<\/li>\n\t\t\t\t\t\t\t\t<li class=\"elementor-icon-list-item\">\n\t\t\t\t\t\t\t\t\t\t\t<span class=\"elementor-icon-list-icon\">\n\t\t\t\t\t\t\t<i aria-hidden=\"true\" class=\"fas fa-arrow-alt-circle-right\"><\/i>\t\t\t\t\t\t<\/span>\n\t\t\t\t\t\t\t\t\t\t<span class=\"elementor-icon-list-text\">A csom\u00f3zott ePTFE membr\u00e1n gyors alkalmazkod\u00e1st biztos\u00edt a v\u00e1ltoz\u00f3 id\u0151j\u00e1r\u00e1si k\u00f6r\u00fclm\u00e9nyekhez \u00e9s felhaszn\u00e1l\u00e1si k\u00f6r\u00fclm\u00e9nyekhez<\/span>\n\t\t\t\t\t\t\t\t\t<\/li>\n\t\t\t\t\t\t\t\t<li class=\"elementor-icon-list-item\">\n\t\t\t\t\t\t\t\t\t\t\t<span class=\"elementor-icon-list-icon\">\n\t\t\t\t\t\t\t<i aria-hidden=\"true\" class=\"fas fa-arrow-alt-circle-right\"><\/i>\t\t\t\t\t\t<\/span>\n\t\t\t\t\t\t\t\t\t\t<span class=\"elementor-icon-list-text\">Az erd\u0151t\u0171zv\u00e9delmi szabv\u00e1nyt membr\u00e1nnal \u00e9s an\u00e9lk\u00fcl is teljes\u00edtik<\/span>\n\t\t\t\t\t\t\t\t\t<\/li>\n\t\t\t\t\t\t<\/ul>\n\t\t\t\t\t\t<\/div>\n\t\t\t\t<\/div>\n\t\t\t\t<div class=\"elementor-element elementor-element-d27f3a4 elementor-mobile-align-justify elementor-widget elementor-widget-button\" data-id=\"d27f3a4\" data-element_type=\"widget\" data-e-type=\"widget\" data-widget_type=\"button.default\">\n\t\t\t\t<div class=\"elementor-widget-container\">\n\t\t\t\t\t\t\t\t\t<div class=\"elementor-button-wrapper\">\n\t\t\t\t\t<a class=\"elementor-button elementor-button-link elementor-size-sm\" href=\"#mehr\">\n\t\t\t\t\t\t<span class=\"elementor-button-content-wrapper\">\n\t\t\t\t\t\t\t\t\t<span class=\"elementor-button-text\">Tudjon meg t\u00f6bbet<\/span>\n\t\t\t\t\t<\/span>\n\t\t\t\t\t<\/a>\n\t\t\t\t<\/div>\n\t\t\t\t\t\t\t\t<\/div>\n\t\t\t\t<\/div>\n\t\t\t\t\t<\/div>\n\t\t<\/div>\n\t\t\t\t<div class=\"elementor-column elementor-col-50 elementor-top-column elementor-element elementor-element-8356e34\" data-id=\"8356e34\" data-element_type=\"column\" data-e-type=\"column\">\n\t\t\t<div class=\"elementor-widget-wrap elementor-element-populated\">\n\t\t\t\t\t\t<div class=\"elementor-element elementor-element-fc58e59 elementor-widget elementor-widget-image\" data-id=\"fc58e59\" data-element_type=\"widget\" data-e-type=\"widget\" data-widget_type=\"image.default\">\n\t\t\t\t<div class=\"elementor-widget-container\">\n\t\t\t\t\t\t\t\t\t\t\t\t\t\t\t<img fetchpriority=\"high\" decoding=\"async\" width=\"888\" height=\"851\" src=\"https:\/\/nti-feuerwehrbekleidung.de\/wp-content\/uploads\/2023\/10\/nti-feuerwehrbekleidung-nti-modell-multiflex-heroscene.jpg\" class=\"attachment-full size-full wp-image-3703\" alt=\"\" srcset=\"https:\/\/nti-feuerwehrbekleidung.de\/wp-content\/uploads\/2023\/10\/nti-feuerwehrbekleidung-nti-modell-multiflex-heroscene.jpg 888w, https:\/\/nti-feuerwehrbekleidung.de\/wp-content\/uploads\/2023\/10\/nti-feuerwehrbekleidung-nti-modell-multiflex-heroscene-300x288.jpg 300w, https:\/\/nti-feuerwehrbekleidung.de\/wp-content\/uploads\/2023\/10\/nti-feuerwehrbekleidung-nti-modell-multiflex-heroscene-768x736.jpg 768w\" sizes=\"(max-width: 888px) 100vw, 888px\" \/>\t\t\t\t\t\t\t\t\t\t\t\t\t\t\t<\/div>\n\t\t\t\t<\/div>\n\t\t\t\t<div class=\"elementor-element elementor-element-b68ffd4 elementor-absolute elementor-hidden-desktop elementor-hidden-tablet elementor-hidden-mobile elementor-invisible elementor-widget elementor-widget-image\" data-id=\"b68ffd4\" data-element_type=\"widget\" data-e-type=\"widget\" data-settings=\"{&quot;_position&quot;:&quot;absolute&quot;,&quot;_animation&quot;:&quot;bounceInRight&quot;}\" data-widget_type=\"image.default\">\n\t\t\t\t<div class=\"elementor-widget-container\">\n\t\t\t\t\t\t\t\t\t\t\t\t\t\t\t<img decoding=\"async\" width=\"2113\" height=\"629\" src=\"https:\/\/nti-feuerwehrbekleidung.de\/wp-content\/uploads\/2023\/11\/nti-feuerwehrbekleidung-premium-lieferfaehigkeit.png\" class=\"attachment-full size-full wp-image-3670\" alt=\"\" srcset=\"https:\/\/nti-feuerwehrbekleidung.de\/wp-content\/uploads\/2023\/11\/nti-feuerwehrbekleidung-premium-lieferfaehigkeit.png 2113w, https:\/\/nti-feuerwehrbekleidung.de\/wp-content\/uploads\/2023\/11\/nti-feuerwehrbekleidung-premium-lieferfaehigkeit-300x89.png 300w, https:\/\/nti-feuerwehrbekleidung.de\/wp-content\/uploads\/2023\/11\/nti-feuerwehrbekleidung-premium-lieferfaehigkeit-1024x305.png 1024w, https:\/\/nti-feuerwehrbekleidung.de\/wp-content\/uploads\/2023\/11\/nti-feuerwehrbekleidung-premium-lieferfaehigkeit-768x229.png 768w, https:\/\/nti-feuerwehrbekleidung.de\/wp-content\/uploads\/2023\/11\/nti-feuerwehrbekleidung-premium-lieferfaehigkeit-1536x457.png 1536w, https:\/\/nti-feuerwehrbekleidung.de\/wp-content\/uploads\/2023\/11\/nti-feuerwehrbekleidung-premium-lieferfaehigkeit-2048x610.png 2048w\" sizes=\"(max-width: 2113px) 100vw, 2113px\" \/>\t\t\t\t\t\t\t\t\t\t\t\t\t\t\t<\/div>\n\t\t\t\t<\/div>\n\t\t\t\t<div class=\"elementor-element elementor-element-c3dfbfb elementor-widget__width-auto elementor-absolute e-transform elementor-hidden-mobile elementor-hidden-desktop elementor-hidden-tablet elementor-widget elementor-widget-text-editor\" data-id=\"c3dfbfb\" data-element_type=\"widget\" data-e-type=\"widget\" data-settings=\"{&quot;_position&quot;:&quot;absolute&quot;,&quot;motion_fx_motion_fx_scrolling&quot;:&quot;yes&quot;,&quot;motion_fx_scale_effect&quot;:&quot;yes&quot;,&quot;motion_fx_scale_speed&quot;:{&quot;unit&quot;:&quot;px&quot;,&quot;size&quot;:2,&quot;sizes&quot;:[]},&quot;_transform_rotateZ_effect&quot;:{&quot;unit&quot;:&quot;px&quot;,&quot;size&quot;:5,&quot;sizes&quot;:[]},&quot;_transform_rotateZ_effect_tablet&quot;:{&quot;unit&quot;:&quot;deg&quot;,&quot;size&quot;:5,&quot;sizes&quot;:[]},&quot;motion_fx_scale_direction&quot;:&quot;out-in&quot;,&quot;motion_fx_scale_range&quot;:{&quot;unit&quot;:&quot;%&quot;,&quot;size&quot;:&quot;&quot;,&quot;sizes&quot;:{&quot;start&quot;:20,&quot;end&quot;:80}},&quot;motion_fx_devices&quot;:[&quot;desktop&quot;,&quot;tablet&quot;,&quot;mobile&quot;],&quot;_transform_rotateZ_effect_mobile&quot;:{&quot;unit&quot;:&quot;deg&quot;,&quot;size&quot;:&quot;&quot;,&quot;sizes&quot;:[]}}\" data-widget_type=\"text-editor.default\">\n\t\t\t\t<div class=\"elementor-widget-container\">\n\t\t\t\t\t\t\t\t\t<p style=\"text-align: center;\">Pr\u00e9mium sz\u00e1ll\u00edt\u00e1si kapacit\u00e1s<\/p>\t\t\t\t\t\t\t\t<\/div>\n\t\t\t\t<\/div>\n\t\t\t\t\t<\/div>\n\t\t<\/div>\n\t\t\t\t\t<\/div>\n\t\t<\/section>\n\t\t\t\t<section class=\"elementor-section elementor-top-section elementor-element elementor-element-47dfe0f elementor-section-full_width elementor-reverse-mobile elementor-section-height-default elementor-section-height-default\" data-id=\"47dfe0f\" data-element_type=\"section\" data-e-type=\"section\" id=\"mehr\" data-settings=\"{&quot;jet_parallax_layout_list&quot;:[]}\">\n\t\t\t\t\t\t<div class=\"elementor-container elementor-column-gap-default\">\n\t\t\t\t\t<div class=\"elementor-column elementor-col-50 elementor-top-column elementor-element elementor-element-ab801e8\" data-id=\"ab801e8\" data-element_type=\"column\" data-e-type=\"column\">\n\t\t\t<div class=\"elementor-widget-wrap elementor-element-populated\">\n\t\t\t\t\t\t<div class=\"elementor-element elementor-element-d7574b3 elementor-widget elementor-widget-image\" data-id=\"d7574b3\" data-element_type=\"widget\" data-e-type=\"widget\" data-widget_type=\"image.default\">\n\t\t\t\t<div class=\"elementor-widget-container\">\n\t\t\t\t\t\t\t\t\t\t\t\t\t\t\t<img decoding=\"async\" width=\"1280\" height=\"2194\" src=\"https:\/\/nti-feuerwehrbekleidung.de\/wp-content\/uploads\/2023\/10\/nti-feuerwehrbekleidung-nti-modell-multiflex-gold-schwarzblau.png\" class=\"attachment-full size-full wp-image-3704\" alt=\"\" srcset=\"https:\/\/nti-feuerwehrbekleidung.de\/wp-content\/uploads\/2023\/10\/nti-feuerwehrbekleidung-nti-modell-multiflex-gold-schwarzblau.png 1280w, https:\/\/nti-feuerwehrbekleidung.de\/wp-content\/uploads\/2023\/10\/nti-feuerwehrbekleidung-nti-modell-multiflex-gold-schwarzblau-175x300.png 175w, https:\/\/nti-feuerwehrbekleidung.de\/wp-content\/uploads\/2023\/10\/nti-feuerwehrbekleidung-nti-modell-multiflex-gold-schwarzblau-597x1024.png 597w, https:\/\/nti-feuerwehrbekleidung.de\/wp-content\/uploads\/2023\/10\/nti-feuerwehrbekleidung-nti-modell-multiflex-gold-schwarzblau-768x1316.png 768w, https:\/\/nti-feuerwehrbekleidung.de\/wp-content\/uploads\/2023\/10\/nti-feuerwehrbekleidung-nti-modell-multiflex-gold-schwarzblau-896x1536.png 896w, https:\/\/nti-feuerwehrbekleidung.de\/wp-content\/uploads\/2023\/10\/nti-feuerwehrbekleidung-nti-modell-multiflex-gold-schwarzblau-1195x2048.png 1195w\" sizes=\"(max-width: 1280px) 100vw, 1280px\" \/>\t\t\t\t\t\t\t\t\t\t\t\t\t\t\t<\/div>\n\t\t\t\t<\/div>\n\t\t\t\t<div class=\"elementor-element elementor-element-d44a934 elementor-widget elementor-widget-image\" data-id=\"d44a934\" data-element_type=\"widget\" data-e-type=\"widget\" data-widget_type=\"image.default\">\n\t\t\t\t<div class=\"elementor-widget-container\">\n\t\t\t\t\t\t\t\t\t\t\t\t\t\t\t<img loading=\"lazy\" decoding=\"async\" width=\"247\" height=\"312\" src=\"https:\/\/nti-feuerwehrbekleidung.de\/wp-content\/uploads\/2023\/10\/NTI_Logo_weiss.png\" class=\"attachment-full size-full wp-image-3730\" alt=\"\" srcset=\"https:\/\/nti-feuerwehrbekleidung.de\/wp-content\/uploads\/2023\/10\/NTI_Logo_weiss.png 247w, https:\/\/nti-feuerwehrbekleidung.de\/wp-content\/uploads\/2023\/10\/NTI_Logo_weiss-238x300.png 238w\" sizes=\"(max-width: 247px) 100vw, 247px\" \/>\t\t\t\t\t\t\t\t\t\t\t\t\t\t\t<\/div>\n\t\t\t\t<\/div>\n\t\t\t\t<div class=\"elementor-element elementor-element-7fcd3bc elementor-align-center elementor-mobile-align-justify elementor-widget elementor-widget-button\" data-id=\"7fcd3bc\" data-element_type=\"widget\" data-e-type=\"widget\" data-widget_type=\"button.default\">\n\t\t\t\t<div class=\"elementor-widget-container\">\n\t\t\t\t\t\t\t\t\t<div class=\"elementor-button-wrapper\">\n\t\t\t\t\t<a class=\"elementor-button elementor-button-link elementor-size-sm\" href=\"#animationswelt\">\n\t\t\t\t\t\t<span class=\"elementor-button-content-wrapper\">\n\t\t\t\t\t\t\t\t\t<span class=\"elementor-button-text\">Tapasztalja meg az NTi Multiflexet az anim\u00e1ci\u00f3 vil\u00e1g\u00e1ban!<\/span>\n\t\t\t\t\t<\/span>\n\t\t\t\t\t<\/a>\n\t\t\t\t<\/div>\n\t\t\t\t\t\t\t\t<\/div>\n\t\t\t\t<\/div>\n\t\t\t\t\t<\/div>\n\t\t<\/div>\n\t\t\t\t<div class=\"elementor-column elementor-col-50 elementor-top-column elementor-element elementor-element-86eb5a4\" data-id=\"86eb5a4\" data-element_type=\"column\" data-e-type=\"column\">\n\t\t\t<div class=\"elementor-widget-wrap elementor-element-populated\">\n\t\t\t\t\t\t<div class=\"elementor-element elementor-element-4ae2c5f elementor-widget elementor-widget-heading\" data-id=\"4ae2c5f\" data-element_type=\"widget\" data-e-type=\"widget\" data-widget_type=\"heading.default\">\n\t\t\t\t<div class=\"elementor-widget-container\">\n\t\t\t\t\t<h2 class=\"elementor-heading-title elementor-size-default\">NTi Multiflex - a rugalmass\u00e1g<\/h2>\t\t\t\t<\/div>\n\t\t\t\t<\/div>\n\t\t\t\t<div class=\"elementor-element elementor-element-9d18a52 elementor-widget elementor-widget-text-editor\" data-id=\"9d18a52\" data-element_type=\"widget\" data-e-type=\"widget\" data-widget_type=\"text-editor.default\">\n\t\t\t\t<div class=\"elementor-widget-container\">\n\t\t\t\t\t\t\t\t\t<p>Az NTi Multiflex jelent\u0151s el\u0151rel\u00e9p\u00e9st jelent a t\u00f6bbfunkci\u00f3s t\u0171zolt\u00f3 ruh\u00e1zat fejleszt\u00e9s\u00e9ben: Az EN ISO 11612:2015 \u00e9s az EN ISO 15384:2018 szabv\u00e1nyok teljes\u00edt\u00e9s\u00e9vel alkalmas az erd\u0151t\u0171z \u00e9s a m\u0171szaki ment\u00e9si m\u0171veleteire, \u00e9s optim\u00e1lis v\u00e9delmet ny\u00fajt minden visel\u0151j\u00e9nek ezekben a helyzetekben.<br \/>Egyes\u00edti a m\u0171szaki ment\u00e9s ter\u00fclet\u00e9n alkalmazott v\u00e9d\u0151ruh\u00e1zatra jellemz\u0151 tulajdons\u00e1gokat, az erd\u0151t\u0171z-specifikus jellemz\u0151kkel: j\u00f3l l\u00e1that\u00f3s\u00e1gi mell\u00e9ny mell\u0151z\u00e9se, kop\u00e1sv\u00e9delem a t\u00e9rdeken \u00e9s a k\u00f6ny\u00f6k\u00f6n, csatlakoz\u00f3 cipz\u00e1r \u00e9s sz\u00e9less\u00e9g\u00e1ll\u00edt\u00e1s a bok\u00e1n\u00e1l \u00e9s a csukl\u00f3n\u00e1l.<br \/>A be- \u00e9s kigombolhat\u00f3 membr\u00e1n lehet\u0151v\u00e9 teszi, hogy a ruh\u00e1t n\u00e9h\u00e1ny egyszer\u0171 l\u00e9p\u00e9ssel a v\u00e1ltoz\u00f3 id\u0151j\u00e1r\u00e1si k\u00f6r\u00fclm\u00e9nyekhez \u00e9s bevet\u00e9si helyzetekhez igaz\u00edtsuk.<br \/>Ha a membr\u00e1n ki van gombolva, k\u00f6zvetlen\u00fcl a kab\u00e1t nagym\u00e9ret\u0171 h\u00e1ts\u00f3 zseb\u00e9ben t\u00e1rolhat\u00f3.<\/p>\t\t\t\t\t\t\t\t<\/div>\n\t\t\t\t<\/div>\n\t\t\t\t\t<\/div>\n\t\t<\/div>\n\t\t\t\t\t<\/div>\n\t\t<\/section>\n\t\t\t\t<section class=\"elementor-section elementor-top-section elementor-element elementor-element-10f3a22 elementor-section-full_width elementor-reverse-tablet elementor-reverse-mobile elementor-section-height-default elementor-section-height-default\" data-id=\"10f3a22\" data-element_type=\"section\" data-e-type=\"section\" data-settings=\"{&quot;jet_parallax_layout_list&quot;:[]}\">\n\t\t\t\t\t\t<div class=\"elementor-container elementor-column-gap-default\">\n\t\t\t\t\t<div class=\"elementor-column elementor-col-50 elementor-top-column elementor-element elementor-element-5607c91\" data-id=\"5607c91\" data-element_type=\"column\" data-e-type=\"column\">\n\t\t\t<div class=\"elementor-widget-wrap elementor-element-populated\">\n\t\t\t\t\t\t<div class=\"elementor-element elementor-element-ed56f2f elementor-widget elementor-widget-jet-slider\" data-id=\"ed56f2f\" data-element_type=\"widget\" data-e-type=\"widget\" data-settings=\"{&quot;slider_height&quot;:{&quot;unit&quot;:&quot;vh&quot;,&quot;size&quot;:60,&quot;sizes&quot;:[]},&quot;slider_height_tablet&quot;:{&quot;unit&quot;:&quot;px&quot;,&quot;size&quot;:500,&quot;sizes&quot;:[]},&quot;slider_height_mobile&quot;:{&quot;unit&quot;:&quot;px&quot;,&quot;size&quot;:400,&quot;sizes&quot;:[]},&quot;thumbnail_width&quot;:65,&quot;thumbnail_height&quot;:65,&quot;thumbnail_width_mobile&quot;:40,&quot;thumbnail_height_mobile&quot;:50}\" data-widget_type=\"jet-slider.default\">\n\t\t\t\t<div class=\"elementor-widget-container\">\n\t\t\t\t\t<div class=\"elementor-jet-slider jet-elements\">\n<div class=\"jet-slider jet-slider__image-contain\" data-settings='{&quot;sliderWidth&quot;:1,&quot;sliderHeight&quot;:1,&quot;sliderNavigation&quot;:true,&quot;sliderNavigationIcon&quot;:&quot;jet-slider__arrow-icon-ed56f2f&quot;,&quot;sliderNaviOnHover&quot;:false,&quot;sliderPagination&quot;:false,&quot;sliderAutoplay&quot;:true,&quot;sliderAutoplayDelay&quot;:5000,&quot;sliderAutoplayOnHover&quot;:&quot;pause&quot;,&quot;sliderFullScreen&quot;:true,&quot;sliderFullscreenIcon&quot;:&quot;jet-slider__fullscreen-icon-ed56f2f&quot;,&quot;sliderShuffle&quot;:false,&quot;sliderLoop&quot;:true,&quot;sliderFadeMode&quot;:false,&quot;slideDistance&quot;:1,&quot;slideDuration&quot;:500,&quot;imageScaleMode&quot;:&quot;contain&quot;,&quot;thumbnails&quot;:true,&quot;thumbnailWidth&quot;:65,&quot;thumbnailHeight&quot;:65,&quot;rightToLeft&quot;:false,&quot;touchswipe&quot;:true,&quot;fractionPag&quot;:false,&quot;fractionPrefix&quot;:&quot;&quot;,&quot;fractionSeparator&quot;:&quot;\\\/&quot;,&quot;fractionSuffix&quot;:&quot;&quot;,&quot;autoSliderHeight&quot;:false}'>\n\t\n<div  class=\"slider-pro\">\n\t<div class=\"jet-slider__arrow-icon-ed56f2f hidden-html\"><i aria-hidden=\"true\" class=\"fas fa-angle-left\"><\/i><\/div><div class=\"jet-slider__fullscreen-icon-ed56f2f hidden-html\"><i aria-hidden=\"true\" class=\"fas fa-search\"><\/i><\/div>\t<div class=\"jet-slider__items sp-slides\">\n\n\n<div  class=\"jet-slider__item sp-slide elementor-repeater-item-84a7ee0\"><img decoding=\"async\" class=\"sp-image\" src=\"https:\/\/nti-feuerwehrbekleidung.de\/wp-content\/uploads\/2023\/10\/nti-feuerwehrbekleidung-nti-modell-multiflex-gold-schwarzblau.png\" alt=\"nti-feuerwehrbekleidung-nti-modell-multiflex-gold-schwarzblau\"><img decoding=\"async\" class=\"sp-thumbnail\" src=\"https:\/\/nti-feuerwehrbekleidung.de\/wp-content\/uploads\/2023\/10\/nti-feuerwehrbekleidung-nti-modell-multiflex-gold-schwarzblau-150x150.png\" alt=\"nti-feuerwehrbekleidung-nti-modell-multiflex-gold-schwarzblau\" loading=\"lazy\"><div class=\"jet-slider__content sp-layer \" data-position=\"centerCenter\" data-width=\"100%\" data-height=\"100%\" data-horizontal=\"0%\" data-show-transition=\"up\" data-show-duration=\"400\" data-show-delay=\"400\" >\n\t\t<div class=\"jet-slider__content-item\">\n\t\t\t<div class=\"jet-slider__content-inner\"><p class=\"jet-slider__title\">Arany \/ fekete-k\u00e9k<\/p> \n\n\t\t\t\t\t\t<div class=\"jet-slider__button-wrapper\">\t\t\t\t\t\t<\/div><\/div>\n\t\t<\/div>\n\t\t\t<\/div>\n<\/div>\n\n<div  class=\"jet-slider__item sp-slide elementor-repeater-item-b954935\"><img decoding=\"async\" class=\"sp-image\" src=\"https:\/\/nti-feuerwehrbekleidung.de\/wp-content\/uploads\/2023\/10\/nti-feuerwehrbekleidung-nti-modell-multiflex-sand.png\" alt=\"nti-feuerwehrbekleidung-nti-modell-multiflex-sand\"><img decoding=\"async\" class=\"sp-thumbnail\" src=\"https:\/\/nti-feuerwehrbekleidung.de\/wp-content\/uploads\/2023\/10\/nti-feuerwehrbekleidung-nti-modell-multiflex-sand-150x150.png\" alt=\"nti-feuerwehrbekleidung-nti-modell-multiflex-sand\" loading=\"lazy\"><div class=\"jet-slider__content sp-layer \" data-position=\"centerCenter\" data-width=\"100%\" data-height=\"100%\" data-horizontal=\"0%\" data-show-transition=\"up\" data-show-duration=\"400\" data-show-delay=\"400\" >\n\t\t<div class=\"jet-slider__content-item\">\n\t\t\t<div class=\"jet-slider__content-inner\"><p class=\"jet-slider__title\">Arany<\/p> \n\n\t\t\t\t\t\t<div class=\"jet-slider__button-wrapper\">\t\t\t\t\t\t<\/div><\/div>\n\t\t<\/div>\n\t\t\t<\/div>\n<\/div>\n\n<div  class=\"jet-slider__item sp-slide elementor-repeater-item-7e45e4f\"><img decoding=\"async\" class=\"sp-image\" src=\"https:\/\/nti-feuerwehrbekleidung.de\/wp-content\/uploads\/2023\/10\/nti-feuerwehrbekleidung-nti-modell-multiflex-schwarzblau.png\" alt=\"nti-feuerwehrbekleidung-nti-modell-multiflex-schwarzblau\"><img decoding=\"async\" class=\"sp-thumbnail\" src=\"https:\/\/nti-feuerwehrbekleidung.de\/wp-content\/uploads\/2023\/10\/nti-feuerwehrbekleidung-nti-modell-multiflex-schwarzblau-150x150.png\" alt=\"nti-feuerwehrbekleidung-nti-modell-multiflex-schwarzblau\" loading=\"lazy\"><div class=\"jet-slider__content sp-layer \" data-position=\"centerCenter\" data-width=\"100%\" data-height=\"100%\" data-horizontal=\"0%\" data-show-transition=\"up\" data-show-duration=\"400\" data-show-delay=\"400\" >\n\t\t<div class=\"jet-slider__content-item\">\n\t\t\t<div class=\"jet-slider__content-inner\"><p class=\"jet-slider__title\">Fekete k\u00e9k<\/p> \n\n\t\t\t\t\t\t<div class=\"jet-slider__button-wrapper\">\t\t\t\t\t\t<\/div><\/div>\n\t\t<\/div>\n\t\t\t<\/div>\n<\/div>\n\n<div  class=\"jet-slider__item sp-slide elementor-repeater-item-48c640b\"><img decoding=\"async\" class=\"sp-image\" src=\"https:\/\/nti-feuerwehrbekleidung.de\/wp-content\/uploads\/2023\/10\/nti-feuerwehrbekleidung-nti-modell-multiflex-schwarzblau-gold.png\" alt=\"nti-feuerwehrbekleidung-nti-modell-multiflex-schwarzblau-gold\"><img decoding=\"async\" class=\"sp-thumbnail\" src=\"https:\/\/nti-feuerwehrbekleidung.de\/wp-content\/uploads\/2023\/10\/nti-feuerwehrbekleidung-nti-modell-multiflex-schwarzblau-gold-150x150.png\" alt=\"nti-feuerwehrbekleidung-nti-modell-multiflex-schwarzblau-gold\" loading=\"lazy\"><div class=\"jet-slider__content sp-layer \" data-position=\"centerCenter\" data-width=\"100%\" data-height=\"100%\" data-horizontal=\"0%\" data-show-transition=\"up\" data-show-duration=\"400\" data-show-delay=\"400\" >\n\t\t<div class=\"jet-slider__content-item\">\n\t\t\t<div class=\"jet-slider__content-inner\"><p class=\"jet-slider__title\">Fekete k\u00e9k \/ arany<\/p> \n\n\t\t\t\t\t\t<div class=\"jet-slider__button-wrapper\">\t\t\t\t\t\t<\/div><\/div>\n\t\t<\/div>\n\t\t\t<\/div>\n<\/div>\n\n<div  class=\"jet-slider__item sp-slide elementor-repeater-item-a7972e1\"><img decoding=\"async\" class=\"sp-image\" src=\"https:\/\/nti-feuerwehrbekleidung.de\/wp-content\/uploads\/2023\/10\/nti-feuerwehrbekleidung-nti-modell-multiflex-schwarzblau-orange.png\" alt=\"nti-feuerwehrbekleidung-nti-modell-multiflex-schwarzblau-orange\"><img decoding=\"async\" class=\"sp-thumbnail\" src=\"https:\/\/nti-feuerwehrbekleidung.de\/wp-content\/uploads\/2023\/10\/nti-feuerwehrbekleidung-nti-modell-multiflex-schwarzblau-orange-150x150.png\" alt=\"nti-feuerwehrbekleidung-nti-modell-multiflex-schwarzblau-orange\" loading=\"lazy\"><div class=\"jet-slider__content sp-layer \" data-position=\"centerCenter\" data-width=\"100%\" data-height=\"100%\" data-horizontal=\"0%\" data-show-transition=\"up\" data-show-duration=\"400\" data-show-delay=\"400\" >\n\t\t<div class=\"jet-slider__content-item\">\n\t\t\t<div class=\"jet-slider__content-inner\"><p class=\"jet-slider__title\">Fekete k\u00e9k \/ narancss\u00e1rga<\/p> \n\n\t\t\t\t\t\t<div class=\"jet-slider__button-wrapper\">\t\t\t\t\t\t<\/div><\/div>\n\t\t<\/div>\n\t\t\t<\/div>\n<\/div>\n\n<div  class=\"jet-slider__item sp-slide elementor-repeater-item-08d8fdf\"><img decoding=\"async\" class=\"sp-image\" src=\"https:\/\/nti-feuerwehrbekleidung.de\/wp-content\/uploads\/2023\/10\/nti-feuerwehrbekleidung-nti-modell-multiflex-schwarzblau-rot.png\" alt=\"nti-feuerwehrbekleidung-nti-modell-multiflex-schwarzblau-rot\"><img decoding=\"async\" class=\"sp-thumbnail\" src=\"https:\/\/nti-feuerwehrbekleidung.de\/wp-content\/uploads\/2023\/10\/nti-feuerwehrbekleidung-nti-modell-multiflex-schwarzblau-rot-150x150.png\" alt=\"nti-feuerwehrbekleidung-nti-modell-multiflex-schwarzblau-rot\" loading=\"lazy\"><div class=\"jet-slider__content sp-layer \" data-position=\"centerCenter\" data-width=\"100%\" data-height=\"100%\" data-horizontal=\"0%\" data-show-transition=\"up\" data-show-duration=\"400\" data-show-delay=\"400\" >\n\t\t<div class=\"jet-slider__content-item\">\n\t\t\t<div class=\"jet-slider__content-inner\"><p class=\"jet-slider__title\">Fekete k\u00e9k \/ piros<\/p> \n\n\t\t\t\t\t\t<div class=\"jet-slider__button-wrapper\">\t\t\t\t\t\t<\/div><\/div>\n\t\t<\/div>\n\t\t\t<\/div>\n<\/div>\n\n<div  class=\"jet-slider__item sp-slide elementor-repeater-item-9ce4394\"><img decoding=\"async\" class=\"sp-image\" src=\"https:\/\/nti-feuerwehrbekleidung.de\/wp-content\/uploads\/2024\/04\/NTI-Multiflex_112-500-112-540-Hi-Vis-blau.png\" alt=\"NTI-Multiflex_112-500 + 112-540 Hi-Vis blau\"><img decoding=\"async\" class=\"sp-thumbnail\" src=\"https:\/\/nti-feuerwehrbekleidung.de\/wp-content\/uploads\/2024\/04\/NTI-Multiflex_112-500-112-540-Hi-Vis-blau-150x150.png\" alt=\"NTI-Multiflex_112-500 + 112-540 Hi-Vis blau\" loading=\"lazy\"><div class=\"jet-slider__content sp-layer \" data-position=\"centerCenter\" data-width=\"100%\" data-height=\"100%\" data-horizontal=\"0%\" data-show-transition=\"up\" data-show-duration=\"400\" data-show-delay=\"400\" >\n\t\t<div class=\"jet-slider__content-item\">\n\t\t\t<div class=\"jet-slider__content-inner\"><p class=\"jet-slider__title\">Fekete k\u00e9k \/ fluoreszk\u00e1l\u00f3 s\u00e1rga<\/p> \n\n\t\t\t\t\t\t<div class=\"jet-slider__button-wrapper\">\t\t\t\t\t\t<\/div><\/div>\n\t\t<\/div>\n\t\t\t<\/div>\n<\/div>\n\n<div  class=\"jet-slider__item sp-slide elementor-repeater-item-4979ebe\"><img decoding=\"async\" class=\"sp-image\" src=\"https:\/\/nti-feuerwehrbekleidung.de\/wp-content\/uploads\/2024\/04\/NTI-Multiflex_112-500-112-540-Hi-Vis-sand.png\" alt=\"NTI-Multiflex_112-500 + 112-540 Hi-Vis sand\"><img decoding=\"async\" class=\"sp-thumbnail\" src=\"https:\/\/nti-feuerwehrbekleidung.de\/wp-content\/uploads\/2024\/04\/NTI-Multiflex_112-500-112-540-Hi-Vis-sand-150x150.png\" alt=\"NTI-Multiflex_112-500 + 112-540 Hi-Vis sand\" loading=\"lazy\"><div class=\"jet-slider__content sp-layer \" data-position=\"centerCenter\" data-width=\"100%\" data-height=\"100%\" data-horizontal=\"0%\" data-show-transition=\"up\" data-show-duration=\"400\" data-show-delay=\"400\" >\n\t\t<div class=\"jet-slider__content-item\">\n\t\t\t<div class=\"jet-slider__content-inner\"><p class=\"jet-slider__title\">Arany \/ fluoreszk\u00e1l\u00f3 s\u00e1rga<\/p> \n\n\t\t\t\t\t\t<div class=\"jet-slider__button-wrapper\">\t\t\t\t\t\t<\/div><\/div>\n\t\t<\/div>\n\t\t\t<\/div>\n<\/div>\n\n<\/div>\n<\/div>\n<\/div>\n<\/div>\t\t\t\t<\/div>\n\t\t\t\t<\/div>\n\t\t\t\t\t<\/div>\n\t\t<\/div>\n\t\t\t\t<div class=\"elementor-column elementor-col-50 elementor-top-column elementor-element elementor-element-05f25e4\" data-id=\"05f25e4\" data-element_type=\"column\" data-e-type=\"column\">\n\t\t\t<div class=\"elementor-widget-wrap elementor-element-populated\">\n\t\t\t\t\t\t<div class=\"elementor-element elementor-element-05b3e11 elementor-widget elementor-widget-jet-headline\" data-id=\"05b3e11\" data-element_type=\"widget\" data-e-type=\"widget\" data-widget_type=\"jet-headline.default\">\n\t\t\t\t<div class=\"elementor-widget-container\">\n\t\t\t\t\t<h2 class=\"jet-headline jet-headline--direction-horizontal\"><span class=\"jet-headline__part jet-headline__first\"><span class=\"jet-headline__label\">NTi Multiflex - Term\u00e9kv\u00e1ltozatok<\/span><\/span><\/h2>\t\t\t\t<\/div>\n\t\t\t\t<\/div>\n\t\t\t\t<div class=\"elementor-element elementor-element-642043c elementor-widget elementor-widget-text-editor\" data-id=\"642043c\" data-element_type=\"widget\" data-e-type=\"widget\" data-widget_type=\"text-editor.default\">\n\t\t\t\t<div class=\"elementor-widget-container\">\n\t\t\t\t\t\t\t\t\t<p>Az NTi Multiflex univerz\u00e1lis megold\u00e1s az erd\u0151t\u00fczek elleni k\u00fczdelemhez, technikai seg\u00edts\u00e9gny\u00fajt\u00e1shoz \u00e9s minden olyan helyzethez, amikor nincs belt\u00e9ri t\u0171zolt\u00e1s.<br \/>A t\u0171zolt\u00f3s\u00e1gok \u00edgy optim\u00e1lisan felk\u00e9sz\u00fcltek lehetnek b\u00e1rmilyen k\u00fclt\u00e9ri bevet\u00e9sre.<\/p>\t\t\t\t\t\t\t\t<\/div>\n\t\t\t\t<\/div>\n\t\t\t\t<div class=\"elementor-element elementor-element-6b000f9 elementor-widget elementor-widget-toggle\" data-id=\"6b000f9\" data-element_type=\"widget\" data-e-type=\"widget\" data-widget_type=\"toggle.default\">\n\t\t\t\t<div class=\"elementor-widget-container\">\n\t\t\t\t\t\t\t<div class=\"elementor-toggle\">\n\t\t\t\t\t\t\t<div class=\"elementor-toggle-item\">\n\t\t\t\t\t<div id=\"elementor-tab-title-1121\" class=\"elementor-tab-title\" data-tab=\"1\" role=\"button\" aria-controls=\"elementor-tab-content-1121\" aria-expanded=\"false\">\n\t\t\t\t\t\t\t\t\t\t\t\t<span class=\"elementor-toggle-icon elementor-toggle-icon-right\" aria-hidden=\"true\">\n\t\t\t\t\t\t\t\t\t\t\t\t\t\t\t<span class=\"elementor-toggle-icon-closed\"><i class=\"fas fa-chevron-down\"><\/i><\/span>\n\t\t\t\t\t\t\t\t<span class=\"elementor-toggle-icon-opened\"><i class=\"elementor-toggle-icon-opened fas fa-chevron-up\"><\/i><\/span>\n\t\t\t\t\t\t\t\t\t\t\t\t\t<\/span>\n\t\t\t\t\t\t\t\t\t\t\t\t<a class=\"elementor-toggle-title\" tabindex=\"0\">Kaphat\u00f3 sz\u00ednek<\/a>\n\t\t\t\t\t<\/div>\n\n\t\t\t\t\t<div id=\"elementor-tab-content-1121\" class=\"elementor-tab-content elementor-clearfix\" data-tab=\"1\" role=\"region\" aria-labelledby=\"elementor-tab-title-1121\"><p>Fekete k\u00e9k<\/p><p>Arany<\/p><p>Arany\/fekete k\u00e9k<\/p><p>Fekete k\u00e9k \/ arany<\/p><p>Fekete k\u00e9k \/ piros<\/p><p>Fekete k\u00e9k \/ narancss\u00e1rga<\/p><p>Fekete k\u00e9k \/ fluoreszk\u00e1l\u00f3 s\u00e1rga<\/p><p>Arany \/ fluoreszk\u00e1l\u00f3 s\u00e1rga<\/p><\/div>\n\t\t\t\t<\/div>\n\t\t\t\t\t\t\t<div class=\"elementor-toggle-item\">\n\t\t\t\t\t<div id=\"elementor-tab-title-1122\" class=\"elementor-tab-title\" data-tab=\"2\" role=\"button\" aria-controls=\"elementor-tab-content-1122\" aria-expanded=\"false\">\n\t\t\t\t\t\t\t\t\t\t\t\t<span class=\"elementor-toggle-icon elementor-toggle-icon-right\" aria-hidden=\"true\">\n\t\t\t\t\t\t\t\t\t\t\t\t\t\t\t<span class=\"elementor-toggle-icon-closed\"><i class=\"fas fa-chevron-down\"><\/i><\/span>\n\t\t\t\t\t\t\t\t<span class=\"elementor-toggle-icon-opened\"><i class=\"elementor-toggle-icon-opened fas fa-chevron-up\"><\/i><\/span>\n\t\t\t\t\t\t\t\t\t\t\t\t\t<\/span>\n\t\t\t\t\t\t\t\t\t\t\t\t<a class=\"elementor-toggle-title\" tabindex=\"0\">K\u00fcls\u0151 sz\u00f6vet \/ k\u00fcls\u0151 r\u00e9teg<\/a>\n\t\t\t\t\t<\/div>\n\n\t\t\t\t\t<div id=\"elementor-tab-content-1122\" class=\"elementor-tab-content elementor-clearfix\" data-tab=\"2\" role=\"region\" aria-labelledby=\"elementor-tab-title-1122\"><p><strong><em>K\u00fcls\u0151 anyag 1: <\/em><\/strong>Nomex Outershell Tough (75% meta-aramid (Nomex\u00ae)\/23% para-aramid (Kevlar\u00ae)\/2% antisztatikus) a fekete-k\u00e9k, arany \u00e9s narancss\u00e1rga sz\u00ednekhez.<\/p><p><strong><em>K\u00fcls\u0151 sz\u00f6vet 2: <\/em><\/strong>Nomex Comfort (92% meta-aramid (Nomex\u00ae)\/5% para-aramid (Kevlar\u00ae)\/2% antisztatikus) piros sz\u00ednben.<\/p><\/div>\n\t\t\t\t<\/div>\n\t\t\t\t\t\t\t<div class=\"elementor-toggle-item\">\n\t\t\t\t\t<div id=\"elementor-tab-title-1123\" class=\"elementor-tab-title\" data-tab=\"3\" role=\"button\" aria-controls=\"elementor-tab-content-1123\" aria-expanded=\"false\">\n\t\t\t\t\t\t\t\t\t\t\t\t<span class=\"elementor-toggle-icon elementor-toggle-icon-right\" aria-hidden=\"true\">\n\t\t\t\t\t\t\t\t\t\t\t\t\t\t\t<span class=\"elementor-toggle-icon-closed\"><i class=\"fas fa-chevron-down\"><\/i><\/span>\n\t\t\t\t\t\t\t\t<span class=\"elementor-toggle-icon-opened\"><i class=\"elementor-toggle-icon-opened fas fa-chevron-up\"><\/i><\/span>\n\t\t\t\t\t\t\t\t\t\t\t\t\t<\/span>\n\t\t\t\t\t\t\t\t\t\t\t\t<a class=\"elementor-toggle-title\" tabindex=\"0\">Bels\u0151 membr\u00e1n<\/a>\n\t\t\t\t\t<\/div>\n\n\t\t\t\t\t<div id=\"elementor-tab-content-1123\" class=\"elementor-tab-content elementor-clearfix\" data-tab=\"3\" role=\"region\" aria-labelledby=\"elementor-tab-title-1123\"><p><strong><em>Nedvess\u00e9gg\u00e1tl\u00f3: <\/em><\/strong>PTFE membr\u00e1n lamin\u00e1lt aramid\/viszk\u00f3z b\u00e9l\u00e9ssel<br \/><strong><em>Bels\u0151 b\u00e9l\u00e9s:<\/em><\/strong> 50% aramid \/ 50% viszk\u00f3z<\/p><\/div>\n\t\t\t\t<\/div>\n\t\t\t\t\t\t\t<div class=\"elementor-toggle-item\">\n\t\t\t\t\t<div id=\"elementor-tab-title-1124\" class=\"elementor-tab-title\" data-tab=\"4\" role=\"button\" aria-controls=\"elementor-tab-content-1124\" aria-expanded=\"false\">\n\t\t\t\t\t\t\t\t\t\t\t\t<span class=\"elementor-toggle-icon elementor-toggle-icon-right\" aria-hidden=\"true\">\n\t\t\t\t\t\t\t\t\t\t\t\t\t\t\t<span class=\"elementor-toggle-icon-closed\"><i class=\"fas fa-chevron-down\"><\/i><\/span>\n\t\t\t\t\t\t\t\t<span class=\"elementor-toggle-icon-opened\"><i class=\"elementor-toggle-icon-opened fas fa-chevron-up\"><\/i><\/span>\n\t\t\t\t\t\t\t\t\t\t\t\t\t<\/span>\n\t\t\t\t\t\t\t\t\t\t\t\t<a class=\"elementor-toggle-title\" tabindex=\"0\">Teljes\u00edtett szabv\u00e1nyok<\/a>\n\t\t\t\t\t<\/div>\n\n\t\t\t\t\t<div id=\"elementor-tab-content-1124\" class=\"elementor-tab-content elementor-clearfix\" data-tab=\"4\" role=\"region\" aria-labelledby=\"elementor-tab-title-1124\"><ul><li>EN ISO 11612:2015 \u2013 H\u0151nek kitett munkav\u00e9gz\u00e9shez haszn\u00e1lt egy\u00e9ni v\u00e9d\u0151eszk\u00f6z\u00f6k<\/li><li>ISO 15384:2018 + M\u00f3d.<br \/>1:2021-09 \u2013 V\u00e9d\u0151ruh\u00e1zat szabadt\u00e9ri t\u0171zolt\u00e1shoz<\/li><li>EN 1149-5:2018 \u2013 Elektrosztatikus tulajdons\u00e1gok<\/li><li>EN ISO 14116:2015 \u2013 L\u00e1ngok elleni v\u00e9delem, anyagok, anyagkombin\u00e1ci\u00f3k \u00e9s ruh\u00e1zat korl\u00e1tozott l\u00e1ngterjed\u00e9s\u0171 anyagokkal \u00e9s ruh\u00e1zattal szemben<\/li><li>EN ISO 13688\/2013 \u2013 \u00e1ltal\u00e1nos k\u00f6vetelm\u00e9nyek<\/li><li>EN 343:2019 \u2013 Es\u0151 elleni v\u00e9delem (csak membr\u00e1nnal tan\u00fas\u00edtott)<\/li><li>EN ISO 22610 + 22612 \u2013 Cs\u00edr\u00e1k \u00e9s bakt\u00e9riumok elleni v\u00e9delem (csak membr\u00e1nnal tan\u00fas\u00edtott)<\/li><li>ISO 16604 \u2013 V\u00edrusok elleni v\u00e9delem (csak membr\u00e1nnal tan\u00fas\u00edtva)<\/li><\/ul><p>* A fekete-k\u00e9k-vil\u00e1goss\u00e1rga \u00e9s az arany-vil\u00e1goss\u00e1rga sz\u00ednkombin\u00e1ci\u00f3j\u00fa \u00f6lt\u00f6ny\u00f6k megfelelnek az EN 16689:2017 THL szabv\u00e1nynak is.<\/p><\/div>\n\t\t\t\t<\/div>\n\t\t\t\t\t\t\t<div class=\"elementor-toggle-item\">\n\t\t\t\t\t<div id=\"elementor-tab-title-1125\" class=\"elementor-tab-title\" data-tab=\"5\" role=\"button\" aria-controls=\"elementor-tab-content-1125\" aria-expanded=\"false\">\n\t\t\t\t\t\t\t\t\t\t\t\t<span class=\"elementor-toggle-icon elementor-toggle-icon-right\" aria-hidden=\"true\">\n\t\t\t\t\t\t\t\t\t\t\t\t\t\t\t<span class=\"elementor-toggle-icon-closed\"><i class=\"fas fa-chevron-down\"><\/i><\/span>\n\t\t\t\t\t\t\t\t<span class=\"elementor-toggle-icon-opened\"><i class=\"elementor-toggle-icon-opened fas fa-chevron-up\"><\/i><\/span>\n\t\t\t\t\t\t\t\t\t\t\t\t\t<\/span>\n\t\t\t\t\t\t\t\t\t\t\t\t<a class=\"elementor-toggle-title\" tabindex=\"0\">Tov\u00e1bbi r\u00e9szletek a berendez\u00e9sr\u0151l<\/a>\n\t\t\t\t\t<\/div>\n\n\t\t\t\t\t<div id=\"elementor-tab-content-1125\" class=\"elementor-tab-content elementor-clearfix\" data-tab=\"5\" role=\"region\" aria-labelledby=\"elementor-tab-title-1125\"><p><strong><u>Kab\u00e1t:<\/u><\/strong><\/p><ul><li>A membr\u00e1n be- \u00e9s kigombolhat\u00f3 a k\u00fcl\u00f6nb\u00f6z\u0151 id\u0151j\u00e1r\u00e1si k\u00f6r\u00fclm\u00e9nyekhez \u00e9s k\u00fclt\u00e9ri forgat\u00f3k\u00f6nyvekhez val\u00f3 gyors alkalmazkod\u00e1s \u00e9rdek\u00e9ben.<\/li><li>Az erd\u0151t\u0171z-szabv\u00e1nyt a membr\u00e1n be- \u00e9s kigombolt \u00e1llapotban is teljes\u00edti.<\/li><li>A gall\u00e9r \u00e9s az ujjak sz\u00ednk\u00f3dol\u00e1sa biztos\u00edtja a membr\u00e1n gyors \u00e9s helyes begombol\u00e1s\u00e1t.<\/li><li>A szeg\u00e9lyen l\u00e9v\u0151 lapos nyom\u00f3gombok (Flex Fix\u00ae technol\u00f3gia az YKK\u00ae-t\u00f3l) megakad\u00e1lyozz\u00e1k a nyom\u00e1spontok kialakul\u00e1s\u00e1t, k\u00fcl\u00f6n\u00f6sen h\u00e1trad\u0151l\u00e9skor.<br \/>hajol\u00e1skor<\/li><li>A h\u00e1toldalon tal\u00e1lhat\u00f3 t\u00e1gas multifunkci\u00f3s zseb t\u00e1rol\u00e1si lehet\u0151s\u00e9get k\u00edn\u00e1l a kigombolt membr\u00e1n sz\u00e1m\u00e1ra, vagy tov\u00e1bbi t\u00e1rol\u00f3helyet biztos\u00edt m\u00e1s felszerel\u00e9sek sz\u00e1m\u00e1ra.<\/li><li>Az el\u00fcls\u0151 2-ir\u00e1ny\u00fa cipz\u00e1r tov\u00e1bb jav\u00edtja a visel\u00e9si k\u00e9nyelmet.<\/li><li>A v\u00e1llak \u00e9s k\u00f6ny\u00f6k\u00f6k kop\u00e1sv\u00e9delme v\u00e9di azokat a ter\u00fcleteket, amelyek a haszn\u00e1lat sor\u00e1n gyakran vannak kit\u00e9ve kop\u00e1snak.<\/li><li>RFID\/NFC technol\u00f3gia a mos\u00e1si ciklusok nyomon k\u00f6vet\u00e9s\u00e9re \u00e9s a szem\u00e9lyes adatok lek\u00e9rdez\u00e9s\u00e9re<\/li><li>Szegment\u00e1lt f\u00e9nyvisszaver\u0151 cs\u00edkok a nagyobb k\u00f6nnyeds\u00e9g \u00e9s mozg\u00e1sszabads\u00e1g \u00e9rdek\u00e9ben<\/li><li>Vizu\u00e1lisan vonz\u00f3 \u00e9s egyedileg konfigur\u00e1lhat\u00f3 sz\u00ednkoncepci\u00f3<\/li><li>Ergon\u00f3miailag el\u0151form\u00e1zott k\u00f6ny\u00f6kr\u00e9sz szilikon\/karbon bevonat\u00fa kevl\u00e1r anyagb\u00f3l k\u00e9sz\u00fclt<\/li><li>F\u00e9nyvisszaver\u0151 cs\u00f6vek az optim\u00e1lis testkont\u00far-felismer\u00e9s \u00e9rdek\u00e9ben<\/li><li>Optimaliz\u00e1lt k\u00e9nyelem a rugalmas der\u00e9kp\u00e1ntnak k\u00f6sz\u00f6nhet\u0151en<\/li><li>Sz\u00e9less\u00e9g\u00e1ll\u00edt\u00e1s a csukl\u00f3kn\u00e1l<\/li><li>Nagy mozg\u00e1sszabads\u00e1g az ujjak \u00e9s a v\u00e1llak ter\u00fclet\u00e9n<\/li><li>H\u00e1tul csatlakoz\u00f3 cipz\u00e1r a nadr\u00e1g r\u00f6gz\u00edt\u00e9s\u00e9hez \u00e9s r\u00f6gz\u00edt\u00e9s\u00e9hez a kab\u00e1thoz haszn\u00e1lat k\u00f6zben (v\u00e9delem a szikr\u00e1k rep\u00fcl\u00e9se ellen, amikor a membr\u00e1n ki van gombolva).<\/li><li>A karok alatt tal\u00e1lhat\u00f3 szell\u0151z\u0151 cipz\u00e1r sz\u00fcks\u00e9g eset\u00e9n gyors h\u0171t\u00e9st biztos\u00edt haszn\u00e1lat k\u00f6zben.<\/li><li>R\u00e1di\u00f3t\u00e1ska cs\u00fasz\u00e1smentes aramid fog\u00f3val<\/li><li>K\u00e9t t\u00e9p\u0151z\u00e1r p\u00e1nt a n\u00e9vt\u00e1bl\u00e1khoz<\/li><li>A k\u00fcl\u00f6nb\u00f6z\u0151 zsebek sz\u00e1mos t\u00e1rol\u00e1si lehet\u0151s\u00e9get k\u00edn\u00e1lnak<\/li><\/ul><p><strong><u>Nadr\u00e1g:<\/u><\/strong><\/p><ul><li>A membr\u00e1n be- \u00e9s kigombolhat\u00f3 a k\u00fcl\u00f6nb\u00f6z\u0151 id\u0151j\u00e1r\u00e1si k\u00f6r\u00fclm\u00e9nyekhez \u00e9s haszn\u00e1lati forgat\u00f3k\u00f6nyvekhez val\u00f3 gyors alkalmazkod\u00e1s \u00e9rdek\u00e9ben.<\/li><li>Az erd\u0151t\u0171z-szabv\u00e1nyt a membr\u00e1n be- \u00e9s kigombolt \u00e1llapotban is teljes\u00edti.<\/li><li>A nadr\u00e1g szeg\u00e9ly\u00e9n \u00e9s sz\u00e1r\u00e1n tal\u00e1lhat\u00f3 sz\u00ednk\u00f3d biztos\u00edtja a membr\u00e1n gyors \u00e9s helyes begombol\u00e1s\u00e1t.<\/li><li>RFID\/NFC technol\u00f3gia a mos\u00e1si ciklusok nyomon k\u00f6vet\u00e9s\u00e9re \u00e9s a szem\u00e9lyes adatok lek\u00e9rdez\u00e9s\u00e9re<\/li><li>Szegment\u00e1lt f\u00e9nyvisszaver\u0151 cs\u00edkok a nagyobb k\u00f6nnyeds\u00e9g \u00e9s mozg\u00e1sszabads\u00e1g \u00e9rdek\u00e9ben<\/li><li>Ergon\u00f3miailag el\u0151form\u00e1zott t\u00e9rdek<\/li><li>Kivehet\u0151 t\u00e9rdv\u00e9d\u0151k<\/li><li>Kivehet\u0151 t\u00e9rdv\u00e9d\u0151k<\/li><li>H\u00e1tul csatlakoz\u00f3 cipz\u00e1r a nadr\u00e1g r\u00f6gz\u00edt\u00e9s\u00e9hez \u00e9s r\u00f6gz\u00edt\u00e9s\u00e9hez a kab\u00e1thoz haszn\u00e1lat k\u00f6zben (v\u00e9delem a szikr\u00e1k ellen).<\/li><li>Kieg\u00e9sz\u00edt\u0151 szigetelt er\u0151s\u00edtett zseb SMARTHEAT PROTECTION technol\u00f3gi\u00e1nkkal a h\u0151m\u00e9rs\u00e9klet-\u00e9rz\u00e9keny t\u00e1rgyak (pl. mobiltelefon) optim\u00e1lis h\u0151v\u00e9delme \u00e9rdek\u00e9ben.<\/li><li>F\u00e9nyvisszaver\u0151 cs\u00f6vek az optim\u00e1lis testkont\u00far-felismer\u00e9s \u00e9rdek\u00e9ben<\/li><li>Sz\u00e9less\u00e9g\u00e1ll\u00edt\u00e1s a bok\u00e1n\u00e1l<\/li><li>T\u00e9rdmeger\u0151s\u00edt\u00e9s<\/li><li>Gombos kapocs keszty\u0171 vagy iv\u00f3palack r\u00f6gz\u00edt\u00e9s\u00e9hez<\/li><li>T\u00e9p\u0151z\u00e1ras p\u00e1ntok a merev\u00edt\u0151k r\u00f6gz\u00edt\u00e9s\u00e9hez<\/li><\/ul><\/div>\n\t\t\t\t<\/div>\n\t\t\t\t\t\t\t\t<\/div>\n\t\t\t\t\t\t<\/div>\n\t\t\t\t<\/div>\n\t\t\t\t<div class=\"elementor-element elementor-element-5c43a26 elementor-mobile-align-justify elementor-widget elementor-widget-button\" data-id=\"5c43a26\" data-element_type=\"widget\" data-e-type=\"widget\" data-widget_type=\"button.default\">\n\t\t\t\t<div class=\"elementor-widget-container\">\n\t\t\t\t\t\t\t\t\t<div class=\"elementor-button-wrapper\">\n\t\t\t\t\t<a class=\"elementor-button elementor-button-link elementor-size-sm\" href=\"https:\/\/nti-feuerwehrbekleidung.de\/hu\/kapcsolatfelvetel\/\">\n\t\t\t\t\t\t<span class=\"elementor-button-content-wrapper\">\n\t\t\t\t\t\t\t\t\t<span class=\"elementor-button-text\">\u00c9rdekl\u0151dj\u00f6n most<\/span>\n\t\t\t\t\t<\/span>\n\t\t\t\t\t<\/a>\n\t\t\t\t<\/div>\n\t\t\t\t\t\t\t\t<\/div>\n\t\t\t\t<\/div>\n\t\t\t\t\t<\/div>\n\t\t<\/div>\n\t\t\t\t\t<\/div>\n\t\t<\/section>\n\t\t\t\t<section class=\"elementor-section elementor-top-section elementor-element elementor-element-5c6cce7 elementor-section-full_width elementor-section-height-default elementor-section-height-default\" data-id=\"5c6cce7\" data-element_type=\"section\" data-e-type=\"section\" id=\"animationswelt\" data-settings=\"{&quot;jet_parallax_layout_list&quot;:[]}\">\n\t\t\t\t\t\t<div class=\"elementor-container elementor-column-gap-default\">\n\t\t\t\t\t<div class=\"elementor-column elementor-col-100 elementor-top-column elementor-element elementor-element-9eb678f\" data-id=\"9eb678f\" data-element_type=\"column\" data-e-type=\"column\">\n\t\t\t<div class=\"elementor-widget-wrap elementor-element-populated\">\n\t\t\t\t\t\t<div class=\"elementor-element elementor-element-4bbed96 elementor-widget elementor-widget-html\" data-id=\"4bbed96\" data-element_type=\"widget\" data-e-type=\"widget\" data-widget_type=\"html.default\">\n\t\t\t\t<div class=\"elementor-widget-container\">\n\t\t\t\t\t<iframe src=\"https:\/\/www.novotex-isomat.de\/animation\/?background=dark&amp;produkt=ntimultiflex\"><\/iframe>\t\t\t\t<\/div>\n\t\t\t\t<\/div>\n\t\t\t\t\t<\/div>\n\t\t<\/div>\n\t\t\t\t\t<\/div>\n\t\t<\/section>\n\t\t\t\t<section class=\"elementor-section elementor-top-section elementor-element elementor-element-67e7501 elementor-section-full_width elementor-section-height-default elementor-section-height-default\" data-id=\"67e7501\" data-element_type=\"section\" data-e-type=\"section\" data-settings=\"{&quot;jet_parallax_layout_list&quot;:[]}\">\n\t\t\t\t\t\t<div class=\"elementor-container elementor-column-gap-default\">\n\t\t\t\t\t<div class=\"elementor-column elementor-col-50 elementor-top-column elementor-element elementor-element-4bc338f\" data-id=\"4bc338f\" data-element_type=\"column\" data-e-type=\"column\">\n\t\t\t<div class=\"elementor-widget-wrap elementor-element-populated\">\n\t\t\t\t\t\t<div class=\"elementor-element elementor-element-ca70aca elementor-widget elementor-widget-heading\" data-id=\"ca70aca\" data-element_type=\"widget\" data-e-type=\"widget\" data-widget_type=\"heading.default\">\n\t\t\t\t<div class=\"elementor-widget-container\">\n\t\t\t\t\t<h2 class=\"elementor-heading-title elementor-size-default\">NTi Multiflex - a legrugalmasabb v\u00e9d\u0151ruh\u00e1zat<\/h2>\t\t\t\t<\/div>\n\t\t\t\t<\/div>\n\t\t\t\t<div class=\"elementor-element elementor-element-d8f5010 elementor-widget elementor-widget-text-editor\" data-id=\"d8f5010\" data-element_type=\"widget\" data-e-type=\"widget\" data-widget_type=\"text-editor.default\">\n\t\t\t\t<div class=\"elementor-widget-container\">\n\t\t\t\t\t\t\t\t\t<p>A tapasztalt t\u0171zolt\u00f3k tudj\u00e1k ezt: Minden m\u0171velet egyedi.<br \/>Ny\u00e1ri h\u0151s\u00e9g vagy es\u0151s id\u0151j\u00e1r\u00e1s, erd\u0151t\u0171z vagy m\u0171szaki ment\u00e9s, olt\u00e1si munk\u00e1latok vagy ment\u00e9si m\u0171veletek a forgalomban &#8211; mindegyik helyzet m\u00e1s-m\u00e1s k\u00f6vetelm\u00e9nyeket t\u00e1maszt a v\u00e9d\u0151ruh\u00e1zatra.<br \/>\u00c9ppen ez\u00e9rt az a legjobb t\u0171zolt\u00f3ruha, amely minden helyzetben magas szint\u0171 v\u00e9delmet \u00e9s rugalmas t\u00e1mogat\u00e1st ny\u00fajt visel\u0151j\u00e9nek.<\/p><p>\u00c9s csak az NTi Multiflex ennyire rugalmas: mik\u00f6zben a membr\u00e1n kigombolt \u00e1llapotban is megfelel a t\u0171zolt\u00f3 ruh\u00e1zatra vonatkoz\u00f3 erd\u0151t\u0171zv\u00e9delmi szabv\u00e1nynak (ISO 15384:2018), az uralkod\u00f3 k\u00fcls\u0151 h\u0151m\u00e9rs\u00e9klethez is igaz\u00edthat\u00f3, sz\u00e1mos t\u00e1rol\u00e1si lehet\u0151s\u00e9get k\u00edn\u00e1l, \u00e9s ergonomikus kialak\u00edt\u00e1s\u00e1nak k\u00f6sz\u00f6nhet\u0151en rendk\u00edv\u00fcl k\u00e9nyelmes viselet.<br \/>Az olyan kieg\u00e9sz\u00edt\u0151 funkci\u00f3k, mint a szell\u0151z\u0151 cipz\u00e1rak, az \u00e1ll\u00edthat\u00f3 karp\u00e1ntok \u00e9s a rugalmas der\u00e9kp\u00e1nt lehet\u0151v\u00e9 teszik, hogy a v\u00e9d\u0151ruha a visel\u0151 testalkat\u00e1hoz igazodjon.<\/p><p>A t\u0171zolt\u00f3s\u00e1goknak minden elk\u00e9pzelhet\u0151 v\u00e9szhelyzetre optim\u00e1lisan fel kell k\u00e9sz\u00fclni\u00fck.<br \/>Ehhez az is hozz\u00e1tartozik, hogy egy NTi Multiflex is legyen a szekr\u00e9nyben!<\/p>\t\t\t\t\t\t\t\t<\/div>\n\t\t\t\t<\/div>\n\t\t\t\t<div class=\"elementor-element elementor-element-b316fb1 elementor-mobile-align-justify elementor-widget elementor-widget-button\" data-id=\"b316fb1\" data-element_type=\"widget\" data-e-type=\"widget\" data-widget_type=\"button.default\">\n\t\t\t\t<div class=\"elementor-widget-container\">\n\t\t\t\t\t\t\t\t\t<div class=\"elementor-button-wrapper\">\n\t\t\t\t\t<a class=\"elementor-button elementor-button-link elementor-size-sm\" href=\"https:\/\/nti-feuerwehrbekleidung.de\/hu\/kapcsolatfelvetel\/\">\n\t\t\t\t\t\t<span class=\"elementor-button-content-wrapper\">\n\t\t\t\t\t\t\t\t\t<span class=\"elementor-button-text\">\u00c9rdekl\u0151dj\u00f6n most<\/span>\n\t\t\t\t\t<\/span>\n\t\t\t\t\t<\/a>\n\t\t\t\t<\/div>\n\t\t\t\t\t\t\t\t<\/div>\n\t\t\t\t<\/div>\n\t\t\t\t\t<\/div>\n\t\t<\/div>\n\t\t\t\t<div class=\"elementor-column elementor-col-50 elementor-top-column elementor-element elementor-element-291a04a\" data-id=\"291a04a\" data-element_type=\"column\" data-e-type=\"column\">\n\t\t\t<div class=\"elementor-widget-wrap elementor-element-populated\">\n\t\t\t\t\t\t<div class=\"elementor-element elementor-element-a0eefdb elementor-widget elementor-widget-video\" data-id=\"a0eefdb\" data-element_type=\"widget\" data-e-type=\"widget\" data-settings=\"{&quot;youtube_url&quot;:&quot;https:\\\/\\\/www.youtube.com\\\/watch?v=YdIJgB7c_z8&quot;,&quot;video_type&quot;:&quot;youtube&quot;,&quot;controls&quot;:&quot;yes&quot;}\" data-widget_type=\"video.default\">\n\t\t\t\t<div class=\"elementor-widget-container\">\n\t\t\t\t\t\t\t<div class=\"elementor-wrapper elementor-open-inline\">\n\t\t\t<div class=\"elementor-video\"><\/div>\t\t<\/div>\n\t\t\t\t\t\t<\/div>\n\t\t\t\t<\/div>\n\t\t\t\t\t<\/div>\n\t\t<\/div>\n\t\t\t\t\t<\/div>\n\t\t<\/section>\n\t\t\t\t<section class=\"elementor-section elementor-top-section elementor-element elementor-element-4a942ae elementor-section-full_width elementor-section-height-default elementor-section-height-default\" data-id=\"4a942ae\" data-element_type=\"section\" data-e-type=\"section\" data-settings=\"{&quot;jet_parallax_layout_list&quot;:[]}\">\n\t\t\t\t\t\t<div class=\"elementor-container elementor-column-gap-default\">\n\t\t\t\t\t<div class=\"elementor-column elementor-col-100 elementor-top-column elementor-element elementor-element-3aa5693\" data-id=\"3aa5693\" data-element_type=\"column\" data-e-type=\"column\">\n\t\t\t<div class=\"elementor-widget-wrap elementor-element-populated\">\n\t\t\t\t\t\t<div class=\"elementor-element elementor-element-1e0feff elementor-widget__width-initial elementor-widget elementor-widget-heading\" data-id=\"1e0feff\" data-element_type=\"widget\" data-e-type=\"widget\" data-widget_type=\"heading.default\">\n\t\t\t\t<div class=\"elementor-widget-container\">\n\t\t\t\t\t<h2 class=\"elementor-heading-title elementor-size-default\">GYIK - v\u00e1laszolunk az NTi Multiflex erd\u0151t\u00fczekkel \u00e9s TH-val kapcsolatos k\u00e9rd\u00e9seire:<\/h2>\t\t\t\t<\/div>\n\t\t\t\t<\/div>\n\t\t\t\t<div class=\"elementor-element elementor-element-121809f elementor-widget elementor-widget-toggle\" data-id=\"121809f\" data-element_type=\"widget\" data-e-type=\"widget\" data-widget_type=\"toggle.default\">\n\t\t\t\t<div class=\"elementor-widget-container\">\n\t\t\t\t\t\t\t<div class=\"elementor-toggle\">\n\t\t\t\t\t\t\t<div class=\"elementor-toggle-item\">\n\t\t\t\t\t<div id=\"elementor-tab-title-1891\" class=\"elementor-tab-title\" data-tab=\"1\" role=\"button\" aria-controls=\"elementor-tab-content-1891\" aria-expanded=\"false\">\n\t\t\t\t\t\t\t\t\t\t\t\t<span class=\"elementor-toggle-icon elementor-toggle-icon-right\" aria-hidden=\"true\">\n\t\t\t\t\t\t\t\t\t\t\t\t\t\t\t<span class=\"elementor-toggle-icon-closed\"><i class=\"fas fa-chevron-down\"><\/i><\/span>\n\t\t\t\t\t\t\t\t<span class=\"elementor-toggle-icon-opened\"><i class=\"elementor-toggle-icon-opened fas fa-chevron-up\"><\/i><\/span>\n\t\t\t\t\t\t\t\t\t\t\t\t\t<\/span>\n\t\t\t\t\t\t\t\t\t\t\t\t<a class=\"elementor-toggle-title\" tabindex=\"0\">Mit\u0151l k\u00fcl\u00f6nleges az NTi Multiflex?<\/a>\n\t\t\t\t\t<\/div>\n\n\t\t\t\t\t<div id=\"elementor-tab-content-1891\" class=\"elementor-tab-content elementor-clearfix\" data-tab=\"1\" role=\"region\" aria-labelledby=\"elementor-tab-title-1891\"><p>\u00a0<\/p><p>Az NTi Multiflexet minden k\u00fclt\u00e9ri beavatkoz\u00e1sra tervezt\u00e9k, azaz gyakorlatilag minden helyzetre, kiv\u00e9ve a belt\u00e9ri t\u0171zolt\u00e1st.<br \/>Be- \u00e9s kigombolhat\u00f3 membr\u00e1nja megfelel az erd\u0151t\u00fczekre \u00e9s a m\u0171szaki seg\u00edts\u00e9gny\u00fajt\u00e1sra vonatkoz\u00f3 hat\u00e1lyos szabv\u00e1nyoknak, \u00edgy a v\u00e9d\u0151ruha bels\u0151 membr\u00e1n n\u00e9lk\u00fcl is alkalmas az erd\u0151t\u00fczek elleni k\u00fczdelemre.<br \/>Ez a tulajdons\u00e1g tov\u00e1bb n\u00f6veli a t\u0171zolt\u00f3k biztons\u00e1g\u00e1t \u00e9s munkav\u00e9delm\u00e9t.<br \/>Mivel a membr\u00e1n kigombolhat\u00f3, a v\u00e9d\u0151ruha azonnal a v\u00e1ltoz\u00f3 id\u0151j\u00e1r\u00e1si k\u00f6r\u00fclm\u00e9nyekhez vagy beavatkoz\u00e1si helyzetekhez igaz\u00edthat\u00f3.<\/p><\/div>\n\t\t\t\t<\/div>\n\t\t\t\t\t\t\t<div class=\"elementor-toggle-item\">\n\t\t\t\t\t<div id=\"elementor-tab-title-1892\" class=\"elementor-tab-title\" data-tab=\"2\" role=\"button\" aria-controls=\"elementor-tab-content-1892\" aria-expanded=\"false\">\n\t\t\t\t\t\t\t\t\t\t\t\t<span class=\"elementor-toggle-icon elementor-toggle-icon-right\" aria-hidden=\"true\">\n\t\t\t\t\t\t\t\t\t\t\t\t\t\t\t<span class=\"elementor-toggle-icon-closed\"><i class=\"fas fa-chevron-down\"><\/i><\/span>\n\t\t\t\t\t\t\t\t<span class=\"elementor-toggle-icon-opened\"><i class=\"elementor-toggle-icon-opened fas fa-chevron-up\"><\/i><\/span>\n\t\t\t\t\t\t\t\t\t\t\t\t\t<\/span>\n\t\t\t\t\t\t\t\t\t\t\t\t<a class=\"elementor-toggle-title\" tabindex=\"0\">Hogyan rendelhetem meg az NTi Multiflexet?<\/a>\n\t\t\t\t\t<\/div>\n\n\t\t\t\t\t<div id=\"elementor-tab-content-1892\" class=\"elementor-tab-content elementor-clearfix\" data-tab=\"2\" role=\"region\" aria-labelledby=\"elementor-tab-title-1892\"><p>NTi modelljeinket kiz\u00e1r\u00f3lag a bevet\u00e9si \u00e9s v\u00e9d\u0151ruh\u00e1zatra szakosodott keresked\u0151ink forgalmazz\u00e1k.<br \/>Sz\u00edvesen felvessz\u00fck \u00d6nnel a kapcsolatot a legk\u00f6zelebbi keresked\u0151vel az aj\u00e1nlatk\u00e9r\u0151 \u0171rlapunk seg\u00edts\u00e9g\u00e9vel. <a href=\"https:\/\/nti-feuerwehrbekleidung.de\/hu\/kapcsolatfelvetel\/\">Ha b\u00e1rmilyen m\u00e1s k\u00e9rd\u00e9se van, itt is kapcsolatba l\u00e9phet vel\u00fcnk.<\/a><\/p><\/div>\n\t\t\t\t<\/div>\n\t\t\t\t\t\t\t<div class=\"elementor-toggle-item\">\n\t\t\t\t\t<div id=\"elementor-tab-title-1893\" class=\"elementor-tab-title\" data-tab=\"3\" role=\"button\" aria-controls=\"elementor-tab-content-1893\" aria-expanded=\"false\">\n\t\t\t\t\t\t\t\t\t\t\t\t<span class=\"elementor-toggle-icon elementor-toggle-icon-right\" aria-hidden=\"true\">\n\t\t\t\t\t\t\t\t\t\t\t\t\t\t\t<span class=\"elementor-toggle-icon-closed\"><i class=\"fas fa-chevron-down\"><\/i><\/span>\n\t\t\t\t\t\t\t\t<span class=\"elementor-toggle-icon-opened\"><i class=\"elementor-toggle-icon-opened fas fa-chevron-up\"><\/i><\/span>\n\t\t\t\t\t\t\t\t\t\t\t\t\t<\/span>\n\t\t\t\t\t\t\t\t\t\t\t\t<a class=\"elementor-toggle-title\" tabindex=\"0\">Milyen gyorsan sz\u00e1ll\u00edthat\u00f3k az NTi modellek?<\/a>\n\t\t\t\t\t<\/div>\n\n\t\t\t\t\t<div id=\"elementor-tab-content-1893\" class=\"elementor-tab-content elementor-clearfix\" data-tab=\"3\" role=\"region\" aria-labelledby=\"elementor-tab-title-1893\"><p>Sz\u00e1munkra a pr\u00e9mium v\u00e9d\u0151ruh\u00e1zat egyben pr\u00e9mium el\u00e9rhet\u0151s\u00e9get is jelent, azaz igyeksz\u00fcnk a lehet\u0151 legnagyobb m\u00e9rt\u00e9kben rakt\u00e1rk\u00e9szletr\u0151l sz\u00e1ll\u00edtani a szabv\u00e1nym\u00e9reteket.<br \/>A szem\u00e9lyre szabott term\u00e9kek nem tartoznak e szab\u00e1ly hat\u00e1lya al\u00e1, mivel azokat megrendel\u00e9sre kell gy\u00e1rtani.<\/p><\/div>\n\t\t\t\t<\/div>\n\t\t\t\t\t\t\t\t<\/div>\n\t\t\t\t\t\t<\/div>\n\t\t\t\t<\/div>\n\t\t\t\t<div class=\"elementor-element elementor-element-916549e elementor-absolute elementor-hidden-mobile elementor-view-default elementor-widget elementor-widget-icon\" data-id=\"916549e\" data-element_type=\"widget\" data-e-type=\"widget\" data-settings=\"{&quot;_position&quot;:&quot;absolute&quot;}\" data-widget_type=\"icon.default\">\n\t\t\t\t<div class=\"elementor-widget-container\">\n\t\t\t\t\t\t\t<div class=\"elementor-icon-wrapper\">\n\t\t\t<div class=\"elementor-icon\">\n\t\t\t<i aria-hidden=\"true\" class=\"fas fa-question\"><\/i>\t\t\t<\/div>\n\t\t<\/div>\n\t\t\t\t\t\t<\/div>\n\t\t\t\t<\/div>\n\t\t\t\t\t<\/div>\n\t\t<\/div>\n\t\t\t\t\t<\/div>\n\t\t<\/section>\n\t\t\t\t<section class=\"elementor-section elementor-top-section elementor-element elementor-element-08b13fa elementor-section-full_width elementor-section-height-default elementor-section-height-default\" data-id=\"08b13fa\" data-element_type=\"section\" data-e-type=\"section\" data-settings=\"{&quot;jet_parallax_layout_list&quot;:[]}\">\n\t\t\t\t\t\t<div class=\"elementor-container elementor-column-gap-default\">\n\t\t\t\t\t<div class=\"elementor-column elementor-col-50 elementor-top-column elementor-element elementor-element-f9cdeca\" data-id=\"f9cdeca\" data-element_type=\"column\" data-e-type=\"column\">\n\t\t\t<div class=\"elementor-widget-wrap elementor-element-populated\">\n\t\t\t\t\t\t<div class=\"elementor-element elementor-element-4a4b077 elementor-widget elementor-widget-heading\" data-id=\"4a4b077\" data-element_type=\"widget\" data-e-type=\"widget\" data-widget_type=\"heading.default\">\n\t\t\t\t<div class=\"elementor-widget-container\">\n\t\t\t\t\t<h2 class=\"elementor-heading-title elementor-size-default\">NTi a Novotex-Isomat-t\u00f3l - t\u0171zolt\u00f3 ruh\u00e1zat tapasztalattal<\/h2>\t\t\t\t<\/div>\n\t\t\t\t<\/div>\n\t\t\t\t<div class=\"elementor-element elementor-element-39a32f1 elementor-widget elementor-widget-text-editor\" data-id=\"39a32f1\" data-element_type=\"widget\" data-e-type=\"widget\" data-widget_type=\"text-editor.default\">\n\t\t\t\t<div class=\"elementor-widget-container\">\n\t\t\t\t\t\t\t\t\t<p>Az NTi a Novotex-Isomat m\u00e1rk\u00e1ja a sauerlandi Marsbergb\u0151l. Itt \u00e9vtizedek \u00f3ta kiv\u00e1l\u00f3 min\u0151s\u00e9g\u0171 v\u00e9d\u0151felszerel\u00e9seket \u00e9s egyenruh\u00e1kat gy\u00e1rtanak a t\u0171zolt\u00f3s\u00e1gok sz\u00e1m\u00e1ra. Legyen sz\u00f3 ifj\u00fas\u00e1gi t\u0171zolt\u00f3kr\u00f3l vagy tapasztalt t\u0171zolt\u00f3kr\u00f3l, f\u00e9rfiakr\u00f3l vagy n\u0151kr\u0151l &#8211; minden egyes t\u0171zolt\u00f3 biztons\u00e1ga, kompromisszumok n\u00e9lk\u00fcli anyag- \u00e9s kivitelez\u00e9si min\u0151s\u00e9g, korszer\u0171 k\u00f6rnyezetv\u00e9delmi szabv\u00e1nyok \u00e9s a legjobb \u00fcgyf\u00e9lszolg\u00e1lat ir\u00e1nt elk\u00f6telezettek vagyunk minden egyes term\u00e9k fejleszt\u00e9se \u00e9s gy\u00e1rt\u00e1sa sor\u00e1n. N\u00e1lunk mindig tal\u00e1l egy szem\u00e9lyes kapcsolattart\u00f3t minden probl\u00e9m\u00e1j\u00e1val \u00e9s k\u00e9rd\u00e9s\u00e9vel kapcsolatban. Forduljon hozz\u00e1nk bizalommal, \u00e9s besz\u00e9ljen vel\u00fcnk arr\u00f3l, hogy mit tehet\u00fcnk az \u00d6n \u00e9rdek\u00e9ben!<\/p>\t\t\t\t\t\t\t\t<\/div>\n\t\t\t\t<\/div>\n\t\t\t\t<div class=\"elementor-element elementor-element-b0cf238 elementor-mobile-align-justify elementor-widget elementor-widget-button\" data-id=\"b0cf238\" data-element_type=\"widget\" data-e-type=\"widget\" data-widget_type=\"button.default\">\n\t\t\t\t<div class=\"elementor-widget-container\">\n\t\t\t\t\t\t\t\t\t<div class=\"elementor-button-wrapper\">\n\t\t\t\t\t<a class=\"elementor-button elementor-button-link elementor-size-sm\" href=\"https:\/\/nti-feuerwehrbekleidung.de\/hu\/kapcsolatfelvetel\/\">\n\t\t\t\t\t\t<span class=\"elementor-button-content-wrapper\">\n\t\t\t\t\t\t\t\t\t<span class=\"elementor-button-text\">A kapcsolattart\u00f3hoz<\/span>\n\t\t\t\t\t<\/span>\n\t\t\t\t\t<\/a>\n\t\t\t\t<\/div>\n\t\t\t\t\t\t\t\t<\/div>\n\t\t\t\t<\/div>\n\t\t\t\t\t<\/div>\n\t\t<\/div>\n\t\t\t\t<div class=\"elementor-column elementor-col-50 elementor-top-column elementor-element elementor-element-0186c39\" data-id=\"0186c39\" data-element_type=\"column\" data-e-type=\"column\">\n\t\t\t<div class=\"elementor-widget-wrap elementor-element-populated\">\n\t\t\t\t\t\t<div class=\"elementor-element elementor-element-659ff81 elementor-widget elementor-widget-image\" data-id=\"659ff81\" data-element_type=\"widget\" data-e-type=\"widget\" data-widget_type=\"image.default\">\n\t\t\t\t<div class=\"elementor-widget-container\">\n\t\t\t\t\t\t\t\t\t\t\t\t\t\t\t<img loading=\"lazy\" decoding=\"async\" width=\"2560\" height=\"1919\" src=\"https:\/\/nti-feuerwehrbekleidung.de\/wp-content\/uploads\/2024\/09\/sabrinity_novotex27-scaled.jpg\" class=\"attachment-full size-full wp-image-3771\" alt=\"\" srcset=\"https:\/\/nti-feuerwehrbekleidung.de\/wp-content\/uploads\/2024\/09\/sabrinity_novotex27-scaled.jpg 2560w, https:\/\/nti-feuerwehrbekleidung.de\/wp-content\/uploads\/2024\/09\/sabrinity_novotex27-300x225.jpg 300w, https:\/\/nti-feuerwehrbekleidung.de\/wp-content\/uploads\/2024\/09\/sabrinity_novotex27-1024x768.jpg 1024w, https:\/\/nti-feuerwehrbekleidung.de\/wp-content\/uploads\/2024\/09\/sabrinity_novotex27-768x576.jpg 768w, https:\/\/nti-feuerwehrbekleidung.de\/wp-content\/uploads\/2024\/09\/sabrinity_novotex27-1536x1152.jpg 1536w, https:\/\/nti-feuerwehrbekleidung.de\/wp-content\/uploads\/2024\/09\/sabrinity_novotex27-2048x1535.jpg 2048w\" sizes=\"(max-width: 2560px) 100vw, 2560px\" \/>\t\t\t\t\t\t\t\t\t\t\t\t\t\t\t<\/div>\n\t\t\t\t<\/div>\n\t\t\t\t<div class=\"elementor-element elementor-element-80f075c elementor-widget elementor-widget-image\" data-id=\"80f075c\" data-element_type=\"widget\" data-e-type=\"widget\" data-widget_type=\"image.default\">\n\t\t\t\t<div class=\"elementor-widget-container\">\n\t\t\t\t\t\t\t\t\t\t\t\t\t\t\t<img loading=\"lazy\" decoding=\"async\" width=\"1280\" height=\"720\" src=\"https:\/\/nti-feuerwehrbekleidung.de\/wp-content\/uploads\/2023\/10\/nti-feuerwehrbekleidung-luftaufnahme.jpg\" class=\"attachment-full size-full wp-image-3757\" alt=\"\" srcset=\"https:\/\/nti-feuerwehrbekleidung.de\/wp-content\/uploads\/2023\/10\/nti-feuerwehrbekleidung-luftaufnahme.jpg 1280w, https:\/\/nti-feuerwehrbekleidung.de\/wp-content\/uploads\/2023\/10\/nti-feuerwehrbekleidung-luftaufnahme-300x169.jpg 300w, https:\/\/nti-feuerwehrbekleidung.de\/wp-content\/uploads\/2023\/10\/nti-feuerwehrbekleidung-luftaufnahme-1024x576.jpg 1024w, https:\/\/nti-feuerwehrbekleidung.de\/wp-content\/uploads\/2023\/10\/nti-feuerwehrbekleidung-luftaufnahme-768x432.jpg 768w\" sizes=\"(max-width: 1280px) 100vw, 1280px\" \/>\t\t\t\t\t\t\t\t\t\t\t\t\t\t\t<\/div>\n\t\t\t\t<\/div>\n\t\t\t\t<div class=\"elementor-element elementor-element-adc35a9 elementor-widget elementor-widget-image\" data-id=\"adc35a9\" data-element_type=\"widget\" data-e-type=\"widget\" data-widget_type=\"image.default\">\n\t\t\t\t<div class=\"elementor-widget-container\">\n\t\t\t\t\t\t\t\t\t\t\t\t\t\t\t<img loading=\"lazy\" decoding=\"async\" width=\"2560\" height=\"1707\" src=\"https:\/\/nti-feuerwehrbekleidung.de\/wp-content\/uploads\/2024\/09\/sabrinity_novotex10-scaled.jpg\" class=\"attachment-full size-full wp-image-3772\" alt=\"\" srcset=\"https:\/\/nti-feuerwehrbekleidung.de\/wp-content\/uploads\/2024\/09\/sabrinity_novotex10-scaled.jpg 2560w, https:\/\/nti-feuerwehrbekleidung.de\/wp-content\/uploads\/2024\/09\/sabrinity_novotex10-300x200.jpg 300w, https:\/\/nti-feuerwehrbekleidung.de\/wp-content\/uploads\/2024\/09\/sabrinity_novotex10-1024x683.jpg 1024w, https:\/\/nti-feuerwehrbekleidung.de\/wp-content\/uploads\/2024\/09\/sabrinity_novotex10-768x512.jpg 768w, https:\/\/nti-feuerwehrbekleidung.de\/wp-content\/uploads\/2024\/09\/sabrinity_novotex10-1536x1024.jpg 1536w, https:\/\/nti-feuerwehrbekleidung.de\/wp-content\/uploads\/2024\/09\/sabrinity_novotex10-2048x1365.jpg 2048w\" sizes=\"(max-width: 2560px) 100vw, 2560px\" \/>\t\t\t\t\t\t\t\t\t\t\t\t\t\t\t<\/div>\n\t\t\t\t<\/div>\n\t\t\t\t\t<\/div>\n\t\t<\/div>\n\t\t\t\t\t<\/div>\n\t\t<\/section>\n\t\t\t\t<\/div>\n\t\t","protected":false},"excerpt":{"rendered":"<p>NTi MULTIFLEXa t\u00f6k\u00e9letes v\u00e9d\u0151ruh\u00e1zat a m\u0171szaki ment\u00e9s (THL) \u00e9s erd\u0151t\u0171z olt\u00e1si m\u0171veletekhez Az EN ISO 11612 \u00e9s az EN ISO 15384 szabv\u00e1nyok szerint tan\u00fas\u00edtva A csom\u00f3zott ePTFE membr\u00e1n gyors alkalmazkod\u00e1st biztos\u00edt a v\u00e1ltoz\u00f3 id\u0151j\u00e1r\u00e1si k\u00f6r\u00fclm\u00e9nyekhez \u00e9s felhaszn\u00e1l\u00e1si k\u00f6r\u00fclm\u00e9nyekhez Az erd\u0151t\u0171zv\u00e9delmi szabv\u00e1nyt membr\u00e1nnal \u00e9s an\u00e9lk\u00fcl is teljes\u00edtik Tudjon meg t\u00f6bbet Pr\u00e9mium sz\u00e1ll\u00edt\u00e1si kapacit\u00e1s Tapasztalja meg az [&hellip;]<\/p>\n","protected":false},"author":1,"featured_media":3703,"parent":0,"menu_order":0,"comment_status":"closed","ping_status":"closed","template":"","meta":{"_jet_sm_ready_style":"","_jet_sm_style":"","_jet_sm_controls_values":"","_jet_sm_fonts_collection":"","_jet_sm_fonts_links":"","footnotes":"","_wp_rev_ctl_limit":""},"class_list":["post-3702","page","type-page","status-publish","has-post-thumbnail","hentry"],"yoast_head":"<!-- This site is optimized with the Yoast SEO plugin v27.4 - https:\/\/yoast.com\/product\/yoast-seo-wordpress\/ -->\n<title>NTI\u00ae-Multiflex - V\u00e9d\u0151ruh\u00e1zat m\u0171szaki seg\u00edts\u00e9gny\u00fajt\u00e1shoz \u00e9s erd\u0151t\u00fczekhez<\/title>\n<meta name=\"description\" content=\"Az NTi\u00ae-Multiflex egyszerre teljes\u00edti az EN ISO 11612:2015 \u00e9s az ISO 15384:2018 szabv\u00e1nyokat. Optim\u00e1lis v\u00e9delmet ny\u00fajt minden visel\u0151j\u00e9nek erd\u0151t\u0171z \u00e9s m\u0171szaki ment\u00e9si m\u0171veletek sor\u00e1n.\" \/>\n<meta name=\"robots\" content=\"index, follow, max-snippet:-1, max-image-preview:large, max-video-preview:-1\" \/>\n<link rel=\"canonical\" href=\"https:\/\/nti-feuerwehrbekleidung.de\/hu\/nti-multiflex\/\" \/>\n<meta property=\"og:locale\" content=\"hu_HU\" \/>\n<meta property=\"og:type\" content=\"article\" \/>\n<meta property=\"og:title\" content=\"NTI\u00ae-Multiflex - V\u00e9d\u0151ruh\u00e1zat m\u0171szaki seg\u00edts\u00e9gny\u00fajt\u00e1shoz \u00e9s erd\u0151t\u00fczekhez\" \/>\n<meta property=\"og:description\" content=\"Az NTi\u00ae-Multiflex egyszerre teljes\u00edti az EN ISO 11612:2015 \u00e9s az ISO 15384:2018 szabv\u00e1nyokat. Optim\u00e1lis v\u00e9delmet ny\u00fajt minden visel\u0151j\u00e9nek erd\u0151t\u0171z \u00e9s m\u0171szaki ment\u00e9si m\u0171veletek sor\u00e1n.\" \/>\n<meta property=\"og:url\" content=\"https:\/\/nti-feuerwehrbekleidung.de\/hu\/nti-multiflex\/\" \/>\n<meta property=\"og:site_name\" content=\"NTI-Feuerwehrbekleidung\" \/>\n<meta property=\"article:modified_time\" content=\"2025-07-09T11:03:36+00:00\" \/>\n<meta property=\"og:image\" content=\"https:\/\/nti-feuerwehrbekleidung.de\/wp-content\/uploads\/2023\/10\/nti-feuerwehrbekleidung-nti-modell-multiflex-heroscene.jpg\" \/>\n\t<meta property=\"og:image:width\" content=\"888\" \/>\n\t<meta property=\"og:image:height\" content=\"851\" \/>\n\t<meta property=\"og:image:type\" content=\"image\/jpeg\" \/>\n<meta name=\"twitter:card\" content=\"summary_large_image\" \/>\n<meta name=\"twitter:label1\" content=\"Becs\u00fclt olvas\u00e1si id\u0151\" \/>\n\t<meta name=\"twitter:data1\" content=\"11 perc\" \/>\n<script type=\"application\/ld+json\" class=\"yoast-schema-graph\">{\"@context\":\"https:\\\/\\\/schema.org\",\"@graph\":[{\"@type\":\"WebPage\",\"@id\":\"https:\\\/\\\/nti-feuerwehrbekleidung.de\\\/hu\\\/nti-multiflex\\\/\",\"url\":\"https:\\\/\\\/nti-feuerwehrbekleidung.de\\\/hu\\\/nti-multiflex\\\/\",\"name\":\"NTI\u00ae-Multiflex - V\u00e9d\u0151ruh\u00e1zat m\u0171szaki seg\u00edts\u00e9gny\u00fajt\u00e1shoz \u00e9s erd\u0151t\u00fczekhez\",\"isPartOf\":{\"@id\":\"https:\\\/\\\/nti-feuerwehrbekleidung.de\\\/hu\\\/#website\"},\"primaryImageOfPage\":{\"@id\":\"https:\\\/\\\/nti-feuerwehrbekleidung.de\\\/hu\\\/nti-multiflex\\\/#primaryimage\"},\"image\":{\"@id\":\"https:\\\/\\\/nti-feuerwehrbekleidung.de\\\/hu\\\/nti-multiflex\\\/#primaryimage\"},\"thumbnailUrl\":\"https:\\\/\\\/nti-feuerwehrbekleidung.de\\\/wp-content\\\/uploads\\\/2023\\\/10\\\/nti-feuerwehrbekleidung-nti-modell-multiflex-heroscene.jpg\",\"datePublished\":\"2023-10-26T12:31:58+00:00\",\"dateModified\":\"2025-07-09T11:03:36+00:00\",\"description\":\"Az NTi\u00ae-Multiflex egyszerre teljes\u00edti az EN ISO 11612:2015 \u00e9s az ISO 15384:2018 szabv\u00e1nyokat. Optim\u00e1lis v\u00e9delmet ny\u00fajt minden visel\u0151j\u00e9nek erd\u0151t\u0171z \u00e9s m\u0171szaki ment\u00e9si m\u0171veletek sor\u00e1n.\",\"breadcrumb\":{\"@id\":\"https:\\\/\\\/nti-feuerwehrbekleidung.de\\\/hu\\\/nti-multiflex\\\/#breadcrumb\"},\"inLanguage\":\"hu\",\"potentialAction\":[{\"@type\":\"ReadAction\",\"target\":[\"https:\\\/\\\/nti-feuerwehrbekleidung.de\\\/hu\\\/nti-multiflex\\\/\"]}]},{\"@type\":\"ImageObject\",\"inLanguage\":\"hu\",\"@id\":\"https:\\\/\\\/nti-feuerwehrbekleidung.de\\\/hu\\\/nti-multiflex\\\/#primaryimage\",\"url\":\"https:\\\/\\\/nti-feuerwehrbekleidung.de\\\/wp-content\\\/uploads\\\/2023\\\/10\\\/nti-feuerwehrbekleidung-nti-modell-multiflex-heroscene.jpg\",\"contentUrl\":\"https:\\\/\\\/nti-feuerwehrbekleidung.de\\\/wp-content\\\/uploads\\\/2023\\\/10\\\/nti-feuerwehrbekleidung-nti-modell-multiflex-heroscene.jpg\",\"width\":888,\"height\":851},{\"@type\":\"BreadcrumbList\",\"@id\":\"https:\\\/\\\/nti-feuerwehrbekleidung.de\\\/hu\\\/nti-multiflex\\\/#breadcrumb\",\"itemListElement\":[{\"@type\":\"ListItem\",\"position\":1,\"name\":\"Startseite\",\"item\":\"https:\\\/\\\/nti-feuerwehrbekleidung.de\\\/hu\\\/kezdolap\\\/\"},{\"@type\":\"ListItem\",\"position\":2,\"name\":\"NTi Multiflex\"}]},{\"@type\":\"WebSite\",\"@id\":\"https:\\\/\\\/nti-feuerwehrbekleidung.de\\\/hu\\\/#website\",\"url\":\"https:\\\/\\\/nti-feuerwehrbekleidung.de\\\/hu\\\/\",\"name\":\"NTI-Feuerwehrbekleidung\",\"description\":\"Die premium Feuerwehrbekleidung\",\"publisher\":{\"@id\":\"https:\\\/\\\/nti-feuerwehrbekleidung.de\\\/hu\\\/#organization\"},\"potentialAction\":[{\"@type\":\"SearchAction\",\"target\":{\"@type\":\"EntryPoint\",\"urlTemplate\":\"https:\\\/\\\/nti-feuerwehrbekleidung.de\\\/hu\\\/?s={search_term_string}\"},\"query-input\":{\"@type\":\"PropertyValueSpecification\",\"valueRequired\":true,\"valueName\":\"search_term_string\"}}],\"inLanguage\":\"hu\"},{\"@type\":\"Organization\",\"@id\":\"https:\\\/\\\/nti-feuerwehrbekleidung.de\\\/hu\\\/#organization\",\"name\":\"NTI-Feuerwehrbekleidung\",\"url\":\"https:\\\/\\\/nti-feuerwehrbekleidung.de\\\/hu\\\/\",\"logo\":{\"@type\":\"ImageObject\",\"inLanguage\":\"hu\",\"@id\":\"https:\\\/\\\/nti-feuerwehrbekleidung.de\\\/hu\\\/#\\\/schema\\\/logo\\\/image\\\/\",\"url\":\"https:\\\/\\\/nti-feuerwehrbekleidung.de\\\/wp-content\\\/uploads\\\/2023\\\/07\\\/Logo_Novotex-Isomat.png\",\"contentUrl\":\"https:\\\/\\\/nti-feuerwehrbekleidung.de\\\/wp-content\\\/uploads\\\/2023\\\/07\\\/Logo_Novotex-Isomat.png\",\"width\":885,\"height\":885,\"caption\":\"NTI-Feuerwehrbekleidung\"},\"image\":{\"@id\":\"https:\\\/\\\/nti-feuerwehrbekleidung.de\\\/hu\\\/#\\\/schema\\\/logo\\\/image\\\/\"}}]}<\/script>\n<!-- \/ Yoast SEO plugin. -->","yoast_head_json":{"title":"NTI\u00ae-Multiflex - V\u00e9d\u0151ruh\u00e1zat m\u0171szaki seg\u00edts\u00e9gny\u00fajt\u00e1shoz \u00e9s erd\u0151t\u00fczekhez","description":"Az NTi\u00ae-Multiflex egyszerre teljes\u00edti az EN ISO 11612:2015 \u00e9s az ISO 15384:2018 szabv\u00e1nyokat. Optim\u00e1lis v\u00e9delmet ny\u00fajt minden visel\u0151j\u00e9nek erd\u0151t\u0171z \u00e9s m\u0171szaki ment\u00e9si m\u0171veletek sor\u00e1n.","robots":{"index":"index","follow":"follow","max-snippet":"max-snippet:-1","max-image-preview":"max-image-preview:large","max-video-preview":"max-video-preview:-1"},"canonical":"https:\/\/nti-feuerwehrbekleidung.de\/hu\/nti-multiflex\/","og_locale":"hu_HU","og_type":"article","og_title":"NTI\u00ae-Multiflex - V\u00e9d\u0151ruh\u00e1zat m\u0171szaki seg\u00edts\u00e9gny\u00fajt\u00e1shoz \u00e9s erd\u0151t\u00fczekhez","og_description":"Az NTi\u00ae-Multiflex egyszerre teljes\u00edti az EN ISO 11612:2015 \u00e9s az ISO 15384:2018 szabv\u00e1nyokat. Optim\u00e1lis v\u00e9delmet ny\u00fajt minden visel\u0151j\u00e9nek erd\u0151t\u0171z \u00e9s m\u0171szaki ment\u00e9si m\u0171veletek sor\u00e1n.","og_url":"https:\/\/nti-feuerwehrbekleidung.de\/hu\/nti-multiflex\/","og_site_name":"NTI-Feuerwehrbekleidung","article_modified_time":"2025-07-09T11:03:36+00:00","og_image":[{"width":888,"height":851,"url":"https:\/\/nti-feuerwehrbekleidung.de\/wp-content\/uploads\/2023\/10\/nti-feuerwehrbekleidung-nti-modell-multiflex-heroscene.jpg","type":"image\/jpeg"}],"twitter_card":"summary_large_image","twitter_misc":{"Becs\u00fclt olvas\u00e1si id\u0151":"11 perc"},"schema":{"@context":"https:\/\/schema.org","@graph":[{"@type":"WebPage","@id":"https:\/\/nti-feuerwehrbekleidung.de\/hu\/nti-multiflex\/","url":"https:\/\/nti-feuerwehrbekleidung.de\/hu\/nti-multiflex\/","name":"NTI\u00ae-Multiflex - V\u00e9d\u0151ruh\u00e1zat m\u0171szaki seg\u00edts\u00e9gny\u00fajt\u00e1shoz \u00e9s erd\u0151t\u00fczekhez","isPartOf":{"@id":"https:\/\/nti-feuerwehrbekleidung.de\/hu\/#website"},"primaryImageOfPage":{"@id":"https:\/\/nti-feuerwehrbekleidung.de\/hu\/nti-multiflex\/#primaryimage"},"image":{"@id":"https:\/\/nti-feuerwehrbekleidung.de\/hu\/nti-multiflex\/#primaryimage"},"thumbnailUrl":"https:\/\/nti-feuerwehrbekleidung.de\/wp-content\/uploads\/2023\/10\/nti-feuerwehrbekleidung-nti-modell-multiflex-heroscene.jpg","datePublished":"2023-10-26T12:31:58+00:00","dateModified":"2025-07-09T11:03:36+00:00","description":"Az NTi\u00ae-Multiflex egyszerre teljes\u00edti az EN ISO 11612:2015 \u00e9s az ISO 15384:2018 szabv\u00e1nyokat. Optim\u00e1lis v\u00e9delmet ny\u00fajt minden visel\u0151j\u00e9nek erd\u0151t\u0171z \u00e9s m\u0171szaki ment\u00e9si m\u0171veletek sor\u00e1n.","breadcrumb":{"@id":"https:\/\/nti-feuerwehrbekleidung.de\/hu\/nti-multiflex\/#breadcrumb"},"inLanguage":"hu","potentialAction":[{"@type":"ReadAction","target":["https:\/\/nti-feuerwehrbekleidung.de\/hu\/nti-multiflex\/"]}]},{"@type":"ImageObject","inLanguage":"hu","@id":"https:\/\/nti-feuerwehrbekleidung.de\/hu\/nti-multiflex\/#primaryimage","url":"https:\/\/nti-feuerwehrbekleidung.de\/wp-content\/uploads\/2023\/10\/nti-feuerwehrbekleidung-nti-modell-multiflex-heroscene.jpg","contentUrl":"https:\/\/nti-feuerwehrbekleidung.de\/wp-content\/uploads\/2023\/10\/nti-feuerwehrbekleidung-nti-modell-multiflex-heroscene.jpg","width":888,"height":851},{"@type":"BreadcrumbList","@id":"https:\/\/nti-feuerwehrbekleidung.de\/hu\/nti-multiflex\/#breadcrumb","itemListElement":[{"@type":"ListItem","position":1,"name":"Startseite","item":"https:\/\/nti-feuerwehrbekleidung.de\/hu\/kezdolap\/"},{"@type":"ListItem","position":2,"name":"NTi Multiflex"}]},{"@type":"WebSite","@id":"https:\/\/nti-feuerwehrbekleidung.de\/hu\/#website","url":"https:\/\/nti-feuerwehrbekleidung.de\/hu\/","name":"NTI-Feuerwehrbekleidung","description":"Die premium Feuerwehrbekleidung","publisher":{"@id":"https:\/\/nti-feuerwehrbekleidung.de\/hu\/#organization"},"potentialAction":[{"@type":"SearchAction","target":{"@type":"EntryPoint","urlTemplate":"https:\/\/nti-feuerwehrbekleidung.de\/hu\/?s={search_term_string}"},"query-input":{"@type":"PropertyValueSpecification","valueRequired":true,"valueName":"search_term_string"}}],"inLanguage":"hu"},{"@type":"Organization","@id":"https:\/\/nti-feuerwehrbekleidung.de\/hu\/#organization","name":"NTI-Feuerwehrbekleidung","url":"https:\/\/nti-feuerwehrbekleidung.de\/hu\/","logo":{"@type":"ImageObject","inLanguage":"hu","@id":"https:\/\/nti-feuerwehrbekleidung.de\/hu\/#\/schema\/logo\/image\/","url":"https:\/\/nti-feuerwehrbekleidung.de\/wp-content\/uploads\/2023\/07\/Logo_Novotex-Isomat.png","contentUrl":"https:\/\/nti-feuerwehrbekleidung.de\/wp-content\/uploads\/2023\/07\/Logo_Novotex-Isomat.png","width":885,"height":885,"caption":"NTI-Feuerwehrbekleidung"},"image":{"@id":"https:\/\/nti-feuerwehrbekleidung.de\/hu\/#\/schema\/logo\/image\/"}}]}},"_links":{"self":[{"href":"https:\/\/nti-feuerwehrbekleidung.de\/hu\/wp-json\/wp\/v2\/pages\/3702","targetHints":{"allow":["GET"]}}],"collection":[{"href":"https:\/\/nti-feuerwehrbekleidung.de\/hu\/wp-json\/wp\/v2\/pages"}],"about":[{"href":"https:\/\/nti-feuerwehrbekleidung.de\/hu\/wp-json\/wp\/v2\/types\/page"}],"author":[{"embeddable":true,"href":"https:\/\/nti-feuerwehrbekleidung.de\/hu\/wp-json\/wp\/v2\/users\/1"}],"replies":[{"embeddable":true,"href":"https:\/\/nti-feuerwehrbekleidung.de\/hu\/wp-json\/wp\/v2\/comments?post=3702"}],"version-history":[{"count":0,"href":"https:\/\/nti-feuerwehrbekleidung.de\/hu\/wp-json\/wp\/v2\/pages\/3702\/revisions"}],"wp:featuredmedia":[{"embeddable":true,"href":"https:\/\/nti-feuerwehrbekleidung.de\/hu\/wp-json\/wp\/v2\/media\/3703"}],"wp:attachment":[{"href":"https:\/\/nti-feuerwehrbekleidung.de\/hu\/wp-json\/wp\/v2\/media?parent=3702"}],"curies":[{"name":"wp","href":"https:\/\/api.w.org\/{rel}","templated":true}]}}