{"id":3719,"date":"2023-10-25T18:28:01","date_gmt":"2023-10-25T16:28:01","guid":{"rendered":"https:\/\/nti-feuerwehrbekleidung.de\/nti-1-modell\/"},"modified":"2025-07-09T13:05:17","modified_gmt":"2025-07-09T11:05:17","slug":"nti-1-modell","status":"publish","type":"page","link":"https:\/\/nti-feuerwehrbekleidung.de\/hu\/nti-1-modell\/","title":{"rendered":"NTi Modell 1"},"content":{"rendered":"\t\t<div data-elementor-type=\"wp-page\" data-elementor-id=\"3719\" class=\"elementor elementor-3719 elementor-554\" data-elementor-post-type=\"page\">\n\t\t\t\t\t\t<section class=\"elementor-section elementor-top-section elementor-element elementor-element-f94ef3f elementor-section-full_width elementor-reverse-mobile elementor-section-height-default elementor-section-height-default\" data-id=\"f94ef3f\" data-element_type=\"section\" data-e-type=\"section\" data-settings=\"{&quot;jet_parallax_layout_list&quot;:[]}\">\n\t\t\t\t\t\t<div class=\"elementor-container elementor-column-gap-default\">\n\t\t\t\t\t<div class=\"elementor-column elementor-col-50 elementor-top-column elementor-element elementor-element-dfed8ca\" data-id=\"dfed8ca\" data-element_type=\"column\" data-e-type=\"column\">\n\t\t\t<div class=\"elementor-widget-wrap elementor-element-populated\">\n\t\t\t\t\t\t<div class=\"elementor-element elementor-element-d463072 elementor-widget-tablet__width-initial elementor-widget elementor-widget-jet-headline\" data-id=\"d463072\" data-element_type=\"widget\" data-e-type=\"widget\" data-widget_type=\"jet-headline.default\">\n\t\t\t\t<div class=\"elementor-widget-container\">\n\t\t\t\t\t<h1 class=\"jet-headline jet-headline--direction-horizontal\"><span class=\"jet-headline__part jet-headline__first\"><span class=\"jet-headline__deco jet-headline__deco-image\"><img decoding=\"async\" src=\"https:\/\/nti-feuerwehrbekleidung.de\/wp-content\/uploads\/2023\/10\/nti-feuerwehrbekleidung-innenangriff-icon.png\" alt=\"nti-feuerwehrbekleidung-innenangriff-icon\" loading=\"lazy\"><\/span><span class=\"jet-headline__label\">NTi MODELL 1<\/span><\/span><span class=\"jet-headline__part jet-headline__second\"><span class=\"jet-headline__label\">\nAz eredeti <span style=\"color:#0066AB;font-weight: bold\">belt\u00e9ri<\/span> haszn\u00e1latra\n<\/span><\/span><\/h1>\t\t\t\t<\/div>\n\t\t\t\t<\/div>\n\t\t\t\t<div class=\"elementor-element elementor-element-745a63c elementor-icon-list--layout-traditional elementor-list-item-link-full_width elementor-widget elementor-widget-icon-list\" data-id=\"745a63c\" data-element_type=\"widget\" data-e-type=\"widget\" data-widget_type=\"icon-list.default\">\n\t\t\t\t<div class=\"elementor-widget-container\">\n\t\t\t\t\t\t\t<ul class=\"elementor-icon-list-items\">\n\t\t\t\t\t\t\t<li class=\"elementor-icon-list-item\">\n\t\t\t\t\t\t\t\t\t\t\t<span class=\"elementor-icon-list-icon\">\n\t\t\t\t\t\t\t<i aria-hidden=\"true\" class=\"fas fa-arrow-alt-circle-right\"><\/i>\t\t\t\t\t\t<\/span>\n\t\t\t\t\t\t\t\t\t\t<span class=\"elementor-icon-list-text\">EN 469\/2 \u00e9s HuPF tan\u00fas\u00edtv\u00e1ny (belt\u00e9ri t\u0171zolt\u00e1sra)<\/span>\n\t\t\t\t\t\t\t\t\t<\/li>\n\t\t\t\t\t\t\t\t<li class=\"elementor-icon-list-item\">\n\t\t\t\t\t\t\t\t\t\t\t<span class=\"elementor-icon-list-icon\">\n\t\t\t\t\t\t\t<i aria-hidden=\"true\" class=\"fas fa-arrow-alt-circle-right\"><\/i>\t\t\t\t\t\t<\/span>\n\t\t\t\t\t\t\t\t\t\t<span class=\"elementor-icon-list-text\">GE ePTFE membr\u00e1n - szuper l\u00e9g\u00e1tereszt\u0151, ugyanakkor v\u00edrus- \u00e9s bakt\u00e9rium\u00e1ll\u00f3<\/span>\n\t\t\t\t\t\t\t\t\t<\/li>\n\t\t\t\t\t\t\t\t<li class=\"elementor-icon-list-item\">\n\t\t\t\t\t\t\t\t\t\t\t<span class=\"elementor-icon-list-icon\">\n\t\t\t\t\t\t\t<i aria-hidden=\"true\" class=\"fas fa-arrow-alt-circle-right\"><\/i>\t\t\t\t\t\t<\/span>\n\t\t\t\t\t\t\t\t\t\t<span class=\"elementor-icon-list-text\">Thermo-Man\u00ae tesztelt - 0% \u00e9g\u00e9si s\u00e9r\u00fcl\u00e9s m\u00e9g 40 mos\u00e1s ut\u00e1n is<\/span>\n\t\t\t\t\t\t\t\t\t<\/li>\n\t\t\t\t\t\t<\/ul>\n\t\t\t\t\t\t<\/div>\n\t\t\t\t<\/div>\n\t\t\t\t<div class=\"elementor-element elementor-element-d27f3a4 elementor-mobile-align-justify elementor-widget elementor-widget-button\" data-id=\"d27f3a4\" data-element_type=\"widget\" data-e-type=\"widget\" data-widget_type=\"button.default\">\n\t\t\t\t<div class=\"elementor-widget-container\">\n\t\t\t\t\t\t\t\t\t<div class=\"elementor-button-wrapper\">\n\t\t\t\t\t<a class=\"elementor-button elementor-button-link elementor-size-sm\" href=\"#mehr\">\n\t\t\t\t\t\t<span class=\"elementor-button-content-wrapper\">\n\t\t\t\t\t\t\t\t\t<span class=\"elementor-button-text\">Tudjon meg t\u00f6bbet<\/span>\n\t\t\t\t\t<\/span>\n\t\t\t\t\t<\/a>\n\t\t\t\t<\/div>\n\t\t\t\t\t\t\t\t<\/div>\n\t\t\t\t<\/div>\n\t\t\t\t\t<\/div>\n\t\t<\/div>\n\t\t\t\t<div class=\"elementor-column elementor-col-50 elementor-top-column elementor-element elementor-element-8356e34\" data-id=\"8356e34\" data-element_type=\"column\" data-e-type=\"column\">\n\t\t\t<div class=\"elementor-widget-wrap elementor-element-populated\">\n\t\t\t\t\t\t<div class=\"elementor-element elementor-element-fc58e59 e-transform elementor-widget elementor-widget-image\" data-id=\"fc58e59\" data-element_type=\"widget\" data-e-type=\"widget\" data-settings=\"{&quot;_transform_flipX_effect&quot;:&quot;transform&quot;}\" data-widget_type=\"image.default\">\n\t\t\t\t<div class=\"elementor-widget-container\">\n\t\t\t\t\t\t\t\t\t\t\t\t\t\t\t<img fetchpriority=\"high\" decoding=\"async\" width=\"904\" height=\"900\" src=\"https:\/\/nti-feuerwehrbekleidung.de\/wp-content\/uploads\/2023\/10\/nti-feuerwehrbekleidung-nti-modell1-heroscene.jpg\" class=\"attachment-full size-full wp-image-3720\" alt=\"\" srcset=\"https:\/\/nti-feuerwehrbekleidung.de\/wp-content\/uploads\/2023\/10\/nti-feuerwehrbekleidung-nti-modell1-heroscene.jpg 904w, https:\/\/nti-feuerwehrbekleidung.de\/wp-content\/uploads\/2023\/10\/nti-feuerwehrbekleidung-nti-modell1-heroscene-300x300.jpg 300w, https:\/\/nti-feuerwehrbekleidung.de\/wp-content\/uploads\/2023\/10\/nti-feuerwehrbekleidung-nti-modell1-heroscene-150x150.jpg 150w, https:\/\/nti-feuerwehrbekleidung.de\/wp-content\/uploads\/2023\/10\/nti-feuerwehrbekleidung-nti-modell1-heroscene-768x765.jpg 768w\" sizes=\"(max-width: 904px) 100vw, 904px\" \/>\t\t\t\t\t\t\t\t\t\t\t\t\t\t\t<\/div>\n\t\t\t\t<\/div>\n\t\t\t\t<div class=\"elementor-element elementor-element-9d2c5a7 elementor-absolute elementor-hidden-desktop elementor-hidden-tablet elementor-hidden-mobile elementor-invisible elementor-widget elementor-widget-image\" data-id=\"9d2c5a7\" data-element_type=\"widget\" data-e-type=\"widget\" data-settings=\"{&quot;_position&quot;:&quot;absolute&quot;,&quot;_animation&quot;:&quot;bounceInRight&quot;}\" data-widget_type=\"image.default\">\n\t\t\t\t<div class=\"elementor-widget-container\">\n\t\t\t\t\t\t\t\t\t\t\t\t\t\t\t<img decoding=\"async\" width=\"2113\" height=\"629\" src=\"https:\/\/nti-feuerwehrbekleidung.de\/wp-content\/uploads\/2023\/11\/nti-feuerwehrbekleidung-premium-lieferfaehigkeit.png\" class=\"attachment-full size-full wp-image-3670\" alt=\"\" srcset=\"https:\/\/nti-feuerwehrbekleidung.de\/wp-content\/uploads\/2023\/11\/nti-feuerwehrbekleidung-premium-lieferfaehigkeit.png 2113w, https:\/\/nti-feuerwehrbekleidung.de\/wp-content\/uploads\/2023\/11\/nti-feuerwehrbekleidung-premium-lieferfaehigkeit-300x89.png 300w, https:\/\/nti-feuerwehrbekleidung.de\/wp-content\/uploads\/2023\/11\/nti-feuerwehrbekleidung-premium-lieferfaehigkeit-1024x305.png 1024w, https:\/\/nti-feuerwehrbekleidung.de\/wp-content\/uploads\/2023\/11\/nti-feuerwehrbekleidung-premium-lieferfaehigkeit-768x229.png 768w, https:\/\/nti-feuerwehrbekleidung.de\/wp-content\/uploads\/2023\/11\/nti-feuerwehrbekleidung-premium-lieferfaehigkeit-1536x457.png 1536w, https:\/\/nti-feuerwehrbekleidung.de\/wp-content\/uploads\/2023\/11\/nti-feuerwehrbekleidung-premium-lieferfaehigkeit-2048x610.png 2048w\" sizes=\"(max-width: 2113px) 100vw, 2113px\" \/>\t\t\t\t\t\t\t\t\t\t\t\t\t\t\t<\/div>\n\t\t\t\t<\/div>\n\t\t\t\t<div class=\"elementor-element elementor-element-c5d3675 elementor-widget__width-auto elementor-absolute e-transform elementor-hidden-mobile elementor-hidden-desktop elementor-hidden-tablet elementor-widget elementor-widget-text-editor\" data-id=\"c5d3675\" data-element_type=\"widget\" data-e-type=\"widget\" data-settings=\"{&quot;_position&quot;:&quot;absolute&quot;,&quot;motion_fx_motion_fx_scrolling&quot;:&quot;yes&quot;,&quot;motion_fx_scale_effect&quot;:&quot;yes&quot;,&quot;motion_fx_scale_speed&quot;:{&quot;unit&quot;:&quot;px&quot;,&quot;size&quot;:2,&quot;sizes&quot;:[]},&quot;_transform_rotateZ_effect&quot;:{&quot;unit&quot;:&quot;px&quot;,&quot;size&quot;:5,&quot;sizes&quot;:[]},&quot;_transform_rotateZ_effect_tablet&quot;:{&quot;unit&quot;:&quot;deg&quot;,&quot;size&quot;:5,&quot;sizes&quot;:[]},&quot;motion_fx_scale_direction&quot;:&quot;out-in&quot;,&quot;motion_fx_scale_range&quot;:{&quot;unit&quot;:&quot;%&quot;,&quot;size&quot;:&quot;&quot;,&quot;sizes&quot;:{&quot;start&quot;:20,&quot;end&quot;:80}},&quot;motion_fx_devices&quot;:[&quot;desktop&quot;,&quot;tablet&quot;,&quot;mobile&quot;],&quot;_transform_rotateZ_effect_mobile&quot;:{&quot;unit&quot;:&quot;deg&quot;,&quot;size&quot;:&quot;&quot;,&quot;sizes&quot;:[]}}\" data-widget_type=\"text-editor.default\">\n\t\t\t\t<div class=\"elementor-widget-container\">\n\t\t\t\t\t\t\t\t\t<p style=\"text-align: center;\">Pr\u00e9mium sz\u00e1ll\u00edt\u00e1si k\u00e9pess\u00e9g<\/p>\n\t\t\t\t\t\t\t\t<\/div>\n\t\t\t\t<\/div>\n\t\t\t\t\t<\/div>\n\t\t<\/div>\n\t\t\t\t\t<\/div>\n\t\t<\/section>\n\t\t\t\t<section class=\"elementor-section elementor-top-section elementor-element elementor-element-47dfe0f elementor-section-full_width elementor-reverse-mobile elementor-section-height-default elementor-section-height-default\" data-id=\"47dfe0f\" data-element_type=\"section\" data-e-type=\"section\" id=\"mehr\" data-settings=\"{&quot;jet_parallax_layout_list&quot;:[]}\">\n\t\t\t\t\t\t<div class=\"elementor-container elementor-column-gap-default\">\n\t\t\t\t\t<div class=\"elementor-column elementor-col-50 elementor-top-column elementor-element elementor-element-ab801e8\" data-id=\"ab801e8\" data-element_type=\"column\" data-e-type=\"column\">\n\t\t\t<div class=\"elementor-widget-wrap elementor-element-populated\">\n\t\t\t\t\t\t<div class=\"elementor-element elementor-element-d7574b3 elementor-widget elementor-widget-image\" data-id=\"d7574b3\" data-element_type=\"widget\" data-e-type=\"widget\" data-widget_type=\"image.default\">\n\t\t\t\t<div class=\"elementor-widget-container\">\n\t\t\t\t\t\t\t\t\t\t\t\t\t\t\t<img decoding=\"async\" width=\"1280\" height=\"1920\" src=\"https:\/\/nti-feuerwehrbekleidung.de\/wp-content\/uploads\/2023\/10\/nti-feuerwehrbekleidung-modell-1-gold.png\" class=\"attachment-full size-full wp-image-3722\" alt=\"\" srcset=\"https:\/\/nti-feuerwehrbekleidung.de\/wp-content\/uploads\/2023\/10\/nti-feuerwehrbekleidung-modell-1-gold.png 1280w, https:\/\/nti-feuerwehrbekleidung.de\/wp-content\/uploads\/2023\/10\/nti-feuerwehrbekleidung-modell-1-gold-200x300.png 200w, https:\/\/nti-feuerwehrbekleidung.de\/wp-content\/uploads\/2023\/10\/nti-feuerwehrbekleidung-modell-1-gold-683x1024.png 683w, https:\/\/nti-feuerwehrbekleidung.de\/wp-content\/uploads\/2023\/10\/nti-feuerwehrbekleidung-modell-1-gold-768x1152.png 768w, https:\/\/nti-feuerwehrbekleidung.de\/wp-content\/uploads\/2023\/10\/nti-feuerwehrbekleidung-modell-1-gold-1024x1536.png 1024w\" sizes=\"(max-width: 1280px) 100vw, 1280px\" \/>\t\t\t\t\t\t\t\t\t\t\t\t\t\t\t<\/div>\n\t\t\t\t<\/div>\n\t\t\t\t<div class=\"elementor-element elementor-element-d44a934 elementor-widget elementor-widget-image\" data-id=\"d44a934\" data-element_type=\"widget\" data-e-type=\"widget\" data-widget_type=\"image.default\">\n\t\t\t\t<div class=\"elementor-widget-container\">\n\t\t\t\t\t\t\t\t\t\t\t\t\t\t\t<img loading=\"lazy\" decoding=\"async\" width=\"247\" height=\"312\" src=\"https:\/\/nti-feuerwehrbekleidung.de\/wp-content\/uploads\/2023\/10\/NTI_Logo_weiss.png\" class=\"attachment-full size-full wp-image-3730\" alt=\"\" srcset=\"https:\/\/nti-feuerwehrbekleidung.de\/wp-content\/uploads\/2023\/10\/NTI_Logo_weiss.png 247w, https:\/\/nti-feuerwehrbekleidung.de\/wp-content\/uploads\/2023\/10\/NTI_Logo_weiss-238x300.png 238w\" sizes=\"(max-width: 247px) 100vw, 247px\" \/>\t\t\t\t\t\t\t\t\t\t\t\t\t\t\t<\/div>\n\t\t\t\t<\/div>\n\t\t\t\t<div class=\"elementor-element elementor-element-7fcd3bc elementor-align-center elementor-mobile-align-justify elementor-widget elementor-widget-button\" data-id=\"7fcd3bc\" data-element_type=\"widget\" data-e-type=\"widget\" data-widget_type=\"button.default\">\n\t\t\t\t<div class=\"elementor-widget-container\">\n\t\t\t\t\t\t\t\t\t<div class=\"elementor-button-wrapper\">\n\t\t\t\t\t<a class=\"elementor-button elementor-button-link elementor-size-sm\" href=\"#animationswelt\">\n\t\t\t\t\t\t<span class=\"elementor-button-content-wrapper\">\n\t\t\t\t\t\t\t\t\t<span class=\"elementor-button-text\">Tapasztalja meg az NTi Model 1-t az anim\u00e1ci\u00f3 vil\u00e1g\u00e1ban!<\/span>\n\t\t\t\t\t<\/span>\n\t\t\t\t\t<\/a>\n\t\t\t\t<\/div>\n\t\t\t\t\t\t\t\t<\/div>\n\t\t\t\t<\/div>\n\t\t\t\t\t<\/div>\n\t\t<\/div>\n\t\t\t\t<div class=\"elementor-column elementor-col-50 elementor-top-column elementor-element elementor-element-86eb5a4\" data-id=\"86eb5a4\" data-element_type=\"column\" data-e-type=\"column\">\n\t\t\t<div class=\"elementor-widget-wrap elementor-element-populated\">\n\t\t\t\t\t\t<div class=\"elementor-element elementor-element-4ae2c5f elementor-widget elementor-widget-heading\" data-id=\"4ae2c5f\" data-element_type=\"widget\" data-e-type=\"widget\" data-widget_type=\"heading.default\">\n\t\t\t\t<div class=\"elementor-widget-container\">\n\t\t\t\t\t<h2 class=\"elementor-heading-title elementor-size-default\">NTi Model 1 - az eredeti<\/h2>\t\t\t\t<\/div>\n\t\t\t\t<\/div>\n\t\t\t\t<div class=\"elementor-element elementor-element-9d18a52 elementor-widget elementor-widget-text-editor\" data-id=\"9d18a52\" data-element_type=\"widget\" data-e-type=\"widget\" data-widget_type=\"text-editor.default\">\n\t\t\t\t<div class=\"elementor-widget-container\">\n\t\t\t\t\t\t\t\t\t<p>Jelent\u0151s l\u00e9p\u00e9s a t\u0171zv\u00e9delmi ruh\u00e1zat fejl\u0151d\u00e9s\u00e9ben: Az NTi Modell 1-et kifejezetten a belt\u00e9ri t\u0171zolt\u00e1sraszigor\u00fa biztons\u00e1gi k\u00f6vetelm\u00e9nyeinek teljes\u00edt\u00e9s\u00e9re fejlesztett\u00e9k ki, ugyanakkor nagyfok\u00fa visel\u00e9si k\u00e9nyelmet \u00e9s k\u00f6nnyed mobilit\u00e1st biztos\u00edt.<br \/>A v\u00e9d\u0151ruha megfelel az EN 469 \u00e9s HuPF 1+4 szabv\u00e1nyoknak, \u00edgy bizony\u00edtottan maxim\u00e1lis h\u0151- \u00e9s l\u00e1ng\u00e1ll\u00f3s\u00e1got biztos\u00edt.<br \/>Hat\u00e9konyan v\u00e9di visel\u0151j\u00e9t az olyan vesz\u00e9lyes k\u00f6r\u00fclm\u00e9nyekt\u0151l, mint p\u00e9ld\u00e1ul a vill\u00e1mcsap\u00e1s.<br \/>E magas szint\u0171 v\u00e9delem ellen\u00e9re az NTi Modell 1 k\u00f6nnyebb, mint szinte b\u00e1rmely m\u00e1s t\u0171zolt\u00f3 v\u00e9d\u0151ruha.<br \/>L\u00e9g\u00e1tereszt\u0151 k\u00e9pess\u00e9ge, 13,5 PA\/W RET \u00e9rt\u00e9kkel biztos\u00edtja, hogy visel\u0151je m\u00e9g nagy terhel\u00e9s \u00e9s sz\u00e9ls\u0151s\u00e9ges k\u00f6rnyezeti h\u0151m\u00e9rs\u00e9klet eset\u00e9n sem melegszik t\u00fal.<br \/>Az olyan tov\u00e1bbi jellemz\u0151k, mint az innovat\u00edv bels\u0151 membr\u00e1n \u00e1ltal biztos\u00edtott bakt\u00e9rium- \u00e9s v\u00edrusv\u00e9delem, a kiv\u00e1l\u00f3 l\u00e1that\u00f3s\u00e1g \u00e9s az intuit\u00edv merev\u00edt\u0151k be\u00e1ll\u00edt\u00e1si rendszere egy\u00e9rtelm\u0171en megk\u00fcl\u00f6nb\u00f6ztetik az NTi Modell 1-et a hagyom\u00e1nyos t\u0171zv\u00e9delmi ruh\u00e1zatt\u00f3l.<\/p>\t\t\t\t\t\t\t\t<\/div>\n\t\t\t\t<\/div>\n\t\t\t\t\t<\/div>\n\t\t<\/div>\n\t\t\t\t\t<\/div>\n\t\t<\/section>\n\t\t\t\t<section class=\"elementor-section elementor-top-section elementor-element elementor-element-10f3a22 elementor-section-full_width elementor-reverse-tablet elementor-reverse-mobile elementor-section-height-default elementor-section-height-default\" data-id=\"10f3a22\" data-element_type=\"section\" data-e-type=\"section\" data-settings=\"{&quot;jet_parallax_layout_list&quot;:[]}\">\n\t\t\t\t\t\t<div class=\"elementor-container elementor-column-gap-default\">\n\t\t\t\t\t<div class=\"elementor-column elementor-col-50 elementor-top-column elementor-element elementor-element-5607c91\" data-id=\"5607c91\" data-element_type=\"column\" data-e-type=\"column\">\n\t\t\t<div class=\"elementor-widget-wrap elementor-element-populated\">\n\t\t\t\t\t\t<div class=\"elementor-element elementor-element-ed56f2f elementor-widget elementor-widget-jet-slider\" data-id=\"ed56f2f\" data-element_type=\"widget\" data-e-type=\"widget\" data-settings=\"{&quot;slider_height&quot;:{&quot;unit&quot;:&quot;vh&quot;,&quot;size&quot;:60,&quot;sizes&quot;:[]},&quot;slider_height_tablet&quot;:{&quot;unit&quot;:&quot;px&quot;,&quot;size&quot;:500,&quot;sizes&quot;:[]},&quot;slider_height_mobile&quot;:{&quot;unit&quot;:&quot;px&quot;,&quot;size&quot;:400,&quot;sizes&quot;:[]},&quot;thumbnail_width&quot;:70,&quot;thumbnail_height&quot;:70,&quot;thumbnail_width_mobile&quot;:40,&quot;thumbnail_height_mobile&quot;:50,&quot;thumbnail_height_tablet&quot;:70}\" data-widget_type=\"jet-slider.default\">\n\t\t\t\t<div class=\"elementor-widget-container\">\n\t\t\t\t\t<div class=\"elementor-jet-slider jet-elements\">\n<div class=\"jet-slider jet-slider__image-contain\" data-settings='{&quot;sliderWidth&quot;:1,&quot;sliderHeight&quot;:1,&quot;sliderNavigation&quot;:true,&quot;sliderNavigationIcon&quot;:&quot;jet-slider__arrow-icon-ed56f2f&quot;,&quot;sliderNaviOnHover&quot;:false,&quot;sliderPagination&quot;:false,&quot;sliderAutoplay&quot;:true,&quot;sliderAutoplayDelay&quot;:5000,&quot;sliderAutoplayOnHover&quot;:&quot;pause&quot;,&quot;sliderFullScreen&quot;:true,&quot;sliderFullscreenIcon&quot;:&quot;jet-slider__fullscreen-icon-ed56f2f&quot;,&quot;sliderShuffle&quot;:false,&quot;sliderLoop&quot;:true,&quot;sliderFadeMode&quot;:false,&quot;slideDistance&quot;:1,&quot;slideDuration&quot;:500,&quot;imageScaleMode&quot;:&quot;contain&quot;,&quot;thumbnails&quot;:true,&quot;thumbnailWidth&quot;:70,&quot;thumbnailHeight&quot;:70,&quot;rightToLeft&quot;:false,&quot;touchswipe&quot;:true,&quot;fractionPag&quot;:false,&quot;fractionPrefix&quot;:&quot;&quot;,&quot;fractionSeparator&quot;:&quot;\\\/&quot;,&quot;fractionSuffix&quot;:&quot;&quot;,&quot;autoSliderHeight&quot;:false}'>\n\t\n<div  class=\"slider-pro\">\n\t<div class=\"jet-slider__arrow-icon-ed56f2f hidden-html\"><i aria-hidden=\"true\" class=\"fas fa-angle-left\"><\/i><\/div><div class=\"jet-slider__fullscreen-icon-ed56f2f hidden-html\"><i aria-hidden=\"true\" class=\"fas fa-search\"><\/i><\/div>\t<div class=\"jet-slider__items sp-slides\">\n\n\n<div  class=\"jet-slider__item sp-slide elementor-repeater-item-84a7ee0\"><img decoding=\"async\" class=\"sp-image\" src=\"https:\/\/nti-feuerwehrbekleidung.de\/wp-content\/uploads\/2023\/10\/nti-feuerwehrbekleidung-modell-1-schwarzblau-rot.png\" alt=\"nti-feuerwehrbekleidung-modell-1-schwarzblau-rot\"><img decoding=\"async\" class=\"sp-thumbnail\" src=\"https:\/\/nti-feuerwehrbekleidung.de\/wp-content\/uploads\/2023\/10\/nti-feuerwehrbekleidung-modell-1-schwarzblau-rot-150x150.png\" alt=\"nti-feuerwehrbekleidung-modell-1-schwarzblau-rot\" loading=\"lazy\"><div class=\"jet-slider__content sp-layer \" data-position=\"centerCenter\" data-width=\"100%\" data-height=\"100%\" data-horizontal=\"0%\" data-show-transition=\"none\" data-show-duration=\"400\" data-show-delay=\"400\" >\n\t\t<div class=\"jet-slider__content-item\">\n\t\t\t<div class=\"jet-slider__content-inner\"><p class=\"jet-slider__title\">Fekete k\u00e9k \/ piros<\/p> \n\n\t\t\t\t\t\t<div class=\"jet-slider__button-wrapper\">\t\t\t\t\t\t<\/div><\/div>\n\t\t<\/div>\n\t\t\t<\/div>\n<\/div>\n\n<div  class=\"jet-slider__item sp-slide elementor-repeater-item-2f50afc\"><img decoding=\"async\" class=\"sp-image\" src=\"https:\/\/nti-feuerwehrbekleidung.de\/wp-content\/uploads\/2023\/10\/nti-feuerwehrbekleidung-modell-1-schwarzblau-orange.png\" alt=\"nti-feuerwehrbekleidung-modell-1-schwarzblau-orange\"><img decoding=\"async\" class=\"sp-thumbnail\" src=\"https:\/\/nti-feuerwehrbekleidung.de\/wp-content\/uploads\/2023\/10\/nti-feuerwehrbekleidung-modell-1-schwarzblau-orange-150x150.png\" alt=\"nti-feuerwehrbekleidung-modell-1-schwarzblau-orange\" loading=\"lazy\"><div class=\"jet-slider__content sp-layer \" data-position=\"centerCenter\" data-width=\"100%\" data-height=\"100%\" data-horizontal=\"0%\" data-show-transition=\"none\" data-show-duration=\"400\" data-show-delay=\"400\" >\n\t\t<div class=\"jet-slider__content-item\">\n\t\t\t<div class=\"jet-slider__content-inner\"><p class=\"jet-slider__title\">Fekete k\u00e9k \/ narancss\u00e1rga<\/p> \n\n\t\t\t\t\t\t<div class=\"jet-slider__button-wrapper\">\t\t\t\t\t\t<\/div><\/div>\n\t\t<\/div>\n\t\t\t<\/div>\n<\/div>\n\n<div  class=\"jet-slider__item sp-slide elementor-repeater-item-b222854\"><img decoding=\"async\" class=\"sp-image\" src=\"https:\/\/nti-feuerwehrbekleidung.de\/wp-content\/uploads\/2023\/10\/nti-feuerwehrbekleidung-modell-1-schwarzblau-gold-1.png\" alt=\"nti-feuerwehrbekleidung-modell-1-schwarzblau-gold\"><img decoding=\"async\" class=\"sp-thumbnail\" src=\"https:\/\/nti-feuerwehrbekleidung.de\/wp-content\/uploads\/2023\/10\/nti-feuerwehrbekleidung-modell-1-schwarzblau-gold-1-150x150.png\" alt=\"nti-feuerwehrbekleidung-modell-1-schwarzblau-gold\" loading=\"lazy\"><div class=\"jet-slider__content sp-layer \" data-position=\"centerCenter\" data-width=\"100%\" data-height=\"100%\" data-horizontal=\"0%\" data-show-transition=\"none\" data-show-duration=\"400\" data-show-delay=\"400\" >\n\t\t<div class=\"jet-slider__content-item\">\n\t\t\t<div class=\"jet-slider__content-inner\"><p class=\"jet-slider__title\">Fekete k\u00e9k \/ arany<\/p> \n\n\t\t\t\t\t\t<div class=\"jet-slider__button-wrapper\">\t\t\t\t\t\t<\/div><\/div>\n\t\t<\/div>\n\t\t\t<\/div>\n<\/div>\n\n<div  class=\"jet-slider__item sp-slide elementor-repeater-item-85eb364\"><img decoding=\"async\" class=\"sp-image\" src=\"https:\/\/nti-feuerwehrbekleidung.de\/wp-content\/uploads\/2023\/10\/nti-feuerwehrbekleidung-modell-1-schwarzblau.png\" alt=\"nti-feuerwehrbekleidung-modell-1-schwarzblau\"><img decoding=\"async\" class=\"sp-thumbnail\" src=\"https:\/\/nti-feuerwehrbekleidung.de\/wp-content\/uploads\/2023\/10\/nti-feuerwehrbekleidung-modell-1-schwarzblau-150x150.png\" alt=\"nti-feuerwehrbekleidung-modell-1-schwarzblau\" loading=\"lazy\"><div class=\"jet-slider__content sp-layer \" data-position=\"centerCenter\" data-width=\"100%\" data-height=\"100%\" data-horizontal=\"0%\" data-show-transition=\"none\" data-show-duration=\"400\" data-show-delay=\"400\" >\n\t\t<div class=\"jet-slider__content-item\">\n\t\t\t<div class=\"jet-slider__content-inner\"><p class=\"jet-slider__title\">Fekete k\u00e9k<\/p> \n\n\t\t\t\t\t\t<div class=\"jet-slider__button-wrapper\">\t\t\t\t\t\t<\/div><\/div>\n\t\t<\/div>\n\t\t\t<\/div>\n<\/div>\n\n<div  class=\"jet-slider__item sp-slide elementor-repeater-item-7dbdfa2\"><img decoding=\"async\" class=\"sp-image\" src=\"https:\/\/nti-feuerwehrbekleidung.de\/wp-content\/uploads\/2023\/10\/nti-feuerwehrbekleidung-modell-1-rot.png\" alt=\"nti-feuerwehrbekleidung-modell-1-rot\"><img decoding=\"async\" class=\"sp-thumbnail\" src=\"https:\/\/nti-feuerwehrbekleidung.de\/wp-content\/uploads\/2023\/10\/nti-feuerwehrbekleidung-modell-1-rot-150x150.png\" alt=\"nti-feuerwehrbekleidung-modell-1-rot\" loading=\"lazy\"><div class=\"jet-slider__content sp-layer \" data-position=\"centerCenter\" data-width=\"100%\" data-height=\"100%\" data-horizontal=\"0%\" data-show-transition=\"none\" data-show-duration=\"400\" data-show-delay=\"400\" >\n\t\t<div class=\"jet-slider__content-item\">\n\t\t\t<div class=\"jet-slider__content-inner\"><p class=\"jet-slider__title\">Piros<\/p> \n\n\t\t\t\t\t\t<div class=\"jet-slider__button-wrapper\">\t\t\t\t\t\t<\/div><\/div>\n\t\t<\/div>\n\t\t\t<\/div>\n<\/div>\n\n<div  class=\"jet-slider__item sp-slide elementor-repeater-item-6f8a317\"><img decoding=\"async\" class=\"sp-image\" src=\"https:\/\/nti-feuerwehrbekleidung.de\/wp-content\/uploads\/2023\/10\/nti-feuerwehrbekleidung-modell-1-orange.png\" alt=\"nti-feuerwehrbekleidung-modell-1-orange\"><img decoding=\"async\" class=\"sp-thumbnail\" src=\"https:\/\/nti-feuerwehrbekleidung.de\/wp-content\/uploads\/2023\/10\/nti-feuerwehrbekleidung-modell-1-orange-150x150.png\" alt=\"nti-feuerwehrbekleidung-modell-1-orange\" loading=\"lazy\"><div class=\"jet-slider__content sp-layer \" data-position=\"centerCenter\" data-width=\"100%\" data-height=\"100%\" data-horizontal=\"0%\" data-show-transition=\"none\" data-show-duration=\"400\" data-show-delay=\"400\" >\n\t\t<div class=\"jet-slider__content-item\">\n\t\t\t<div class=\"jet-slider__content-inner\"><p class=\"jet-slider__title\">Narancs<\/p> \n\n\t\t\t\t\t\t<div class=\"jet-slider__button-wrapper\">\t\t\t\t\t\t<\/div><\/div>\n\t\t<\/div>\n\t\t\t<\/div>\n<\/div>\n\n<div  class=\"jet-slider__item sp-slide elementor-repeater-item-44f2b9c\"><img decoding=\"async\" class=\"sp-image\" src=\"https:\/\/nti-feuerwehrbekleidung.de\/wp-content\/uploads\/2023\/10\/nti-feuerwehrbekleidung-modell-1-gold.png\" alt=\"nti-feuerwehrbekleidung-modell-1-gold\"><img decoding=\"async\" class=\"sp-thumbnail\" src=\"https:\/\/nti-feuerwehrbekleidung.de\/wp-content\/uploads\/2023\/10\/nti-feuerwehrbekleidung-modell-1-gold-150x150.png\" alt=\"nti-feuerwehrbekleidung-modell-1-gold\" loading=\"lazy\"><div class=\"jet-slider__content sp-layer \" data-position=\"centerCenter\" data-width=\"100%\" data-height=\"100%\" data-horizontal=\"0%\" data-show-transition=\"none\" data-show-duration=\"400\" data-show-delay=\"400\" >\n\t\t<div class=\"jet-slider__content-item\">\n\t\t\t<div class=\"jet-slider__content-inner\"><p class=\"jet-slider__title\">Arany<\/p> \n\n\t\t\t\t\t\t<div class=\"jet-slider__button-wrapper\">\t\t\t\t\t\t<\/div><\/div>\n\t\t<\/div>\n\t\t\t<\/div>\n<\/div>\n\n<\/div>\n<\/div>\n<\/div>\n<\/div>\t\t\t\t<\/div>\n\t\t\t\t<\/div>\n\t\t\t\t\t<\/div>\n\t\t<\/div>\n\t\t\t\t<div class=\"elementor-column elementor-col-50 elementor-top-column elementor-element elementor-element-05f25e4\" data-id=\"05f25e4\" data-element_type=\"column\" data-e-type=\"column\">\n\t\t\t<div class=\"elementor-widget-wrap elementor-element-populated\">\n\t\t\t\t\t\t<div class=\"elementor-element elementor-element-05b3e11 elementor-widget elementor-widget-jet-headline\" data-id=\"05b3e11\" data-element_type=\"widget\" data-e-type=\"widget\" data-widget_type=\"jet-headline.default\">\n\t\t\t\t<div class=\"elementor-widget-container\">\n\t\t\t\t\t<h2 class=\"jet-headline jet-headline--direction-horizontal\"><span class=\"jet-headline__part jet-headline__first\"><span class=\"jet-headline__deco jet-headline__deco-image\"><img decoding=\"async\" src=\"https:\/\/nti-feuerwehrbekleidung.de\/wp-content\/uploads\/2023\/10\/nti-feuerwehrbekleidung-innenangriff-icon.png\" alt=\"nti-feuerwehrbekleidung-innenangriff-icon\" loading=\"lazy\"><\/span><span class=\"jet-headline__label\">NTi Model 1 - Term\u00e9kv\u00e1ltozatok<\/span><\/span><\/h2>\t\t\t\t<\/div>\n\t\t\t\t<\/div>\n\t\t\t\t<div class=\"elementor-element elementor-element-642043c elementor-widget elementor-widget-text-editor\" data-id=\"642043c\" data-element_type=\"widget\" data-e-type=\"widget\" data-widget_type=\"text-editor.default\">\n\t\t\t\t<div class=\"elementor-widget-container\">\n\t\t\t\t\t\t\t\t\t<p>Az NTi Modell 1 biztons\u00e1gosan ellen\u00e1ll a t\u0171znek \u00e9s a h\u0151nek m\u00e9g sz\u00e9ls\u0151s\u00e9ges helyzetekben is, mint p\u00e9ld\u00e1ul egy belt\u00e9ri t\u0171zolt\u00e1s sor\u00e1n.<br \/>A v\u00e9d\u0151ruha sz\u00e1mos v\u00e1ltozata kiv\u00e9tel n\u00e9lk\u00fcl megfelel ennek a kompromisszummentes min\u0151s\u00e9gi szabv\u00e1nynak.<\/p>\t\t\t\t\t\t\t\t<\/div>\n\t\t\t\t<\/div>\n\t\t\t\t<div class=\"elementor-element elementor-element-6b000f9 elementor-widget elementor-widget-toggle\" data-id=\"6b000f9\" data-element_type=\"widget\" data-e-type=\"widget\" data-widget_type=\"toggle.default\">\n\t\t\t\t<div class=\"elementor-widget-container\">\n\t\t\t\t\t\t\t<div class=\"elementor-toggle\">\n\t\t\t\t\t\t\t<div class=\"elementor-toggle-item\">\n\t\t\t\t\t<div id=\"elementor-tab-title-1121\" class=\"elementor-tab-title\" data-tab=\"1\" role=\"button\" aria-controls=\"elementor-tab-content-1121\" aria-expanded=\"false\">\n\t\t\t\t\t\t\t\t\t\t\t\t<span class=\"elementor-toggle-icon elementor-toggle-icon-right\" aria-hidden=\"true\">\n\t\t\t\t\t\t\t\t\t\t\t\t\t\t\t<span class=\"elementor-toggle-icon-closed\"><i class=\"fas fa-chevron-down\"><\/i><\/span>\n\t\t\t\t\t\t\t\t<span class=\"elementor-toggle-icon-opened\"><i class=\"elementor-toggle-icon-opened fas fa-chevron-up\"><\/i><\/span>\n\t\t\t\t\t\t\t\t\t\t\t\t\t<\/span>\n\t\t\t\t\t\t\t\t\t\t\t\t<a class=\"elementor-toggle-title\" tabindex=\"0\">Kaphat\u00f3 sz\u00ednek<\/a>\n\t\t\t\t\t<\/div>\n\n\t\t\t\t\t<div id=\"elementor-tab-content-1121\" class=\"elementor-tab-content elementor-clearfix\" data-tab=\"1\" role=\"region\" aria-labelledby=\"elementor-tab-title-1121\"><p>Fekete k\u00e9k<\/p><p>Narancs<\/p><p>Piros<\/p><p>Arany<\/p><p>Fekete k\u00e9k \/ arany<\/p><p>Fekete k\u00e9k \/ piros<\/p><p>Fekete k\u00e9k \/ narancss\u00e1rga<\/p><\/div>\n\t\t\t\t<\/div>\n\t\t\t\t\t\t\t<div class=\"elementor-toggle-item\">\n\t\t\t\t\t<div id=\"elementor-tab-title-1122\" class=\"elementor-tab-title\" data-tab=\"2\" role=\"button\" aria-controls=\"elementor-tab-content-1122\" aria-expanded=\"false\">\n\t\t\t\t\t\t\t\t\t\t\t\t<span class=\"elementor-toggle-icon elementor-toggle-icon-right\" aria-hidden=\"true\">\n\t\t\t\t\t\t\t\t\t\t\t\t\t\t\t<span class=\"elementor-toggle-icon-closed\"><i class=\"fas fa-chevron-down\"><\/i><\/span>\n\t\t\t\t\t\t\t\t<span class=\"elementor-toggle-icon-opened\"><i class=\"elementor-toggle-icon-opened fas fa-chevron-up\"><\/i><\/span>\n\t\t\t\t\t\t\t\t\t\t\t\t\t<\/span>\n\t\t\t\t\t\t\t\t\t\t\t\t<a class=\"elementor-toggle-title\" tabindex=\"0\">K\u00fcls\u0151 sz\u00f6vet \/ k\u00fcls\u0151 r\u00e9teg<\/a>\n\t\t\t\t\t<\/div>\n\n\t\t\t\t\t<div id=\"elementor-tab-content-1122\" class=\"elementor-tab-content elementor-clearfix\" data-tab=\"2\" role=\"region\" aria-labelledby=\"elementor-tab-title-1122\"><p><strong><em>K\u00fcls\u0151 anyag: <\/em><\/strong>(75% meta-aramid (Nomex\u00ae)\/23% para-aramid (Kevlar\u00ae)\/2% antisztatikus sz\u00e1l).<\/p><\/div>\n\t\t\t\t<\/div>\n\t\t\t\t\t\t\t<div class=\"elementor-toggle-item\">\n\t\t\t\t\t<div id=\"elementor-tab-title-1123\" class=\"elementor-tab-title\" data-tab=\"3\" role=\"button\" aria-controls=\"elementor-tab-content-1123\" aria-expanded=\"false\">\n\t\t\t\t\t\t\t\t\t\t\t\t<span class=\"elementor-toggle-icon elementor-toggle-icon-right\" aria-hidden=\"true\">\n\t\t\t\t\t\t\t\t\t\t\t\t\t\t\t<span class=\"elementor-toggle-icon-closed\"><i class=\"fas fa-chevron-down\"><\/i><\/span>\n\t\t\t\t\t\t\t\t<span class=\"elementor-toggle-icon-opened\"><i class=\"elementor-toggle-icon-opened fas fa-chevron-up\"><\/i><\/span>\n\t\t\t\t\t\t\t\t\t\t\t\t\t<\/span>\n\t\t\t\t\t\t\t\t\t\t\t\t<a class=\"elementor-toggle-title\" tabindex=\"0\">Bels\u0151 membr\u00e1n<\/a>\n\t\t\t\t\t<\/div>\n\n\t\t\t\t\t<div id=\"elementor-tab-content-1123\" class=\"elementor-tab-content elementor-clearfix\" data-tab=\"3\" role=\"region\" aria-labelledby=\"elementor-tab-title-1123\"><p>A GE kiv\u00e1l\u00f3 min\u0151s\u00e9g\u0171, olaj-, v\u00edz- \u00e9s folyad\u00e9ktasz\u00edt\u00f3 bels\u0151 membr\u00e1nja teljes l\u00e9g\u00e1tereszt\u0151 k\u00e9pess\u00e9get biztos\u00edt, egyidej\u0171leg v\u00e9delmet ny\u00fajt a v\u00edrusok, bakt\u00e9riumok, v\u00e9r \u00e9s m\u00e9rgez\u0151 vegyi anyagok ellen.<\/p><p><strong><em>Nedvess\u00e9gg\u00e1tl\u00f3: <\/em><\/strong>General \u2013 Electric\u00ae ePTFE membr\u00e1n a GE\u00ae Direct Diffusion technol\u00f3gi\u00e1val.<br \/><strong><em>Szigetel\u0151r\u00e9teg \/ bels\u0151 b\u00e9l\u00e9s:<\/em><\/strong> Nomex\u00ae\/Kevlar\u00ae steppelt 50% aramid\/50% viszk\u00f3z FR<\/p><\/div>\n\t\t\t\t<\/div>\n\t\t\t\t\t\t\t<div class=\"elementor-toggle-item\">\n\t\t\t\t\t<div id=\"elementor-tab-title-1124\" class=\"elementor-tab-title\" data-tab=\"4\" role=\"button\" aria-controls=\"elementor-tab-content-1124\" aria-expanded=\"false\">\n\t\t\t\t\t\t\t\t\t\t\t\t<span class=\"elementor-toggle-icon elementor-toggle-icon-right\" aria-hidden=\"true\">\n\t\t\t\t\t\t\t\t\t\t\t\t\t\t\t<span class=\"elementor-toggle-icon-closed\"><i class=\"fas fa-chevron-down\"><\/i><\/span>\n\t\t\t\t\t\t\t\t<span class=\"elementor-toggle-icon-opened\"><i class=\"elementor-toggle-icon-opened fas fa-chevron-up\"><\/i><\/span>\n\t\t\t\t\t\t\t\t\t\t\t\t\t<\/span>\n\t\t\t\t\t\t\t\t\t\t\t\t<a class=\"elementor-toggle-title\" tabindex=\"0\">Teljes\u00edtett szabv\u00e1nyok<\/a>\n\t\t\t\t\t<\/div>\n\n\t\t\t\t\t<div id=\"elementor-tab-content-1124\" class=\"elementor-tab-content elementor-clearfix\" data-tab=\"4\" role=\"region\" aria-labelledby=\"elementor-tab-title-1124\"><ul><li>EN 469:2020 teljes\u00edtm\u00e9nyszintek X2 Y2 \u00e9s Z2 \u00e9s HuPF 11\/20<\/li><li>EN 1149-5 \u2013 Elektrosztatikus tulajdons\u00e1gok<\/li><li>EN ISO 13688 \u2013 A v\u00e9d\u0151ruh\u00e1zat \u00e1ltal\u00e1nos k\u00f6vetelm\u00e9nyei<\/li><li>ISO 16604 \u2013 V\u00edrusv\u00e9delem<\/li><li>EN ISO 22610 \u00e9s EN ISO 22612 \u2013 Bakt\u00e9riumv\u00e9delem<\/li><li>HuPF 1+4. r\u00e9szen alapul\u00f3 reflexcs\u00edkoz\u00e1s<\/li><li>Biztons\u00e1gi mell\u00e9ny mentess\u00e9g a DGUV szerint<\/li><\/ul><\/div>\n\t\t\t\t<\/div>\n\t\t\t\t\t\t\t<div class=\"elementor-toggle-item\">\n\t\t\t\t\t<div id=\"elementor-tab-title-1125\" class=\"elementor-tab-title\" data-tab=\"5\" role=\"button\" aria-controls=\"elementor-tab-content-1125\" aria-expanded=\"false\">\n\t\t\t\t\t\t\t\t\t\t\t\t<span class=\"elementor-toggle-icon elementor-toggle-icon-right\" aria-hidden=\"true\">\n\t\t\t\t\t\t\t\t\t\t\t\t\t\t\t<span class=\"elementor-toggle-icon-closed\"><i class=\"fas fa-chevron-down\"><\/i><\/span>\n\t\t\t\t\t\t\t\t<span class=\"elementor-toggle-icon-opened\"><i class=\"elementor-toggle-icon-opened fas fa-chevron-up\"><\/i><\/span>\n\t\t\t\t\t\t\t\t\t\t\t\t\t<\/span>\n\t\t\t\t\t\t\t\t\t\t\t\t<a class=\"elementor-toggle-title\" tabindex=\"0\">Tov\u00e1bbi r\u00e9szletek a bevet\u00e9si v\u00e9d\u0151ruh\u00e1zatr\u00f3l<\/a>\n\t\t\t\t\t<\/div>\n\n\t\t\t\t\t<div id=\"elementor-tab-content-1125\" class=\"elementor-tab-content elementor-clearfix\" data-tab=\"5\" role=\"region\" aria-labelledby=\"elementor-tab-title-1125\"><p><strong><u>Kab\u00e1t:<\/u><\/strong><\/p><ul><li style=\"list-style-type: none;\"><ul><li style=\"list-style-type: none;\"><ul><li>V\u00e1llp\u00e1rna l\u00e9gz\u0151k\u00e9sz\u00fcl\u00e9khez<\/li><li>Napoleon t\u00e1ska \u00e9l\u00e9nks\u00e1rga cipz\u00e1rral<\/li><li>K\u00e9t \u00e1ll\u00edthat\u00f3 r\u00e1di\u00f3zseb (digit\u00e1lis \u00e9s anal\u00f3g k\u00e9sz\u00fcl\u00e9kekhez)<\/li><li>L\u00e1mpatart\u00f3 biztons\u00e1gi p\u00e1nttal<\/li><li>\u00c1ll\u00edthat\u00f3 karp\u00e1nt<\/li><li>YKK\u00ae p\u00e1nikcipz\u00e1r \u00e9l\u00e9nks\u00e1rga sz\u00ednben, k\u00f6nnyen cser\u00e9lhet\u0151<\/li><li>A membr\u00e1nhoz \u00e9s a szigetel\u0151oldalhoz mindk\u00e9t oldalon hozz\u00e1f\u00e9r\u00e9ssel rendelkez\u0151 vizsg\u00e1lati ny\u00edl\u00e1s<\/li><li>F\u00e9nyvisszaver\u0151 cs\u00edkok a testkont\u00far optim\u00e1lis felismer\u00e9s\u00e9hez<\/li><li>T\u0170ZOLT\u00d3S\u00c1G felirat\u00fa h\u00e1tc\u00edmke (tov\u00e1bbi c\u00edmk\u00e9z\u00e9s \u00e9s m\u00e1sodik h\u00e1tc\u00edmke v\u00e1laszthat\u00f3) K\u00f6zvetlen nyomtat\u00e1s lehets\u00e9ges.<\/li><li>\u00c9l\u00e9nkpiros t\u00e9p\u0151z\u00e1ras szalagb\u00f3l k\u00e9sz\u00fclt jelz\u0151 t\u00e9p\u0151z\u00e1r \u2013 a helytelen\u00fcl z\u00e1rt kab\u00e1t azonnal felismerhet\u0151.<\/li><li>T\u00e1p\u0151z\u00e1r az antenna \u00e9s a k\u00e9sz\u00fcl\u00e9k r\u00f6gz\u00edt\u00e9s\u00e9hez<\/li><li>K\u00e9t t\u00e9p\u0151z\u00e1r p\u00e1nt n\u00e9vt\u00e1bl\u00e1khoz vagy g\u00f6rg\u0151k r\u00f6gz\u00edt\u00e9s\u00e9hez<\/li><li>Ergonomikus, el\u0151re kialak\u00edtott, szilikonnal\/sz\u00e9nsz\u00e1llal\/kevl\u00e1rral meger\u0151s\u00edtett k\u00f6ny\u00f6kr\u00e9sz.<\/li><li>Zsebek \u00e9s z\u00e1r\u00f3elemek cs\u00fasz\u00e1smentes szeg\u00e9lyekkel a k\u00f6nny\u0171 nyit\u00e1s \u00e9rdek\u00e9ben, m\u00e9g keszty\u0171 visel\u00e9se eset\u00e9n is.<\/li><li>Karabinerhorog<\/li><li>V\u00edzz\u00e1r\u00f3 r\u00e9teg a nedvess\u00e9g behatol\u00e1sa ellen<\/li><li>Mancsok h\u00fcvelykujjas hurokkal<\/li><\/ul><\/li><\/ul><\/li><\/ul><p><strong><u>Nadr\u00e1g:<\/u><\/strong><\/p><ul><li><br \/><ul><li>NTi merev\u00edt\u0151k be\u00e1ll\u00edt\u00e1si rendszere komfortos gyorsbe\u00e1ll\u00edt\u00e1ssal<\/li><li>Fluoreszk\u00e1l\u00f3 s\u00e1rga f\u00fclek a zsebek k\u00f6nny\u0171 kinyit\u00e1s\u00e1hoz<\/li><li>K\u00e9t f\u00fajtat\u00f3 zseb (jobb oldali k\u00e9szsebbel)<\/li><li>Ergon\u00f3miailag el\u0151re kialak\u00edtott t\u00e9rdfel\u00fclet, szilikonnal\/sz\u00e9nnel\/kevl\u00e1rral meger\u0151s\u00edtve.<\/li><li>V\u00edzz\u00e1r\u00f3 r\u00e9teg a nedvess\u00e9g behatol\u00e1sa ellen<\/li><li>A membr\u00e1n \u00e9s a szigetel\u00e9s mindk\u00e9t oldalr\u00f3l hozz\u00e1f\u00e9rhet\u0151 ellen\u0151rz\u0151 ny\u00edl\u00e1s<\/li><li>Der\u00e9ksz\u00edj t\u00e9p\u0151z\u00e1rral \u00e9s cipz\u00e1rral z\u00e1rhat\u00f3<\/li><li>K\u00e9t oldals\u00f3 zseb zsebes t\u00e1sk\u00e1val<\/li><li>FR t\u00e9rdv\u00e9d\u0151k, v\u00edz\u00e1ll\u00f3 \u00e9s cser\u00e9lhet\u0151<\/li><li>F\u00e9nyvisszaver\u0151 cs\u00f6vek a testkont\u00far optim\u00e1lis felismer\u00e9s\u00e9hez<\/li><li>T\u00e9rdv\u00e9d\u0151 kop\u00e1sv\u00e9delemmel<\/li><\/ul><\/li><\/ul><\/div>\n\t\t\t\t<\/div>\n\t\t\t\t\t\t\t\t<\/div>\n\t\t\t\t\t\t<\/div>\n\t\t\t\t<\/div>\n\t\t\t\t<div class=\"elementor-element elementor-element-5c43a26 elementor-mobile-align-justify elementor-widget elementor-widget-button\" data-id=\"5c43a26\" data-element_type=\"widget\" data-e-type=\"widget\" data-widget_type=\"button.default\">\n\t\t\t\t<div class=\"elementor-widget-container\">\n\t\t\t\t\t\t\t\t\t<div class=\"elementor-button-wrapper\">\n\t\t\t\t\t<a class=\"elementor-button elementor-button-link elementor-size-sm\" href=\"https:\/\/nti-feuerwehrbekleidung.de\/hu\/kapcsolatfelvetel\/\">\n\t\t\t\t\t\t<span class=\"elementor-button-content-wrapper\">\n\t\t\t\t\t\t\t\t\t<span class=\"elementor-button-text\">\u00c9rdekl\u0151dj\u00f6n most<\/span>\n\t\t\t\t\t<\/span>\n\t\t\t\t\t<\/a>\n\t\t\t\t<\/div>\n\t\t\t\t\t\t\t\t<\/div>\n\t\t\t\t<\/div>\n\t\t\t\t\t<\/div>\n\t\t<\/div>\n\t\t\t\t\t<\/div>\n\t\t<\/section>\n\t\t\t\t<section class=\"elementor-section elementor-top-section elementor-element elementor-element-5c6cce7 elementor-section-full_width elementor-section-height-default elementor-section-height-default\" data-id=\"5c6cce7\" data-element_type=\"section\" data-e-type=\"section\" id=\"animationswelt\" data-settings=\"{&quot;jet_parallax_layout_list&quot;:[]}\">\n\t\t\t\t\t\t<div class=\"elementor-container elementor-column-gap-default\">\n\t\t\t\t\t<div class=\"elementor-column elementor-col-100 elementor-top-column elementor-element elementor-element-9eb678f\" data-id=\"9eb678f\" data-element_type=\"column\" data-e-type=\"column\">\n\t\t\t<div class=\"elementor-widget-wrap elementor-element-populated\">\n\t\t\t\t\t\t<div class=\"elementor-element elementor-element-4bbed96 elementor-widget elementor-widget-html\" data-id=\"4bbed96\" data-element_type=\"widget\" data-e-type=\"widget\" data-widget_type=\"html.default\">\n\t\t\t\t<div class=\"elementor-widget-container\">\n\t\t\t\t\t<iframe src=\"https:\/\/www.novotex-isomat.de\/animation\/?background=dark&amp;produkt=ntimodel1\"><\/iframe>\t\t\t\t<\/div>\n\t\t\t\t<\/div>\n\t\t\t\t\t<\/div>\n\t\t<\/div>\n\t\t\t\t\t<\/div>\n\t\t<\/section>\n\t\t\t\t<section class=\"elementor-section elementor-top-section elementor-element elementor-element-67e7501 elementor-section-full_width elementor-section-height-default elementor-section-height-default\" data-id=\"67e7501\" data-element_type=\"section\" data-e-type=\"section\" data-settings=\"{&quot;jet_parallax_layout_list&quot;:[]}\">\n\t\t\t\t\t\t<div class=\"elementor-container elementor-column-gap-default\">\n\t\t\t\t\t<div class=\"elementor-column elementor-col-50 elementor-top-column elementor-element elementor-element-4bc338f\" data-id=\"4bc338f\" data-element_type=\"column\" data-e-type=\"column\">\n\t\t\t<div class=\"elementor-widget-wrap elementor-element-populated\">\n\t\t\t\t\t\t<div class=\"elementor-element elementor-element-ca70aca elementor-widget elementor-widget-heading\" data-id=\"ca70aca\" data-element_type=\"widget\" data-e-type=\"widget\" data-widget_type=\"heading.default\">\n\t\t\t\t<div class=\"elementor-widget-container\">\n\t\t\t\t\t<h2 class=\"elementor-heading-title elementor-size-default\"><span style=\"font-size: 2.5vw\">NTi Model 1 - olyan megb\u00edzhat\u00f3, mint maga a t\u0171zolt\u00f3s\u00e1g<\/span><\/h2>\t\t\t\t<\/div>\n\t\t\t\t<\/div>\n\t\t\t\t<div class=\"elementor-element elementor-element-d8f5010 elementor-widget elementor-widget-text-editor\" data-id=\"d8f5010\" data-element_type=\"widget\" data-e-type=\"widget\" data-widget_type=\"text-editor.default\">\n\t\t\t\t<div class=\"elementor-widget-container\">\n\t\t\t\t\t\t\t\t\t<p>V\u00e9szhelyzetben, k\u00fcl\u00f6n\u00f6sen a belt\u00e9ri t\u0171zolt\u00e1s sor\u00e1n, az NTi Modell 1 magas ellen\u00e1ll\u00f3k\u00e9pess\u00e9ge \u00e9s a kialak\u00edt\u00e1s \u00e1ltal biztos\u00edtott mozg\u00e1sszabads\u00e1ga felbecs\u00fclhetetlen biztons\u00e1gi el\u0151ny.<br \/>A h\u0151vel \u00e9s l\u00e1ngokkal szembeni magas ellen\u00e1ll\u00e1sa minden visel\u0151j\u00e9nek kiv\u00e1l\u00f3 v\u00e9delmet ny\u00fajt az \u00e9p\u00fcleten bel\u00fcli t\u0171zolt\u00e1si bevet\u00e9sek sor\u00e1n.<br \/>Mindemellett k\u00e9nyelmi funkci\u00f3ja is hozz\u00e1j\u00e1rul a biztons\u00e1ghoz: mivel az NTi Modell 1 robusztus kialak\u00edt\u00e1sa ellen\u00e9re k\u00f6nny\u0171 \u00e9s szuperl\u00e9g\u00e1tereszt\u0151, cs\u00f6kken a f\u00e1radts\u00e1g kock\u00e1zat\u00e1t, a t\u0171zolt\u00f3 teljes\u00edtm\u00e9nye, koncentr\u00e1ci\u00f3ja \u00e9s reakci\u00f3k\u00e9szs\u00e9ge a legkem\u00e9nyebb m\u0171veletek sor\u00e1n is megmarad.<\/p><p>J\u00f3l l\u00e1that\u00f3s\u00e1gnak k\u00f6sz\u00f6nhet\u0151en, l\u00e1that\u00f3s\u00e1gi mell\u00e9nyt nem kell viselni haszn\u00e1latakor, ennek k\u00f6sz\u00f6nhet\u0151en megk\u00f6nny\u00edti a csapattagok kommunik\u00e1ci\u00f3j\u00e1t \u00e9s koordin\u00e1ci\u00f3j\u00e1t olyan k\u00f6rnyezetben, ahol a l\u00e1t\u00e1si viszonyok p\u00e9ld\u00e1ul az er\u0151s f\u00fcst miatt rosszak, vagy ahol a t\u0171z \u00e9s a l\u00e1ngok visszaver\u0151d\u00e9se \u00e1ltal okozott vizu\u00e1lis ingerek elhom\u00e1lyos\u00edtj\u00e1k a norm\u00e1l ruh\u00e1zati sz\u00ednek l\u00e1that\u00f3s\u00e1g\u00e1t.<br \/>Ehhez hozz\u00e1j\u00e1rul a jobb testkont\u00far-felismer\u00e9st biztos\u00edt\u00f3 be\u00e9p\u00edtett f\u00e9nyvisszaver\u0151 cs\u00edk is.<\/p><p>Az NTi Modell 1 k\u00fcl\u00f6nb\u00f6z\u0151 zsebei \u00e9s l\u00e1mpatart\u00f3i biztos\u00edtj\u00e1k, hogy a fontos felszerel\u00e9si t\u00e1rgyak mindig k\u00e9zn\u00e9l legyenek.<br \/>Az intuit\u00edvan kezelhet\u0151 merev\u00edt\u0151\u00e1ll\u00edt\u00f3 rendszer gyors be\u00e1ll\u00edt\u00e1st \u00e9s szem\u00e9lyre szabott illeszked\u00e9st tesz lehet\u0151v\u00e9.<\/p>\t\t\t\t\t\t\t\t<\/div>\n\t\t\t\t<\/div>\n\t\t\t\t<div class=\"elementor-element elementor-element-b316fb1 elementor-mobile-align-justify elementor-widget elementor-widget-button\" data-id=\"b316fb1\" data-element_type=\"widget\" data-e-type=\"widget\" data-widget_type=\"button.default\">\n\t\t\t\t<div class=\"elementor-widget-container\">\n\t\t\t\t\t\t\t\t\t<div class=\"elementor-button-wrapper\">\n\t\t\t\t\t<a class=\"elementor-button elementor-button-link elementor-size-sm\" href=\"https:\/\/nti-feuerwehrbekleidung.de\/hu\/kapcsolatfelvetel\/\">\n\t\t\t\t\t\t<span class=\"elementor-button-content-wrapper\">\n\t\t\t\t\t\t\t\t\t<span class=\"elementor-button-text\">\u00c9rdekl\u0151dj\u00f6n most<\/span>\n\t\t\t\t\t<\/span>\n\t\t\t\t\t<\/a>\n\t\t\t\t<\/div>\n\t\t\t\t\t\t\t\t<\/div>\n\t\t\t\t<\/div>\n\t\t\t\t\t<\/div>\n\t\t<\/div>\n\t\t\t\t<div class=\"elementor-column elementor-col-50 elementor-top-column elementor-element elementor-element-291a04a\" data-id=\"291a04a\" data-element_type=\"column\" data-e-type=\"column\">\n\t\t\t<div class=\"elementor-widget-wrap elementor-element-populated\">\n\t\t\t\t\t\t<div class=\"elementor-element elementor-element-e456c40 elementor-widget elementor-widget-video\" data-id=\"e456c40\" data-element_type=\"widget\" data-e-type=\"widget\" data-settings=\"{&quot;youtube_url&quot;:&quot;https:\\\/\\\/www.youtube.com\\\/watch?v=bFnSFOcGQTo&quot;,&quot;video_type&quot;:&quot;youtube&quot;,&quot;controls&quot;:&quot;yes&quot;}\" data-widget_type=\"video.default\">\n\t\t\t\t<div class=\"elementor-widget-container\">\n\t\t\t\t\t\t\t<div class=\"elementor-wrapper elementor-open-inline\">\n\t\t\t<div class=\"elementor-video\"><\/div>\t\t<\/div>\n\t\t\t\t\t\t<\/div>\n\t\t\t\t<\/div>\n\t\t\t\t\t<\/div>\n\t\t<\/div>\n\t\t\t\t\t<\/div>\n\t\t<\/section>\n\t\t\t\t<section class=\"elementor-section elementor-top-section elementor-element elementor-element-4a942ae elementor-section-full_width elementor-section-height-default elementor-section-height-default\" data-id=\"4a942ae\" data-element_type=\"section\" data-e-type=\"section\" data-settings=\"{&quot;jet_parallax_layout_list&quot;:[]}\">\n\t\t\t\t\t\t<div class=\"elementor-container elementor-column-gap-default\">\n\t\t\t\t\t<div class=\"elementor-column elementor-col-100 elementor-top-column elementor-element elementor-element-3aa5693\" data-id=\"3aa5693\" data-element_type=\"column\" data-e-type=\"column\" data-settings=\"{&quot;background_background&quot;:&quot;classic&quot;}\">\n\t\t\t<div class=\"elementor-widget-wrap elementor-element-populated\">\n\t\t\t\t\t\t<div class=\"elementor-element elementor-element-1e0feff elementor-widget__width-initial elementor-widget elementor-widget-heading\" data-id=\"1e0feff\" data-element_type=\"widget\" data-e-type=\"widget\" data-widget_type=\"heading.default\">\n\t\t\t\t<div class=\"elementor-widget-container\">\n\t\t\t\t\t<h2 class=\"elementor-heading-title elementor-size-default\">GYIK - v\u00e1laszolunk az NTi 1. modellel kapcsolatos k\u00e9rd\u00e9seire:<\/h2>\t\t\t\t<\/div>\n\t\t\t\t<\/div>\n\t\t\t\t<div class=\"elementor-element elementor-element-121809f elementor-widget elementor-widget-toggle\" data-id=\"121809f\" data-element_type=\"widget\" data-e-type=\"widget\" data-widget_type=\"toggle.default\">\n\t\t\t\t<div class=\"elementor-widget-container\">\n\t\t\t\t\t\t\t<div class=\"elementor-toggle\">\n\t\t\t\t\t\t\t<div class=\"elementor-toggle-item\">\n\t\t\t\t\t<div id=\"elementor-tab-title-1891\" class=\"elementor-tab-title\" data-tab=\"1\" role=\"button\" aria-controls=\"elementor-tab-content-1891\" aria-expanded=\"false\">\n\t\t\t\t\t\t\t\t\t\t\t\t<span class=\"elementor-toggle-icon elementor-toggle-icon-right\" aria-hidden=\"true\">\n\t\t\t\t\t\t\t\t\t\t\t\t\t\t\t<span class=\"elementor-toggle-icon-closed\"><i class=\"fas fa-chevron-down\"><\/i><\/span>\n\t\t\t\t\t\t\t\t<span class=\"elementor-toggle-icon-opened\"><i class=\"elementor-toggle-icon-opened fas fa-chevron-up\"><\/i><\/span>\n\t\t\t\t\t\t\t\t\t\t\t\t\t<\/span>\n\t\t\t\t\t\t\t\t\t\t\t\t<a class=\"elementor-toggle-title\" tabindex=\"0\">Mi k\u00fcl\u00f6nb\u00f6zteti meg az NTi Model 1-et a t\u00f6bbi NTi v\u00e9d\u0151ruh\u00e1t\u00f3l?<\/a>\n\t\t\t\t\t<\/div>\n\n\t\t\t\t\t<div id=\"elementor-tab-content-1891\" class=\"elementor-tab-content elementor-clearfix\" data-tab=\"1\" role=\"region\" aria-labelledby=\"elementor-tab-title-1891\"><p>\u00a0<\/p><p>Mind az NTi Modell 1, mind az NTi Modell 2 belt\u00e9ri haszn\u00e1latra k\u00e9sz\u00fclt.<br \/>Ez azt jelenti, hogy mindk\u00e9t modellnek meg kell felelnie a belt\u00e9ri haszn\u00e1latra vonatkoz\u00f3 szigor\u00fa norm\u00e1knak \u00e9s biztons\u00e1gi el\u0151\u00edr\u00e1soknak (EN 469 X1 Y2 \u00e9s Z2 teljes\u00edtm\u00e9nyszintek).<br \/>Ezzel szemben az NTi Allrounder \u00e9s az NTi Multiflex m\u0171szaki ment\u00e9si m\u0171veletekre, valamint erd\u0151- \u00e9s veget\u00e1ci\u00f3t\u0171zzel kapcsolatos m\u0171veletekre k\u00e9sz\u00fcltek, \u00e9s nem alkalmasak belt\u00e9ri t\u0171zolt\u00e1sra.<br \/>Az NTi 2-es modell az 1-es modellt\u0151l olyan r\u00e9szletekben k\u00fcl\u00f6nb\u00f6zik, mint a mos\u00e1s\u00e1ll\u00f3bb k\u00fcls\u0151 anyag, a szegment\u00e1lt f\u00e9nyvisszaver\u0151 cs\u00edkoz\u00e1s, az RFID\/NFC kett\u0151s chip \u00e9s a tov\u00e1bbi lumineszcens f\u00e9nyvisszaver\u0151 cs\u00edkoz\u00e1s<em>. <\/em><\/p><\/div>\n\t\t\t\t<\/div>\n\t\t\t\t\t\t\t<div class=\"elementor-toggle-item\">\n\t\t\t\t\t<div id=\"elementor-tab-title-1892\" class=\"elementor-tab-title\" data-tab=\"2\" role=\"button\" aria-controls=\"elementor-tab-content-1892\" aria-expanded=\"false\">\n\t\t\t\t\t\t\t\t\t\t\t\t<span class=\"elementor-toggle-icon elementor-toggle-icon-right\" aria-hidden=\"true\">\n\t\t\t\t\t\t\t\t\t\t\t\t\t\t\t<span class=\"elementor-toggle-icon-closed\"><i class=\"fas fa-chevron-down\"><\/i><\/span>\n\t\t\t\t\t\t\t\t<span class=\"elementor-toggle-icon-opened\"><i class=\"elementor-toggle-icon-opened fas fa-chevron-up\"><\/i><\/span>\n\t\t\t\t\t\t\t\t\t\t\t\t\t<\/span>\n\t\t\t\t\t\t\t\t\t\t\t\t<a class=\"elementor-toggle-title\" tabindex=\"0\">Hogyan v\u00e1s\u00e1rolhatom meg az NTi Model 1-et?<\/a>\n\t\t\t\t\t<\/div>\n\n\t\t\t\t\t<div id=\"elementor-tab-content-1892\" class=\"elementor-tab-content elementor-clearfix\" data-tab=\"2\" role=\"region\" aria-labelledby=\"elementor-tab-title-1892\"><p>NTi modelljeinket kiz\u00e1r\u00f3lag a bevet\u00e9si \u00e9s v\u00e9d\u0151ruh\u00e1zatra szakosodott keresked\u0151ink forgalmazz\u00e1k.<br \/>Sz\u00edvesen felvessz\u00fck \u00d6nnel a kapcsolatot a legk\u00f6zelebbi keresked\u0151vel az aj\u00e1nlatk\u00e9r\u0151 \u0171rlapunk seg\u00edts\u00e9g\u00e9vel. <a href=\"https:\/\/nti-feuerwehrbekleidung.de\/hu\/?page_id=3649\">Ha b\u00e1rmilyen m\u00e1s k\u00e9rd\u00e9se van, itt is kapcsolatba l\u00e9phet vel\u00fcnk.<\/a><\/p><\/div>\n\t\t\t\t<\/div>\n\t\t\t\t\t\t\t<div class=\"elementor-toggle-item\">\n\t\t\t\t\t<div id=\"elementor-tab-title-1893\" class=\"elementor-tab-title\" data-tab=\"3\" role=\"button\" aria-controls=\"elementor-tab-content-1893\" aria-expanded=\"false\">\n\t\t\t\t\t\t\t\t\t\t\t\t<span class=\"elementor-toggle-icon elementor-toggle-icon-right\" aria-hidden=\"true\">\n\t\t\t\t\t\t\t\t\t\t\t\t\t\t\t<span class=\"elementor-toggle-icon-closed\"><i class=\"fas fa-chevron-down\"><\/i><\/span>\n\t\t\t\t\t\t\t\t<span class=\"elementor-toggle-icon-opened\"><i class=\"elementor-toggle-icon-opened fas fa-chevron-up\"><\/i><\/span>\n\t\t\t\t\t\t\t\t\t\t\t\t\t<\/span>\n\t\t\t\t\t\t\t\t\t\t\t\t<a class=\"elementor-toggle-title\" tabindex=\"0\">Milyen gyorsan sz\u00e1ll\u00edthat\u00f3k az NTi modellek?<\/a>\n\t\t\t\t\t<\/div>\n\n\t\t\t\t\t<div id=\"elementor-tab-content-1893\" class=\"elementor-tab-content elementor-clearfix\" data-tab=\"3\" role=\"region\" aria-labelledby=\"elementor-tab-title-1893\"><p>Sz\u00e1munkra a pr\u00e9mium v\u00e9d\u0151ruh\u00e1zat egyben pr\u00e9mium el\u00e9rhet\u0151s\u00e9get is jelent, azaz igyeksz\u00fcnk a lehet\u0151 legnagyobb m\u00e9rt\u00e9kben rakt\u00e1rk\u00e9szletr\u0151l sz\u00e1ll\u00edtani a szabv\u00e1nym\u00e9reteket.<br \/>A szem\u00e9lyre szabott term\u00e9kek nem tartoznak e szab\u00e1ly hat\u00e1lya al\u00e1, mivel azokat megrendel\u00e9sre kell gy\u00e1rtani.<\/p><\/div>\n\t\t\t\t<\/div>\n\t\t\t\t\t\t\t\t<\/div>\n\t\t\t\t\t\t<\/div>\n\t\t\t\t<\/div>\n\t\t\t\t<div class=\"elementor-element elementor-element-916549e elementor-absolute elementor-hidden-mobile elementor-view-default elementor-widget elementor-widget-icon\" data-id=\"916549e\" data-element_type=\"widget\" data-e-type=\"widget\" data-settings=\"{&quot;_position&quot;:&quot;absolute&quot;}\" data-widget_type=\"icon.default\">\n\t\t\t\t<div class=\"elementor-widget-container\">\n\t\t\t\t\t\t\t<div class=\"elementor-icon-wrapper\">\n\t\t\t<div class=\"elementor-icon\">\n\t\t\t<i aria-hidden=\"true\" class=\"fas fa-question\"><\/i>\t\t\t<\/div>\n\t\t<\/div>\n\t\t\t\t\t\t<\/div>\n\t\t\t\t<\/div>\n\t\t\t\t\t<\/div>\n\t\t<\/div>\n\t\t\t\t\t<\/div>\n\t\t<\/section>\n\t\t\t\t<section class=\"elementor-section elementor-top-section elementor-element elementor-element-08b13fa elementor-section-full_width elementor-section-height-default elementor-section-height-default\" data-id=\"08b13fa\" data-element_type=\"section\" data-e-type=\"section\" data-settings=\"{&quot;jet_parallax_layout_list&quot;:[]}\">\n\t\t\t\t\t\t<div class=\"elementor-container elementor-column-gap-default\">\n\t\t\t\t\t<div class=\"elementor-column elementor-col-50 elementor-top-column elementor-element elementor-element-f9cdeca\" data-id=\"f9cdeca\" data-element_type=\"column\" data-e-type=\"column\">\n\t\t\t<div class=\"elementor-widget-wrap elementor-element-populated\">\n\t\t\t\t\t\t<div class=\"elementor-element elementor-element-4a4b077 elementor-widget elementor-widget-heading\" data-id=\"4a4b077\" data-element_type=\"widget\" data-e-type=\"widget\" data-widget_type=\"heading.default\">\n\t\t\t\t<div class=\"elementor-widget-container\">\n\t\t\t\t\t<h2 class=\"elementor-heading-title elementor-size-default\">NTi a Novotex-Isomat-t\u00f3l - t\u0171zolt\u00f3 ruh\u00e1zat tapasztalattal<\/h2>\t\t\t\t<\/div>\n\t\t\t\t<\/div>\n\t\t\t\t<div class=\"elementor-element elementor-element-39a32f1 elementor-widget elementor-widget-text-editor\" data-id=\"39a32f1\" data-element_type=\"widget\" data-e-type=\"widget\" data-widget_type=\"text-editor.default\">\n\t\t\t\t<div class=\"elementor-widget-container\">\n\t\t\t\t\t\t\t\t\t<p>Az NTi a Novotex-Isomat m\u00e1rk\u00e1ja a sauerlandi Marsbergb\u0151l. Itt \u00e9vtizedek \u00f3ta kiv\u00e1l\u00f3 min\u0151s\u00e9g\u0171 v\u00e9d\u0151felszerel\u00e9seket \u00e9s egyenruh\u00e1kat gy\u00e1rtanak a t\u0171zolt\u00f3s\u00e1gok sz\u00e1m\u00e1ra. Legyen sz\u00f3 ifj\u00fas\u00e1gi t\u0171zolt\u00f3kr\u00f3l vagy tapasztalt t\u0171zolt\u00f3kr\u00f3l, f\u00e9rfiakr\u00f3l vagy n\u0151kr\u0151l &#8211; minden egyes t\u0171zolt\u00f3 biztons\u00e1ga, kompromisszumok n\u00e9lk\u00fcli anyag- \u00e9s kivitelez\u00e9si min\u0151s\u00e9g, korszer\u0171 k\u00f6rnyezetv\u00e9delmi szabv\u00e1nyok \u00e9s a legjobb \u00fcgyf\u00e9lszolg\u00e1lat ir\u00e1nt elk\u00f6telezettek vagyunk minden egyes term\u00e9k fejleszt\u00e9se \u00e9s gy\u00e1rt\u00e1sa sor\u00e1n. N\u00e1lunk mindig tal\u00e1l egy szem\u00e9lyes kapcsolattart\u00f3t minden probl\u00e9m\u00e1j\u00e1val \u00e9s k\u00e9rd\u00e9s\u00e9vel kapcsolatban. Forduljon hozz\u00e1nk bizalommal, \u00e9s besz\u00e9ljen vel\u00fcnk arr\u00f3l, hogy mit tehet\u00fcnk az \u00d6n \u00e9rdek\u00e9ben!<\/p>\t\t\t\t\t\t\t\t<\/div>\n\t\t\t\t<\/div>\n\t\t\t\t<div class=\"elementor-element elementor-element-b0cf238 elementor-mobile-align-justify elementor-widget elementor-widget-button\" data-id=\"b0cf238\" data-element_type=\"widget\" data-e-type=\"widget\" data-widget_type=\"button.default\">\n\t\t\t\t<div class=\"elementor-widget-container\">\n\t\t\t\t\t\t\t\t\t<div class=\"elementor-button-wrapper\">\n\t\t\t\t\t<a class=\"elementor-button elementor-button-link elementor-size-sm\" href=\"https:\/\/nti-feuerwehrbekleidung.de\/hu\/kapcsolatfelvetel\/\">\n\t\t\t\t\t\t<span class=\"elementor-button-content-wrapper\">\n\t\t\t\t\t\t\t\t\t<span class=\"elementor-button-text\">A kapcsolattart\u00f3hoz<\/span>\n\t\t\t\t\t<\/span>\n\t\t\t\t\t<\/a>\n\t\t\t\t<\/div>\n\t\t\t\t\t\t\t\t<\/div>\n\t\t\t\t<\/div>\n\t\t\t\t\t<\/div>\n\t\t<\/div>\n\t\t\t\t<div class=\"elementor-column elementor-col-50 elementor-top-column elementor-element elementor-element-14c8cab\" data-id=\"14c8cab\" data-element_type=\"column\" data-e-type=\"column\">\n\t\t\t<div class=\"elementor-widget-wrap elementor-element-populated\">\n\t\t\t\t\t\t<div class=\"elementor-element elementor-element-ddcea5e elementor-widget elementor-widget-image\" data-id=\"ddcea5e\" data-element_type=\"widget\" data-e-type=\"widget\" data-widget_type=\"image.default\">\n\t\t\t\t<div class=\"elementor-widget-container\">\n\t\t\t\t\t\t\t\t\t\t\t\t\t\t\t<img loading=\"lazy\" decoding=\"async\" width=\"2560\" height=\"1919\" src=\"https:\/\/nti-feuerwehrbekleidung.de\/wp-content\/uploads\/2024\/09\/sabrinity_novotex27-scaled.jpg\" class=\"attachment-full size-full wp-image-3771\" alt=\"\" srcset=\"https:\/\/nti-feuerwehrbekleidung.de\/wp-content\/uploads\/2024\/09\/sabrinity_novotex27-scaled.jpg 2560w, https:\/\/nti-feuerwehrbekleidung.de\/wp-content\/uploads\/2024\/09\/sabrinity_novotex27-300x225.jpg 300w, https:\/\/nti-feuerwehrbekleidung.de\/wp-content\/uploads\/2024\/09\/sabrinity_novotex27-1024x768.jpg 1024w, https:\/\/nti-feuerwehrbekleidung.de\/wp-content\/uploads\/2024\/09\/sabrinity_novotex27-768x576.jpg 768w, https:\/\/nti-feuerwehrbekleidung.de\/wp-content\/uploads\/2024\/09\/sabrinity_novotex27-1536x1152.jpg 1536w, https:\/\/nti-feuerwehrbekleidung.de\/wp-content\/uploads\/2024\/09\/sabrinity_novotex27-2048x1535.jpg 2048w\" sizes=\"(max-width: 2560px) 100vw, 2560px\" \/>\t\t\t\t\t\t\t\t\t\t\t\t\t\t\t<\/div>\n\t\t\t\t<\/div>\n\t\t\t\t<div class=\"elementor-element elementor-element-6aedbf4 elementor-widget elementor-widget-image\" data-id=\"6aedbf4\" data-element_type=\"widget\" data-e-type=\"widget\" data-widget_type=\"image.default\">\n\t\t\t\t<div class=\"elementor-widget-container\">\n\t\t\t\t\t\t\t\t\t\t\t\t\t\t\t<img loading=\"lazy\" decoding=\"async\" width=\"1280\" height=\"720\" src=\"https:\/\/nti-feuerwehrbekleidung.de\/wp-content\/uploads\/2023\/10\/nti-feuerwehrbekleidung-luftaufnahme.jpg\" class=\"attachment-full size-full wp-image-3757\" alt=\"\" srcset=\"https:\/\/nti-feuerwehrbekleidung.de\/wp-content\/uploads\/2023\/10\/nti-feuerwehrbekleidung-luftaufnahme.jpg 1280w, https:\/\/nti-feuerwehrbekleidung.de\/wp-content\/uploads\/2023\/10\/nti-feuerwehrbekleidung-luftaufnahme-300x169.jpg 300w, https:\/\/nti-feuerwehrbekleidung.de\/wp-content\/uploads\/2023\/10\/nti-feuerwehrbekleidung-luftaufnahme-1024x576.jpg 1024w, https:\/\/nti-feuerwehrbekleidung.de\/wp-content\/uploads\/2023\/10\/nti-feuerwehrbekleidung-luftaufnahme-768x432.jpg 768w\" sizes=\"(max-width: 1280px) 100vw, 1280px\" \/>\t\t\t\t\t\t\t\t\t\t\t\t\t\t\t<\/div>\n\t\t\t\t<\/div>\n\t\t\t\t<div class=\"elementor-element elementor-element-1f69d95 elementor-widget elementor-widget-image\" data-id=\"1f69d95\" data-element_type=\"widget\" data-e-type=\"widget\" data-widget_type=\"image.default\">\n\t\t\t\t<div class=\"elementor-widget-container\">\n\t\t\t\t\t\t\t\t\t\t\t\t\t\t\t<img loading=\"lazy\" decoding=\"async\" width=\"2560\" height=\"1707\" src=\"https:\/\/nti-feuerwehrbekleidung.de\/wp-content\/uploads\/2024\/09\/sabrinity_novotex10-scaled.jpg\" class=\"attachment-full size-full wp-image-3772\" alt=\"\" srcset=\"https:\/\/nti-feuerwehrbekleidung.de\/wp-content\/uploads\/2024\/09\/sabrinity_novotex10-scaled.jpg 2560w, https:\/\/nti-feuerwehrbekleidung.de\/wp-content\/uploads\/2024\/09\/sabrinity_novotex10-300x200.jpg 300w, https:\/\/nti-feuerwehrbekleidung.de\/wp-content\/uploads\/2024\/09\/sabrinity_novotex10-1024x683.jpg 1024w, https:\/\/nti-feuerwehrbekleidung.de\/wp-content\/uploads\/2024\/09\/sabrinity_novotex10-768x512.jpg 768w, https:\/\/nti-feuerwehrbekleidung.de\/wp-content\/uploads\/2024\/09\/sabrinity_novotex10-1536x1024.jpg 1536w, https:\/\/nti-feuerwehrbekleidung.de\/wp-content\/uploads\/2024\/09\/sabrinity_novotex10-2048x1365.jpg 2048w\" sizes=\"(max-width: 2560px) 100vw, 2560px\" \/>\t\t\t\t\t\t\t\t\t\t\t\t\t\t\t<\/div>\n\t\t\t\t<\/div>\n\t\t\t\t\t<\/div>\n\t\t<\/div>\n\t\t\t\t\t<\/div>\n\t\t<\/section>\n\t\t\t\t<\/div>\n\t\t","protected":false},"excerpt":{"rendered":"<p>NTi MODELL 1 Az eredeti belt\u00e9ri haszn\u00e1latra EN 469\/2 \u00e9s HuPF tan\u00fas\u00edtv\u00e1ny (belt\u00e9ri t\u0171zolt\u00e1sra) GE ePTFE membr\u00e1n &#8211; szuper l\u00e9g\u00e1tereszt\u0151, ugyanakkor v\u00edrus- \u00e9s bakt\u00e9rium\u00e1ll\u00f3 Thermo-Man\u00ae tesztelt &#8211; 0% \u00e9g\u00e9si s\u00e9r\u00fcl\u00e9s m\u00e9g 40 mos\u00e1s ut\u00e1n is Tudjon meg t\u00f6bbet Pr\u00e9mium sz\u00e1ll\u00edt\u00e1si k\u00e9pess\u00e9g Tapasztalja meg az NTi Model 1-t az anim\u00e1ci\u00f3 vil\u00e1g\u00e1ban! NTi Model 1 &#8211; az [&hellip;]<\/p>\n","protected":false},"author":1,"featured_media":3720,"parent":0,"menu_order":0,"comment_status":"closed","ping_status":"closed","template":"","meta":{"_jet_sm_ready_style":"","_jet_sm_style":"","_jet_sm_controls_values":"","_jet_sm_fonts_collection":"","_jet_sm_fonts_links":"","footnotes":"","_wp_rev_ctl_limit":""},"class_list":["post-3719","page","type-page","status-publish","has-post-thumbnail","hentry"],"yoast_head":"<!-- This site is optimized with the Yoast SEO plugin v27.4 - https:\/\/yoast.com\/product\/yoast-seo-wordpress\/ -->\n<title>NTI\u00ae Modell 1 - T\u0171zv\u00e9delmi ruh\u00e1zat belt\u00e9ri t\u00e1mad\u00e1sokhoz<\/title>\n<meta name=\"description\" content=\"A t\u0171zv\u00e9delmi ruh\u00e1zat fejl\u0151d\u00e9se: Az NTi\u00ae Model 1 egyes\u00edti a bels\u0151 t\u00e1mad\u00e1sok elleni magas szint\u0171 v\u00e9delmet a k\u00e9nyelemmel \u00e9s a mozg\u00e1sszabads\u00e1ggal.\" \/>\n<meta name=\"robots\" content=\"index, follow, max-snippet:-1, max-image-preview:large, max-video-preview:-1\" \/>\n<link rel=\"canonical\" href=\"https:\/\/nti-feuerwehrbekleidung.de\/hu\/nti-1-modell\/\" \/>\n<meta property=\"og:locale\" content=\"hu_HU\" \/>\n<meta property=\"og:type\" content=\"article\" \/>\n<meta property=\"og:title\" content=\"NTI\u00ae Modell 1 - T\u0171zv\u00e9delmi ruh\u00e1zat belt\u00e9ri t\u00e1mad\u00e1sokhoz\" \/>\n<meta property=\"og:description\" content=\"A t\u0171zv\u00e9delmi ruh\u00e1zat fejl\u0151d\u00e9se: Az NTi\u00ae Model 1 egyes\u00edti a bels\u0151 t\u00e1mad\u00e1sok elleni magas szint\u0171 v\u00e9delmet a k\u00e9nyelemmel \u00e9s a mozg\u00e1sszabads\u00e1ggal.\" \/>\n<meta property=\"og:url\" content=\"https:\/\/nti-feuerwehrbekleidung.de\/hu\/nti-1-modell\/\" \/>\n<meta property=\"og:site_name\" content=\"NTI-Feuerwehrbekleidung\" \/>\n<meta property=\"article:modified_time\" content=\"2025-07-09T11:05:17+00:00\" \/>\n<meta property=\"og:image\" content=\"https:\/\/nti-feuerwehrbekleidung.de\/wp-content\/uploads\/2023\/10\/nti-feuerwehrbekleidung-nti-modell1-heroscene.jpg\" \/>\n\t<meta property=\"og:image:width\" content=\"904\" \/>\n\t<meta property=\"og:image:height\" content=\"900\" \/>\n\t<meta property=\"og:image:type\" content=\"image\/jpeg\" \/>\n<meta name=\"twitter:card\" content=\"summary_large_image\" \/>\n<meta name=\"twitter:label1\" content=\"Becs\u00fclt olvas\u00e1si id\u0151\" \/>\n\t<meta name=\"twitter:data1\" content=\"10 perc\" \/>\n<script type=\"application\/ld+json\" class=\"yoast-schema-graph\">{\"@context\":\"https:\\\/\\\/schema.org\",\"@graph\":[{\"@type\":\"WebPage\",\"@id\":\"https:\\\/\\\/nti-feuerwehrbekleidung.de\\\/hu\\\/nti-1-modell\\\/\",\"url\":\"https:\\\/\\\/nti-feuerwehrbekleidung.de\\\/hu\\\/nti-1-modell\\\/\",\"name\":\"NTI\u00ae Modell 1 - T\u0171zv\u00e9delmi ruh\u00e1zat belt\u00e9ri t\u00e1mad\u00e1sokhoz\",\"isPartOf\":{\"@id\":\"https:\\\/\\\/nti-feuerwehrbekleidung.de\\\/hu\\\/#website\"},\"primaryImageOfPage\":{\"@id\":\"https:\\\/\\\/nti-feuerwehrbekleidung.de\\\/hu\\\/nti-1-modell\\\/#primaryimage\"},\"image\":{\"@id\":\"https:\\\/\\\/nti-feuerwehrbekleidung.de\\\/hu\\\/nti-1-modell\\\/#primaryimage\"},\"thumbnailUrl\":\"https:\\\/\\\/nti-feuerwehrbekleidung.de\\\/wp-content\\\/uploads\\\/2023\\\/10\\\/nti-feuerwehrbekleidung-nti-modell1-heroscene.jpg\",\"datePublished\":\"2023-10-25T16:28:01+00:00\",\"dateModified\":\"2025-07-09T11:05:17+00:00\",\"description\":\"A t\u0171zv\u00e9delmi ruh\u00e1zat fejl\u0151d\u00e9se: Az NTi\u00ae Model 1 egyes\u00edti a bels\u0151 t\u00e1mad\u00e1sok elleni magas szint\u0171 v\u00e9delmet a k\u00e9nyelemmel \u00e9s a mozg\u00e1sszabads\u00e1ggal.\",\"breadcrumb\":{\"@id\":\"https:\\\/\\\/nti-feuerwehrbekleidung.de\\\/hu\\\/nti-1-modell\\\/#breadcrumb\"},\"inLanguage\":\"hu\",\"potentialAction\":[{\"@type\":\"ReadAction\",\"target\":[\"https:\\\/\\\/nti-feuerwehrbekleidung.de\\\/hu\\\/nti-1-modell\\\/\"]}]},{\"@type\":\"ImageObject\",\"inLanguage\":\"hu\",\"@id\":\"https:\\\/\\\/nti-feuerwehrbekleidung.de\\\/hu\\\/nti-1-modell\\\/#primaryimage\",\"url\":\"https:\\\/\\\/nti-feuerwehrbekleidung.de\\\/wp-content\\\/uploads\\\/2023\\\/10\\\/nti-feuerwehrbekleidung-nti-modell1-heroscene.jpg\",\"contentUrl\":\"https:\\\/\\\/nti-feuerwehrbekleidung.de\\\/wp-content\\\/uploads\\\/2023\\\/10\\\/nti-feuerwehrbekleidung-nti-modell1-heroscene.jpg\",\"width\":904,\"height\":900},{\"@type\":\"BreadcrumbList\",\"@id\":\"https:\\\/\\\/nti-feuerwehrbekleidung.de\\\/hu\\\/nti-1-modell\\\/#breadcrumb\",\"itemListElement\":[{\"@type\":\"ListItem\",\"position\":1,\"name\":\"Startseite\",\"item\":\"https:\\\/\\\/nti-feuerwehrbekleidung.de\\\/hu\\\/kezdolap\\\/\"},{\"@type\":\"ListItem\",\"position\":2,\"name\":\"NTi Modell 1\"}]},{\"@type\":\"WebSite\",\"@id\":\"https:\\\/\\\/nti-feuerwehrbekleidung.de\\\/hu\\\/#website\",\"url\":\"https:\\\/\\\/nti-feuerwehrbekleidung.de\\\/hu\\\/\",\"name\":\"NTI-Feuerwehrbekleidung\",\"description\":\"Die premium Feuerwehrbekleidung\",\"publisher\":{\"@id\":\"https:\\\/\\\/nti-feuerwehrbekleidung.de\\\/hu\\\/#organization\"},\"potentialAction\":[{\"@type\":\"SearchAction\",\"target\":{\"@type\":\"EntryPoint\",\"urlTemplate\":\"https:\\\/\\\/nti-feuerwehrbekleidung.de\\\/hu\\\/?s={search_term_string}\"},\"query-input\":{\"@type\":\"PropertyValueSpecification\",\"valueRequired\":true,\"valueName\":\"search_term_string\"}}],\"inLanguage\":\"hu\"},{\"@type\":\"Organization\",\"@id\":\"https:\\\/\\\/nti-feuerwehrbekleidung.de\\\/hu\\\/#organization\",\"name\":\"NTI-Feuerwehrbekleidung\",\"url\":\"https:\\\/\\\/nti-feuerwehrbekleidung.de\\\/hu\\\/\",\"logo\":{\"@type\":\"ImageObject\",\"inLanguage\":\"hu\",\"@id\":\"https:\\\/\\\/nti-feuerwehrbekleidung.de\\\/hu\\\/#\\\/schema\\\/logo\\\/image\\\/\",\"url\":\"https:\\\/\\\/nti-feuerwehrbekleidung.de\\\/wp-content\\\/uploads\\\/2023\\\/07\\\/Logo_Novotex-Isomat.png\",\"contentUrl\":\"https:\\\/\\\/nti-feuerwehrbekleidung.de\\\/wp-content\\\/uploads\\\/2023\\\/07\\\/Logo_Novotex-Isomat.png\",\"width\":885,\"height\":885,\"caption\":\"NTI-Feuerwehrbekleidung\"},\"image\":{\"@id\":\"https:\\\/\\\/nti-feuerwehrbekleidung.de\\\/hu\\\/#\\\/schema\\\/logo\\\/image\\\/\"}}]}<\/script>\n<!-- \/ Yoast SEO plugin. -->","yoast_head_json":{"title":"NTI\u00ae Modell 1 - T\u0171zv\u00e9delmi ruh\u00e1zat belt\u00e9ri t\u00e1mad\u00e1sokhoz","description":"A t\u0171zv\u00e9delmi ruh\u00e1zat fejl\u0151d\u00e9se: Az NTi\u00ae Model 1 egyes\u00edti a bels\u0151 t\u00e1mad\u00e1sok elleni magas szint\u0171 v\u00e9delmet a k\u00e9nyelemmel \u00e9s a mozg\u00e1sszabads\u00e1ggal.","robots":{"index":"index","follow":"follow","max-snippet":"max-snippet:-1","max-image-preview":"max-image-preview:large","max-video-preview":"max-video-preview:-1"},"canonical":"https:\/\/nti-feuerwehrbekleidung.de\/hu\/nti-1-modell\/","og_locale":"hu_HU","og_type":"article","og_title":"NTI\u00ae Modell 1 - T\u0171zv\u00e9delmi ruh\u00e1zat belt\u00e9ri t\u00e1mad\u00e1sokhoz","og_description":"A t\u0171zv\u00e9delmi ruh\u00e1zat fejl\u0151d\u00e9se: Az NTi\u00ae Model 1 egyes\u00edti a bels\u0151 t\u00e1mad\u00e1sok elleni magas szint\u0171 v\u00e9delmet a k\u00e9nyelemmel \u00e9s a mozg\u00e1sszabads\u00e1ggal.","og_url":"https:\/\/nti-feuerwehrbekleidung.de\/hu\/nti-1-modell\/","og_site_name":"NTI-Feuerwehrbekleidung","article_modified_time":"2025-07-09T11:05:17+00:00","og_image":[{"width":904,"height":900,"url":"https:\/\/nti-feuerwehrbekleidung.de\/wp-content\/uploads\/2023\/10\/nti-feuerwehrbekleidung-nti-modell1-heroscene.jpg","type":"image\/jpeg"}],"twitter_card":"summary_large_image","twitter_misc":{"Becs\u00fclt olvas\u00e1si id\u0151":"10 perc"},"schema":{"@context":"https:\/\/schema.org","@graph":[{"@type":"WebPage","@id":"https:\/\/nti-feuerwehrbekleidung.de\/hu\/nti-1-modell\/","url":"https:\/\/nti-feuerwehrbekleidung.de\/hu\/nti-1-modell\/","name":"NTI\u00ae Modell 1 - T\u0171zv\u00e9delmi ruh\u00e1zat belt\u00e9ri t\u00e1mad\u00e1sokhoz","isPartOf":{"@id":"https:\/\/nti-feuerwehrbekleidung.de\/hu\/#website"},"primaryImageOfPage":{"@id":"https:\/\/nti-feuerwehrbekleidung.de\/hu\/nti-1-modell\/#primaryimage"},"image":{"@id":"https:\/\/nti-feuerwehrbekleidung.de\/hu\/nti-1-modell\/#primaryimage"},"thumbnailUrl":"https:\/\/nti-feuerwehrbekleidung.de\/wp-content\/uploads\/2023\/10\/nti-feuerwehrbekleidung-nti-modell1-heroscene.jpg","datePublished":"2023-10-25T16:28:01+00:00","dateModified":"2025-07-09T11:05:17+00:00","description":"A t\u0171zv\u00e9delmi ruh\u00e1zat fejl\u0151d\u00e9se: Az NTi\u00ae Model 1 egyes\u00edti a bels\u0151 t\u00e1mad\u00e1sok elleni magas szint\u0171 v\u00e9delmet a k\u00e9nyelemmel \u00e9s a mozg\u00e1sszabads\u00e1ggal.","breadcrumb":{"@id":"https:\/\/nti-feuerwehrbekleidung.de\/hu\/nti-1-modell\/#breadcrumb"},"inLanguage":"hu","potentialAction":[{"@type":"ReadAction","target":["https:\/\/nti-feuerwehrbekleidung.de\/hu\/nti-1-modell\/"]}]},{"@type":"ImageObject","inLanguage":"hu","@id":"https:\/\/nti-feuerwehrbekleidung.de\/hu\/nti-1-modell\/#primaryimage","url":"https:\/\/nti-feuerwehrbekleidung.de\/wp-content\/uploads\/2023\/10\/nti-feuerwehrbekleidung-nti-modell1-heroscene.jpg","contentUrl":"https:\/\/nti-feuerwehrbekleidung.de\/wp-content\/uploads\/2023\/10\/nti-feuerwehrbekleidung-nti-modell1-heroscene.jpg","width":904,"height":900},{"@type":"BreadcrumbList","@id":"https:\/\/nti-feuerwehrbekleidung.de\/hu\/nti-1-modell\/#breadcrumb","itemListElement":[{"@type":"ListItem","position":1,"name":"Startseite","item":"https:\/\/nti-feuerwehrbekleidung.de\/hu\/kezdolap\/"},{"@type":"ListItem","position":2,"name":"NTi Modell 1"}]},{"@type":"WebSite","@id":"https:\/\/nti-feuerwehrbekleidung.de\/hu\/#website","url":"https:\/\/nti-feuerwehrbekleidung.de\/hu\/","name":"NTI-Feuerwehrbekleidung","description":"Die premium Feuerwehrbekleidung","publisher":{"@id":"https:\/\/nti-feuerwehrbekleidung.de\/hu\/#organization"},"potentialAction":[{"@type":"SearchAction","target":{"@type":"EntryPoint","urlTemplate":"https:\/\/nti-feuerwehrbekleidung.de\/hu\/?s={search_term_string}"},"query-input":{"@type":"PropertyValueSpecification","valueRequired":true,"valueName":"search_term_string"}}],"inLanguage":"hu"},{"@type":"Organization","@id":"https:\/\/nti-feuerwehrbekleidung.de\/hu\/#organization","name":"NTI-Feuerwehrbekleidung","url":"https:\/\/nti-feuerwehrbekleidung.de\/hu\/","logo":{"@type":"ImageObject","inLanguage":"hu","@id":"https:\/\/nti-feuerwehrbekleidung.de\/hu\/#\/schema\/logo\/image\/","url":"https:\/\/nti-feuerwehrbekleidung.de\/wp-content\/uploads\/2023\/07\/Logo_Novotex-Isomat.png","contentUrl":"https:\/\/nti-feuerwehrbekleidung.de\/wp-content\/uploads\/2023\/07\/Logo_Novotex-Isomat.png","width":885,"height":885,"caption":"NTI-Feuerwehrbekleidung"},"image":{"@id":"https:\/\/nti-feuerwehrbekleidung.de\/hu\/#\/schema\/logo\/image\/"}}]}},"_links":{"self":[{"href":"https:\/\/nti-feuerwehrbekleidung.de\/hu\/wp-json\/wp\/v2\/pages\/3719","targetHints":{"allow":["GET"]}}],"collection":[{"href":"https:\/\/nti-feuerwehrbekleidung.de\/hu\/wp-json\/wp\/v2\/pages"}],"about":[{"href":"https:\/\/nti-feuerwehrbekleidung.de\/hu\/wp-json\/wp\/v2\/types\/page"}],"author":[{"embeddable":true,"href":"https:\/\/nti-feuerwehrbekleidung.de\/hu\/wp-json\/wp\/v2\/users\/1"}],"replies":[{"embeddable":true,"href":"https:\/\/nti-feuerwehrbekleidung.de\/hu\/wp-json\/wp\/v2\/comments?post=3719"}],"version-history":[{"count":0,"href":"https:\/\/nti-feuerwehrbekleidung.de\/hu\/wp-json\/wp\/v2\/pages\/3719\/revisions"}],"wp:featuredmedia":[{"embeddable":true,"href":"https:\/\/nti-feuerwehrbekleidung.de\/hu\/wp-json\/wp\/v2\/media\/3720"}],"wp:attachment":[{"href":"https:\/\/nti-feuerwehrbekleidung.de\/hu\/wp-json\/wp\/v2\/media?parent=3719"}],"curies":[{"name":"wp","href":"https:\/\/api.w.org\/{rel}","templated":true}]}}